{"id":3518,"date":"2024-06-03T11:46:29","date_gmt":"2024-06-03T11:46:29","guid":{"rendered":"https:\/\/construccionsmodulars.es\/?post_type=avada_portfolio&#038;p=3518"},"modified":"2026-01-19T19:24:39","modified_gmt":"2026-01-19T19:24:39","slug":"casa-modular-cambrils","status":"publish","type":"avada_portfolio","link":"https:\/\/construccionsmodulars.es\/ca\/projects\/casa-modular-cambrils\/","title":{"rendered":"Casa ModulAr &#8211; Cambrils"},"content":{"rendered":"<p><div class=\"fusion-fullwidth fullwidth-box fusion-builder-row-1 fusion-flex-container fusion-parallax-none nonhundred-percent-fullwidth non-hundred-percent-height-scrolling lazyload\" style=\"--awb-border-radius-top-left:0px;--awb-border-radius-top-right:0px;--awb-border-radius-bottom-right:0px;--awb-border-radius-bottom-left:0px;--awb-padding-top:45px;--awb-background-color:var(--awb-color2);--awb-background-size:cover;--awb-flex-wrap:wrap;\" data-bg=\"https:\/\/construccionsmodulars.es\/wp-content\/uploads\/2017\/11\/bg4.jpg\" ><div class=\"fusion-builder-row fusion-row fusion-flex-align-items-flex-start fusion-flex-justify-content-center fusion-flex-content-wrap\" style=\"max-width:calc( 1180px + 0px );margin-left: calc(-0px \/ 2 );margin-right: calc(-0px \/ 2 );\"><div class=\"fusion-layout-column fusion_builder_column fusion-builder-column-0 fusion_builder_column_2_3 2_3 fusion-flex-column fusion-animated\" style=\"--awb-bg-blend:overlay;--awb-bg-size:cover;--awb-width-large:66.666666666667%;--awb-margin-top-large:85px;--awb-spacing-right-large:0px;--awb-margin-bottom-large:60px;--awb-spacing-left-large:0px;--awb-width-medium:100%;--awb-spacing-right-medium:0px;--awb-spacing-left-medium:0px;--awb-width-small:100%;--awb-spacing-right-small:0px;--awb-spacing-left-small:0px;\" data-animationType=\"zoomIn\" data-animationDuration=\"0.9\" data-animationOffset=\"top-into-view\"><div class=\"fusion-column-wrapper fusion-flex-justify-content-flex-start fusion-content-layout-column\"><div class=\"fusion-title title fusion-title-1 fusion-sep-none fusion-title-center fusion-title-text fusion-title-size-three\" style=\"--awb-text-color:var(--awb-color4);--awb-margin-top-small:0px;--awb-margin-right-small:0px;--awb-margin-bottom-small:20px;--awb-margin-left-small:0px;--awb-font-size:44px;\"><h3 class=\"fusion-title-heading title-heading-center fusion-responsive-typography-calculated\" style=\"margin:0;font-size:1em;--fontSize:44;line-height:1.15;\"><span style=\"color: var(--awb-color7);\">Casa ModulAr &#8211; Cambrils<\/span><\/h3><\/div><div class=\"fusion-separator\" style=\"align-self: center;margin-left: auto;margin-right: auto;margin-top:16px;margin-bottom:36px;width:100%;max-width:24%;\"><div class=\"fusion-separator-border sep-single\" style=\"--awb-height:20px;--awb-amount:20px;--awb-sep-color:var(--awb-color4);border-color:var(--awb-color4);border-top-width:2px;\"><\/div><\/div><\/div><\/div><\/div><\/div><div class=\"fusion-fullwidth fullwidth-box fusion-builder-row-2 fusion-flex-container nonhundred-percent-fullwidth non-hundred-percent-height-scrolling\" style=\"--awb-background-repeat:repeat-x;--awb-border-radius-top-left:0px;--awb-border-radius-top-right:0px;--awb-border-radius-bottom-right:0px;--awb-border-radius-bottom-left:0px;--awb-padding-top:40px;--awb-padding-bottom:100px;--awb-padding-top-small:20px;--awb-background-color:var(--awb-color7);--awb-flex-wrap:wrap;\" ><div class=\"fusion-builder-row fusion-row fusion-flex-align-items-flex-start fusion-flex-justify-content-center fusion-flex-content-wrap\" style=\"max-width:1227.2px;margin-left: calc(-4% \/ 2 );margin-right: calc(-4% \/ 2 );\"><div class=\"fusion-layout-column fusion_builder_column fusion-builder-column-1 fusion_builder_column_1_3 1_3 fusion-flex-column\" style=\"--awb-padding-top:30px;--awb-padding-right:30px;--awb-padding-bottom:30px;--awb-padding-left:30px;--awb-bg-color:var(--awb-color8);--awb-bg-color-hover:var(--awb-color8);--awb-bg-size:cover;--awb-border-color:var(--awb-color3);--awb-border-top:0px;--awb-border-right:0px;--awb-border-bottom:0px;--awb-border-left:0px;--awb-border-style:solid;--awb-width-large:33.333333333333%;--awb-margin-top-large:0px;--awb-spacing-right-large:5.76%;--awb-margin-bottom-large:0px;--awb-spacing-left-large:5.76%;--awb-width-medium:100%;--awb-spacing-right-medium:1.92%;--awb-spacing-left-medium:1.92%;--awb-width-small:100%;--awb-spacing-right-small:1.92%;--awb-spacing-left-small:1.92%;\"><div class=\"fusion-column-wrapper fusion-flex-justify-content-flex-start fusion-content-layout-column\"><div class=\"fusion-text fusion-text-1\" style=\"--awb-text-color:var(--awb-color1);\"><p style=\"color: var(--awb-color4); font-size: 20px;\" data-fusion-font=\"true\">Casa ModulAr &#8211; Cambrils<\/p>\n<\/div><div class=\"fusion-separator fusion-full-width-sep\" style=\"align-self: center;margin-left: auto;margin-right: auto;margin-top:0px;margin-bottom:30px;width:100%;max-width:100%;\"><div class=\"fusion-separator-border sep-single sep-solid\" style=\"--awb-height:20px;--awb-amount:20px;--awb-sep-color:var(--awb-color4);border-color:var(--awb-color4);border-top-width:2px;\"><\/div><\/div><ul style=\"--awb-line-height:23.8px;--awb-icon-width:23.8px;--awb-icon-height:23.8px;--awb-icon-margin:9.8px;--awb-content-margin:33.6px;\" class=\"fusion-checklist fusion-checklist-1 fusion-checklist-default type-icons\"><li class=\"fusion-li-item\" style=\"\"><span class=\"icon-wrapper circle-no\"><i class=\"fusion-li-icon fa-map-marker-alt fas\" aria-hidden=\"true\"><\/i><\/span><div class=\"fusion-li-item-content\">\n<p style=\"color: var(--awb-color1); font-size: 16px;\" data-fusion-font=\"true\">Ubicaci\u00f3: Cambrils<\/p>\n<\/div><\/li><\/ul><ul style=\"--awb-line-height:23.8px;--awb-icon-width:23.8px;--awb-icon-height:23.8px;--awb-icon-margin:9.8px;--awb-content-margin:33.6px;\" class=\"fusion-checklist fusion-checklist-2 fusion-checklist-default type-icons\"><li class=\"fusion-li-item\" style=\"\"><span class=\"icon-wrapper circle-no\"><i class=\"fusion-li-icon fa-crop-alt fas\" aria-hidden=\"true\"><\/i><\/span><div class=\"fusion-li-item-content\">\n<p style=\"color: var(--awb-color1); font-size: 16px;\" data-fusion-font=\"true\">Superf\u00edcie: 100 m2<\/p>\n<\/div><\/li><\/ul><ul style=\"--awb-line-height:23.8px;--awb-icon-width:23.8px;--awb-icon-height:23.8px;--awb-icon-margin:9.8px;--awb-content-margin:33.6px;\" class=\"fusion-checklist fusion-checklist-3 fusion-checklist-default type-icons\"><li class=\"fusion-li-item\" style=\"\"><span class=\"icon-wrapper circle-no\"><i class=\"fusion-li-icon fa-bed fas\" aria-hidden=\"true\"><\/i><\/span><div class=\"fusion-li-item-content\">\n<p><span style=\"color: var(--awb-color1); font-size: 16px;\" data-fusion-font=\"true\">Habitacions: 4<\/span><\/p>\n<\/div><\/li><\/ul><ul style=\"--awb-line-height:23.8px;--awb-icon-width:23.8px;--awb-icon-height:23.8px;--awb-icon-margin:9.8px;--awb-content-margin:33.6px;\" class=\"fusion-checklist fusion-checklist-4 fusion-checklist-default type-icons\"><li class=\"fusion-li-item\" style=\"\"><span class=\"icon-wrapper circle-no\"><i class=\"fusion-li-icon fa-calendar-check fas\" aria-hidden=\"true\"><\/i><\/span><div class=\"fusion-li-item-content\">\n<p style=\"color: var(--awb-color1); font-size: 16px;\" data-fusion-font=\"true\">Temps d&#8217;execuci\u00f3: 3 setmanes<\/p>\n<\/div><\/li><\/ul><div class=\"fusion-separator fusion-full-width-sep\" style=\"align-self: center;margin-left: auto;margin-right: auto;margin-top:20px;width:100%;\"><\/div><\/div><\/div><div class=\"fusion-layout-column fusion_builder_column fusion-builder-column-2 fusion_builder_column_2_3 2_3 fusion-flex-column\" style=\"--awb-bg-size:cover;--awb-width-large:66.666666666667%;--awb-margin-top-large:15px;--awb-spacing-right-large:2.88%;--awb-margin-bottom-large:15px;--awb-spacing-left-large:2.88%;--awb-width-medium:100%;--awb-order-medium:0;--awb-spacing-right-medium:1.92%;--awb-spacing-left-medium:1.92%;--awb-width-small:100%;--awb-order-small:0;--awb-spacing-right-small:1.92%;--awb-spacing-left-small:1.92%;\"><div class=\"fusion-column-wrapper fusion-column-has-shadow fusion-flex-justify-content-flex-start fusion-content-layout-column\"><div class=\"fusion-image-element \" style=\"--awb-caption-title-font-family:var(--h2_typography-font-family);--awb-caption-title-font-weight:var(--h2_typography-font-weight);--awb-caption-title-font-style:var(--h2_typography-font-style);--awb-caption-title-size:var(--h2_typography-font-size);--awb-caption-title-transform:var(--h2_typography-text-transform);--awb-caption-title-line-height:var(--h2_typography-line-height);--awb-caption-title-letter-spacing:var(--h2_typography-letter-spacing);\"><span class=\" fusion-imageframe imageframe-none imageframe-1 hover-type-none\"><img decoding=\"async\" width=\"1000\" height=\"750\" title=\"construccions-modulars-cambrils_01\" src=\"https:\/\/construccionsmodulars.es\/wp-content\/uploads\/2024\/06\/construccions-modulars-cambrils_01-1.jpg\" data-orig-src=\"https:\/\/construccionsmodulars.es\/wp-content\/uploads\/2024\/06\/construccions-modulars-cambrils_01-1.jpg\" alt class=\"lazyload img-responsive wp-image-3524\" srcset=\"data:image\/svg+xml,%3Csvg%20xmlns%3D%27http%3A%2F%2Fwww.w3.org%2F2000%2Fsvg%27%20width%3D%271000%27%20height%3D%27750%27%20viewBox%3D%270%200%201000%20750%27%3E%3Crect%20width%3D%271000%27%20height%3D%27750%27%20fill-opacity%3D%220%22%2F%3E%3C%2Fsvg%3E\" data-srcset=\"https:\/\/construccionsmodulars.es\/wp-content\/uploads\/2024\/06\/construccions-modulars-cambrils_01-1-200x150.jpg 200w, https:\/\/construccionsmodulars.es\/wp-content\/uploads\/2024\/06\/construccions-modulars-cambrils_01-1-400x300.jpg 400w, https:\/\/construccionsmodulars.es\/wp-content\/uploads\/2024\/06\/construccions-modulars-cambrils_01-1-600x450.jpg 600w, https:\/\/construccionsmodulars.es\/wp-content\/uploads\/2024\/06\/construccions-modulars-cambrils_01-1-800x600.jpg 800w, https:\/\/construccionsmodulars.es\/wp-content\/uploads\/2024\/06\/construccions-modulars-cambrils_01-1.jpg 1000w\" data-sizes=\"auto\" data-orig-sizes=\"(max-width: 1000px) 100vw, (max-width: 640px) 100vw, 800px\" \/><\/span><\/div><\/div><\/div><\/div><\/div><div class=\"fusion-fullwidth fullwidth-box fusion-builder-row-3 fusion-flex-container has-pattern-background has-mask-background nonhundred-percent-fullwidth non-hundred-percent-height-scrolling\" style=\"--awb-border-radius-top-left:0px;--awb-border-radius-top-right:0px;--awb-border-radius-bottom-right:0px;--awb-border-radius-bottom-left:0px;--awb-flex-wrap:wrap;\" ><div class=\"fusion-builder-row fusion-row fusion-flex-align-items-flex-start fusion-flex-content-wrap\" style=\"max-width:1227.2px;margin-left: calc(-4% \/ 2 );margin-right: calc(-4% \/ 2 );\"><div class=\"fusion-layout-column fusion_builder_column fusion-builder-column-3 fusion_builder_column_1_1 1_1 fusion-flex-column\" style=\"--awb-bg-size:cover;--awb-width-large:100%;--awb-margin-top-large:15px;--awb-spacing-right-large:1.92%;--awb-margin-bottom-large:15px;--awb-spacing-left-large:1.92%;--awb-width-medium:100%;--awb-order-medium:0;--awb-spacing-right-medium:1.92%;--awb-spacing-left-medium:1.92%;--awb-width-small:100%;--awb-order-small:0;--awb-spacing-right-small:1.92%;--awb-spacing-left-small:1.92%;\"><div class=\"fusion-column-wrapper fusion-column-has-shadow fusion-flex-justify-content-flex-start fusion-content-layout-column\"><div class=\"fusion-slider-sc\"><div class=\"fusion-flexslider-loading flexslider flexslider-hover-type-none\" data-slideshow_autoplay=\"1\" data-slideshow_smooth_height=\"0\" data-slideshow_speed=\"7000\" style=\"max-width:100%;height:100%;\"><ul class=\"slides\"><li class=\"image\"><span class=\"lazyload fusion-image-hover-element hover-type-none\"><img decoding=\"async\" src=\"https:\/\/construccionsmodulars.es\/wp-content\/uploads\/2024\/06\/construccions-modulars-cambrils_18.jpg\" data-orig-src=\"https:\/\/construccionsmodulars.es\/wp-content\/uploads\/2024\/06\/construccions-modulars-cambrils_18.jpg\" width=\"1093\" height=\"778\" class=\"lazyload wp-image-3558\" srcset=\"data:image\/svg+xml,%3Csvg%20xmlns%3D%27http%3A%2F%2Fwww.w3.org%2F2000%2Fsvg%27%20width%3D%271093%27%20height%3D%27778%27%20viewBox%3D%270%200%201093%20778%27%3E%3Crect%20width%3D%271093%27%20height%3D%27778%27%20fill-opacity%3D%220%22%2F%3E%3C%2Fsvg%3E\" data-srcset=\"https:\/\/construccionsmodulars.es\/wp-content\/uploads\/2024\/06\/construccions-modulars-cambrils_18-200x142.jpg 200w, https:\/\/construccionsmodulars.es\/wp-content\/uploads\/2024\/06\/construccions-modulars-cambrils_18-400x285.jpg 400w, https:\/\/construccionsmodulars.es\/wp-content\/uploads\/2024\/06\/construccions-modulars-cambrils_18-600x427.jpg 600w, https:\/\/construccionsmodulars.es\/wp-content\/uploads\/2024\/06\/construccions-modulars-cambrils_18-800x569.jpg 800w, https:\/\/construccionsmodulars.es\/wp-content\/uploads\/2024\/06\/construccions-modulars-cambrils_18.jpg 1093w\" data-sizes=\"auto\" data-orig-sizes=\"(max-width: 1000px) 100vw, (max-width: 640px) 100vw, 1093px\" \/><\/span><\/li><li class=\"image\"><span class=\"lazyload fusion-image-hover-element hover-type-none\"><img decoding=\"async\" src=\"https:\/\/construccionsmodulars.es\/wp-content\/uploads\/2024\/06\/construccions-modulars-cambrils_17.jpg\" data-orig-src=\"https:\/\/construccionsmodulars.es\/wp-content\/uploads\/2024\/06\/construccions-modulars-cambrils_17.jpg\" width=\"1106\" height=\"779\" class=\"lazyload wp-image-3556\" srcset=\"data:image\/svg+xml,%3Csvg%20xmlns%3D%27http%3A%2F%2Fwww.w3.org%2F2000%2Fsvg%27%20width%3D%271106%27%20height%3D%27779%27%20viewBox%3D%270%200%201106%20779%27%3E%3Crect%20width%3D%271106%27%20height%3D%27779%27%20fill-opacity%3D%220%22%2F%3E%3C%2Fsvg%3E\" data-srcset=\"https:\/\/construccionsmodulars.es\/wp-content\/uploads\/2024\/06\/construccions-modulars-cambrils_17-200x141.jpg 200w, https:\/\/construccionsmodulars.es\/wp-content\/uploads\/2024\/06\/construccions-modulars-cambrils_17-400x282.jpg 400w, https:\/\/construccionsmodulars.es\/wp-content\/uploads\/2024\/06\/construccions-modulars-cambrils_17-600x423.jpg 600w, https:\/\/construccionsmodulars.es\/wp-content\/uploads\/2024\/06\/construccions-modulars-cambrils_17-800x563.jpg 800w, https:\/\/construccionsmodulars.es\/wp-content\/uploads\/2024\/06\/construccions-modulars-cambrils_17.jpg 1106w\" data-sizes=\"auto\" data-orig-sizes=\"(max-width: 1000px) 100vw, (max-width: 640px) 100vw, 1106px\" \/><\/span><\/li><li class=\"image\"><span class=\"lazyload fusion-image-hover-element hover-type-none\"><img decoding=\"async\" src=\"https:\/\/construccionsmodulars.es\/wp-content\/uploads\/2024\/06\/construccions-modulars-cambrils_16.jpg\" data-orig-src=\"https:\/\/construccionsmodulars.es\/wp-content\/uploads\/2024\/06\/construccions-modulars-cambrils_16.jpg\" width=\"1100\" height=\"780\" class=\"lazyload wp-image-3554\" srcset=\"data:image\/svg+xml,%3Csvg%20xmlns%3D%27http%3A%2F%2Fwww.w3.org%2F2000%2Fsvg%27%20width%3D%271100%27%20height%3D%27780%27%20viewBox%3D%270%200%201100%20780%27%3E%3Crect%20width%3D%271100%27%20height%3D%27780%27%20fill-opacity%3D%220%22%2F%3E%3C%2Fsvg%3E\" data-srcset=\"https:\/\/construccionsmodulars.es\/wp-content\/uploads\/2024\/06\/construccions-modulars-cambrils_16-200x142.jpg 200w, https:\/\/construccionsmodulars.es\/wp-content\/uploads\/2024\/06\/construccions-modulars-cambrils_16-400x284.jpg 400w, https:\/\/construccionsmodulars.es\/wp-content\/uploads\/2024\/06\/construccions-modulars-cambrils_16-600x425.jpg 600w, https:\/\/construccionsmodulars.es\/wp-content\/uploads\/2024\/06\/construccions-modulars-cambrils_16-800x567.jpg 800w, https:\/\/construccionsmodulars.es\/wp-content\/uploads\/2024\/06\/construccions-modulars-cambrils_16.jpg 1100w\" data-sizes=\"auto\" data-orig-sizes=\"(max-width: 1000px) 100vw, (max-width: 640px) 100vw, 1100px\" \/><\/span><\/li><li class=\"image\"><span class=\"lazyload fusion-image-hover-element hover-type-none\"><img decoding=\"async\" src=\"https:\/\/construccionsmodulars.es\/wp-content\/uploads\/2024\/06\/construccions-modulars-cambrils_15.jpg\" data-orig-src=\"https:\/\/construccionsmodulars.es\/wp-content\/uploads\/2024\/06\/construccions-modulars-cambrils_15.jpg\" width=\"1107\" height=\"781\" class=\"lazyload wp-image-3552\" srcset=\"data:image\/svg+xml,%3Csvg%20xmlns%3D%27http%3A%2F%2Fwww.w3.org%2F2000%2Fsvg%27%20width%3D%271107%27%20height%3D%27781%27%20viewBox%3D%270%200%201107%20781%27%3E%3Crect%20width%3D%271107%27%20height%3D%27781%27%20fill-opacity%3D%220%22%2F%3E%3C%2Fsvg%3E\" data-srcset=\"https:\/\/construccionsmodulars.es\/wp-content\/uploads\/2024\/06\/construccions-modulars-cambrils_15-200x141.jpg 200w, https:\/\/construccionsmodulars.es\/wp-content\/uploads\/2024\/06\/construccions-modulars-cambrils_15-400x282.jpg 400w, https:\/\/construccionsmodulars.es\/wp-content\/uploads\/2024\/06\/construccions-modulars-cambrils_15-600x423.jpg 600w, https:\/\/construccionsmodulars.es\/wp-content\/uploads\/2024\/06\/construccions-modulars-cambrils_15-800x564.jpg 800w, https:\/\/construccionsmodulars.es\/wp-content\/uploads\/2024\/06\/construccions-modulars-cambrils_15.jpg 1107w\" data-sizes=\"auto\" data-orig-sizes=\"(max-width: 1000px) 100vw, (max-width: 640px) 100vw, 1107px\" \/><\/span><\/li><li class=\"image\"><span class=\"lazyload fusion-image-hover-element hover-type-none\"><img decoding=\"async\" src=\"https:\/\/construccionsmodulars.es\/wp-content\/uploads\/2024\/06\/construccions-modulars-cambrils_14.jpg\" data-orig-src=\"https:\/\/construccionsmodulars.es\/wp-content\/uploads\/2024\/06\/construccions-modulars-cambrils_14.jpg\" width=\"1108\" height=\"782\" class=\"lazyload wp-image-3550\" srcset=\"data:image\/svg+xml,%3Csvg%20xmlns%3D%27http%3A%2F%2Fwww.w3.org%2F2000%2Fsvg%27%20width%3D%271108%27%20height%3D%27782%27%20viewBox%3D%270%200%201108%20782%27%3E%3Crect%20width%3D%271108%27%20height%3D%27782%27%20fill-opacity%3D%220%22%2F%3E%3C%2Fsvg%3E\" data-srcset=\"https:\/\/construccionsmodulars.es\/wp-content\/uploads\/2024\/06\/construccions-modulars-cambrils_14-200x141.jpg 200w, https:\/\/construccionsmodulars.es\/wp-content\/uploads\/2024\/06\/construccions-modulars-cambrils_14-400x282.jpg 400w, https:\/\/construccionsmodulars.es\/wp-content\/uploads\/2024\/06\/construccions-modulars-cambrils_14-600x423.jpg 600w, https:\/\/construccionsmodulars.es\/wp-content\/uploads\/2024\/06\/construccions-modulars-cambrils_14-800x565.jpg 800w, https:\/\/construccionsmodulars.es\/wp-content\/uploads\/2024\/06\/construccions-modulars-cambrils_14.jpg 1108w\" data-sizes=\"auto\" data-orig-sizes=\"(max-width: 1000px) 100vw, (max-width: 640px) 100vw, 1108px\" \/><\/span><\/li><li class=\"image\"><span class=\"lazyload fusion-image-hover-element hover-type-none\"><img decoding=\"async\" src=\"https:\/\/construccionsmodulars.es\/wp-content\/uploads\/2024\/06\/construccions-modulars-cambrils_13.jpg\" data-orig-src=\"https:\/\/construccionsmodulars.es\/wp-content\/uploads\/2024\/06\/construccions-modulars-cambrils_13.jpg\" width=\"1097\" height=\"777\" class=\"lazyload wp-image-3548\" srcset=\"data:image\/svg+xml,%3Csvg%20xmlns%3D%27http%3A%2F%2Fwww.w3.org%2F2000%2Fsvg%27%20width%3D%271097%27%20height%3D%27777%27%20viewBox%3D%270%200%201097%20777%27%3E%3Crect%20width%3D%271097%27%20height%3D%27777%27%20fill-opacity%3D%220%22%2F%3E%3C%2Fsvg%3E\" data-srcset=\"https:\/\/construccionsmodulars.es\/wp-content\/uploads\/2024\/06\/construccions-modulars-cambrils_13-200x142.jpg 200w, https:\/\/construccionsmodulars.es\/wp-content\/uploads\/2024\/06\/construccions-modulars-cambrils_13-400x283.jpg 400w, https:\/\/construccionsmodulars.es\/wp-content\/uploads\/2024\/06\/construccions-modulars-cambrils_13-600x425.jpg 600w, https:\/\/construccionsmodulars.es\/wp-content\/uploads\/2024\/06\/construccions-modulars-cambrils_13-800x567.jpg 800w, https:\/\/construccionsmodulars.es\/wp-content\/uploads\/2024\/06\/construccions-modulars-cambrils_13.jpg 1097w\" data-sizes=\"auto\" data-orig-sizes=\"(max-width: 1000px) 100vw, (max-width: 640px) 100vw, 1097px\" \/><\/span><\/li><li class=\"image\"><span class=\"lazyload fusion-image-hover-element hover-type-none\"><img decoding=\"async\" src=\"https:\/\/construccionsmodulars.es\/wp-content\/uploads\/2024\/06\/construccions-modulars-cambrils_11.jpg\" data-orig-src=\"https:\/\/construccionsmodulars.es\/wp-content\/uploads\/2024\/06\/construccions-modulars-cambrils_11.jpg\" width=\"1101\" height=\"766\" class=\"lazyload wp-image-3546\" srcset=\"data:image\/svg+xml,%3Csvg%20xmlns%3D%27http%3A%2F%2Fwww.w3.org%2F2000%2Fsvg%27%20width%3D%271101%27%20height%3D%27766%27%20viewBox%3D%270%200%201101%20766%27%3E%3Crect%20width%3D%271101%27%20height%3D%27766%27%20fill-opacity%3D%220%22%2F%3E%3C%2Fsvg%3E\" data-srcset=\"https:\/\/construccionsmodulars.es\/wp-content\/uploads\/2024\/06\/construccions-modulars-cambrils_11-200x139.jpg 200w, https:\/\/construccionsmodulars.es\/wp-content\/uploads\/2024\/06\/construccions-modulars-cambrils_11-400x278.jpg 400w, https:\/\/construccionsmodulars.es\/wp-content\/uploads\/2024\/06\/construccions-modulars-cambrils_11-600x417.jpg 600w, https:\/\/construccionsmodulars.es\/wp-content\/uploads\/2024\/06\/construccions-modulars-cambrils_11-800x557.jpg 800w, https:\/\/construccionsmodulars.es\/wp-content\/uploads\/2024\/06\/construccions-modulars-cambrils_11.jpg 1101w\" data-sizes=\"auto\" data-orig-sizes=\"(max-width: 1000px) 100vw, (max-width: 640px) 100vw, 1101px\" \/><\/span><\/li><li class=\"image\"><span class=\"lazyload fusion-image-hover-element hover-type-none\"><img decoding=\"async\" src=\"https:\/\/construccionsmodulars.es\/wp-content\/uploads\/2024\/06\/construccions-modulars-cambrils_10.jpg\" data-orig-src=\"https:\/\/construccionsmodulars.es\/wp-content\/uploads\/2024\/06\/construccions-modulars-cambrils_10.jpg\" width=\"1200\" height=\"814\" class=\"lazyload wp-image-3544\" srcset=\"data:image\/svg+xml,%3Csvg%20xmlns%3D%27http%3A%2F%2Fwww.w3.org%2F2000%2Fsvg%27%20width%3D%271200%27%20height%3D%27814%27%20viewBox%3D%270%200%201200%20814%27%3E%3Crect%20width%3D%271200%27%20height%3D%27814%27%20fill-opacity%3D%220%22%2F%3E%3C%2Fsvg%3E\" data-srcset=\"https:\/\/construccionsmodulars.es\/wp-content\/uploads\/2024\/06\/construccions-modulars-cambrils_10-200x136.jpg 200w, https:\/\/construccionsmodulars.es\/wp-content\/uploads\/2024\/06\/construccions-modulars-cambrils_10-400x271.jpg 400w, https:\/\/construccionsmodulars.es\/wp-content\/uploads\/2024\/06\/construccions-modulars-cambrils_10-600x407.jpg 600w, https:\/\/construccionsmodulars.es\/wp-content\/uploads\/2024\/06\/construccions-modulars-cambrils_10-800x543.jpg 800w, https:\/\/construccionsmodulars.es\/wp-content\/uploads\/2024\/06\/construccions-modulars-cambrils_10.jpg 1200w\" data-sizes=\"auto\" data-orig-sizes=\"(max-width: 1000px) 100vw, (max-width: 640px) 100vw, 1200px\" \/><\/span><\/li><li class=\"image\"><span class=\"lazyload fusion-image-hover-element hover-type-none\"><img decoding=\"async\" src=\"https:\/\/construccionsmodulars.es\/wp-content\/uploads\/2024\/06\/construccions-modulars-cambrils_09.jpg\" data-orig-src=\"https:\/\/construccionsmodulars.es\/wp-content\/uploads\/2024\/06\/construccions-modulars-cambrils_09.jpg\" width=\"1000\" height=\"750\" class=\"lazyload wp-image-3542\" srcset=\"data:image\/svg+xml,%3Csvg%20xmlns%3D%27http%3A%2F%2Fwww.w3.org%2F2000%2Fsvg%27%20width%3D%271000%27%20height%3D%27750%27%20viewBox%3D%270%200%201000%20750%27%3E%3Crect%20width%3D%271000%27%20height%3D%27750%27%20fill-opacity%3D%220%22%2F%3E%3C%2Fsvg%3E\" data-srcset=\"https:\/\/construccionsmodulars.es\/wp-content\/uploads\/2024\/06\/construccions-modulars-cambrils_09-200x150.jpg 200w, https:\/\/construccionsmodulars.es\/wp-content\/uploads\/2024\/06\/construccions-modulars-cambrils_09-400x300.jpg 400w, https:\/\/construccionsmodulars.es\/wp-content\/uploads\/2024\/06\/construccions-modulars-cambrils_09-600x450.jpg 600w, https:\/\/construccionsmodulars.es\/wp-content\/uploads\/2024\/06\/construccions-modulars-cambrils_09-800x600.jpg 800w, https:\/\/construccionsmodulars.es\/wp-content\/uploads\/2024\/06\/construccions-modulars-cambrils_09.jpg 1000w\" data-sizes=\"auto\" data-orig-sizes=\"(max-width: 1000px) 100vw, (max-width: 640px) 100vw, 1000px\" \/><\/span><\/li><li class=\"image\"><span class=\"lazyload fusion-image-hover-element hover-type-none\"><img decoding=\"async\" src=\"https:\/\/construccionsmodulars.es\/wp-content\/uploads\/2024\/06\/construccions-modulars-cambrils_08.jpg\" data-orig-src=\"https:\/\/construccionsmodulars.es\/wp-content\/uploads\/2024\/06\/construccions-modulars-cambrils_08.jpg\" width=\"1200\" height=\"900\" class=\"lazyload wp-image-3540\" srcset=\"data:image\/svg+xml,%3Csvg%20xmlns%3D%27http%3A%2F%2Fwww.w3.org%2F2000%2Fsvg%27%20width%3D%271200%27%20height%3D%27900%27%20viewBox%3D%270%200%201200%20900%27%3E%3Crect%20width%3D%271200%27%20height%3D%27900%27%20fill-opacity%3D%220%22%2F%3E%3C%2Fsvg%3E\" data-srcset=\"https:\/\/construccionsmodulars.es\/wp-content\/uploads\/2024\/06\/construccions-modulars-cambrils_08-200x150.jpg 200w, https:\/\/construccionsmodulars.es\/wp-content\/uploads\/2024\/06\/construccions-modulars-cambrils_08-400x300.jpg 400w, https:\/\/construccionsmodulars.es\/wp-content\/uploads\/2024\/06\/construccions-modulars-cambrils_08-600x450.jpg 600w, https:\/\/construccionsmodulars.es\/wp-content\/uploads\/2024\/06\/construccions-modulars-cambrils_08-800x600.jpg 800w, https:\/\/construccionsmodulars.es\/wp-content\/uploads\/2024\/06\/construccions-modulars-cambrils_08.jpg 1200w\" data-sizes=\"auto\" data-orig-sizes=\"(max-width: 1000px) 100vw, (max-width: 640px) 100vw, 1200px\" \/><\/span><\/li><li class=\"image\"><span class=\"lazyload fusion-image-hover-element hover-type-none\"><img decoding=\"async\" src=\"https:\/\/construccionsmodulars.es\/wp-content\/uploads\/2024\/06\/construccions-modulars-cambrils_07.jpg\" data-orig-src=\"https:\/\/construccionsmodulars.es\/wp-content\/uploads\/2024\/06\/construccions-modulars-cambrils_07.jpg\" width=\"1200\" height=\"900\" class=\"lazyload wp-image-3538\" srcset=\"data:image\/svg+xml,%3Csvg%20xmlns%3D%27http%3A%2F%2Fwww.w3.org%2F2000%2Fsvg%27%20width%3D%271200%27%20height%3D%27900%27%20viewBox%3D%270%200%201200%20900%27%3E%3Crect%20width%3D%271200%27%20height%3D%27900%27%20fill-opacity%3D%220%22%2F%3E%3C%2Fsvg%3E\" data-srcset=\"https:\/\/construccionsmodulars.es\/wp-content\/uploads\/2024\/06\/construccions-modulars-cambrils_07-200x150.jpg 200w, https:\/\/construccionsmodulars.es\/wp-content\/uploads\/2024\/06\/construccions-modulars-cambrils_07-400x300.jpg 400w, https:\/\/construccionsmodulars.es\/wp-content\/uploads\/2024\/06\/construccions-modulars-cambrils_07-600x450.jpg 600w, https:\/\/construccionsmodulars.es\/wp-content\/uploads\/2024\/06\/construccions-modulars-cambrils_07-800x600.jpg 800w, https:\/\/construccionsmodulars.es\/wp-content\/uploads\/2024\/06\/construccions-modulars-cambrils_07.jpg 1200w\" data-sizes=\"auto\" data-orig-sizes=\"(max-width: 1000px) 100vw, (max-width: 640px) 100vw, 1200px\" \/><\/span><\/li><li class=\"image\"><span class=\"lazyload fusion-image-hover-element hover-type-none\"><img decoding=\"async\" src=\"https:\/\/construccionsmodulars.es\/wp-content\/uploads\/2024\/06\/construccions-modulars-cambrils_06.jpg\" data-orig-src=\"https:\/\/construccionsmodulars.es\/wp-content\/uploads\/2024\/06\/construccions-modulars-cambrils_06.jpg\" width=\"1200\" height=\"900\" class=\"lazyload wp-image-3536\" srcset=\"data:image\/svg+xml,%3Csvg%20xmlns%3D%27http%3A%2F%2Fwww.w3.org%2F2000%2Fsvg%27%20width%3D%271200%27%20height%3D%27900%27%20viewBox%3D%270%200%201200%20900%27%3E%3Crect%20width%3D%271200%27%20height%3D%27900%27%20fill-opacity%3D%220%22%2F%3E%3C%2Fsvg%3E\" data-srcset=\"https:\/\/construccionsmodulars.es\/wp-content\/uploads\/2024\/06\/construccions-modulars-cambrils_06-200x150.jpg 200w, https:\/\/construccionsmodulars.es\/wp-content\/uploads\/2024\/06\/construccions-modulars-cambrils_06-400x300.jpg 400w, https:\/\/construccionsmodulars.es\/wp-content\/uploads\/2024\/06\/construccions-modulars-cambrils_06-600x450.jpg 600w, https:\/\/construccionsmodulars.es\/wp-content\/uploads\/2024\/06\/construccions-modulars-cambrils_06-800x600.jpg 800w, https:\/\/construccionsmodulars.es\/wp-content\/uploads\/2024\/06\/construccions-modulars-cambrils_06.jpg 1200w\" data-sizes=\"auto\" data-orig-sizes=\"(max-width: 1000px) 100vw, (max-width: 640px) 100vw, 1200px\" \/><\/span><\/li><li class=\"image\"><span class=\"lazyload fusion-image-hover-element hover-type-none\"><img decoding=\"async\" src=\"https:\/\/construccionsmodulars.es\/wp-content\/uploads\/2024\/06\/construccions-modulars-cambrils_05.jpg\" data-orig-src=\"https:\/\/construccionsmodulars.es\/wp-content\/uploads\/2024\/06\/construccions-modulars-cambrils_05.jpg\" width=\"1200\" height=\"900\" class=\"lazyload wp-image-3534\" srcset=\"data:image\/svg+xml,%3Csvg%20xmlns%3D%27http%3A%2F%2Fwww.w3.org%2F2000%2Fsvg%27%20width%3D%271200%27%20height%3D%27900%27%20viewBox%3D%270%200%201200%20900%27%3E%3Crect%20width%3D%271200%27%20height%3D%27900%27%20fill-opacity%3D%220%22%2F%3E%3C%2Fsvg%3E\" data-srcset=\"https:\/\/construccionsmodulars.es\/wp-content\/uploads\/2024\/06\/construccions-modulars-cambrils_05-200x150.jpg 200w, https:\/\/construccionsmodulars.es\/wp-content\/uploads\/2024\/06\/construccions-modulars-cambrils_05-400x300.jpg 400w, https:\/\/construccionsmodulars.es\/wp-content\/uploads\/2024\/06\/construccions-modulars-cambrils_05-600x450.jpg 600w, https:\/\/construccionsmodulars.es\/wp-content\/uploads\/2024\/06\/construccions-modulars-cambrils_05-800x600.jpg 800w, https:\/\/construccionsmodulars.es\/wp-content\/uploads\/2024\/06\/construccions-modulars-cambrils_05.jpg 1200w\" data-sizes=\"auto\" data-orig-sizes=\"(max-width: 1000px) 100vw, (max-width: 640px) 100vw, 1200px\" \/><\/span><\/li><li class=\"image\"><span class=\"lazyload fusion-image-hover-element hover-type-none\"><img decoding=\"async\" src=\"https:\/\/construccionsmodulars.es\/wp-content\/uploads\/2024\/06\/construccions-modulars-cambrils_04.jpg\" data-orig-src=\"https:\/\/construccionsmodulars.es\/wp-content\/uploads\/2024\/06\/construccions-modulars-cambrils_04.jpg\" width=\"1200\" height=\"900\" class=\"lazyload wp-image-3532\" srcset=\"data:image\/svg+xml,%3Csvg%20xmlns%3D%27http%3A%2F%2Fwww.w3.org%2F2000%2Fsvg%27%20width%3D%271200%27%20height%3D%27900%27%20viewBox%3D%270%200%201200%20900%27%3E%3Crect%20width%3D%271200%27%20height%3D%27900%27%20fill-opacity%3D%220%22%2F%3E%3C%2Fsvg%3E\" data-srcset=\"https:\/\/construccionsmodulars.es\/wp-content\/uploads\/2024\/06\/construccions-modulars-cambrils_04-200x150.jpg 200w, https:\/\/construccionsmodulars.es\/wp-content\/uploads\/2024\/06\/construccions-modulars-cambrils_04-400x300.jpg 400w, https:\/\/construccionsmodulars.es\/wp-content\/uploads\/2024\/06\/construccions-modulars-cambrils_04-600x450.jpg 600w, https:\/\/construccionsmodulars.es\/wp-content\/uploads\/2024\/06\/construccions-modulars-cambrils_04-800x600.jpg 800w, https:\/\/construccionsmodulars.es\/wp-content\/uploads\/2024\/06\/construccions-modulars-cambrils_04.jpg 1200w\" data-sizes=\"auto\" data-orig-sizes=\"(max-width: 1000px) 100vw, (max-width: 640px) 100vw, 1200px\" \/><\/span><\/li><li class=\"image\"><span class=\"lazyload fusion-image-hover-element hover-type-none\"><img decoding=\"async\" src=\"https:\/\/construccionsmodulars.es\/wp-content\/uploads\/2024\/06\/construccions-modulars-cambrils_03.jpg\" data-orig-src=\"https:\/\/construccionsmodulars.es\/wp-content\/uploads\/2024\/06\/construccions-modulars-cambrils_03.jpg\" width=\"1200\" height=\"900\" class=\"lazyload wp-image-3530\" srcset=\"data:image\/svg+xml,%3Csvg%20xmlns%3D%27http%3A%2F%2Fwww.w3.org%2F2000%2Fsvg%27%20width%3D%271200%27%20height%3D%27900%27%20viewBox%3D%270%200%201200%20900%27%3E%3Crect%20width%3D%271200%27%20height%3D%27900%27%20fill-opacity%3D%220%22%2F%3E%3C%2Fsvg%3E\" data-srcset=\"https:\/\/construccionsmodulars.es\/wp-content\/uploads\/2024\/06\/construccions-modulars-cambrils_03-200x150.jpg 200w, https:\/\/construccionsmodulars.es\/wp-content\/uploads\/2024\/06\/construccions-modulars-cambrils_03-400x300.jpg 400w, https:\/\/construccionsmodulars.es\/wp-content\/uploads\/2024\/06\/construccions-modulars-cambrils_03-600x450.jpg 600w, https:\/\/construccionsmodulars.es\/wp-content\/uploads\/2024\/06\/construccions-modulars-cambrils_03-800x600.jpg 800w, https:\/\/construccionsmodulars.es\/wp-content\/uploads\/2024\/06\/construccions-modulars-cambrils_03.jpg 1200w\" data-sizes=\"auto\" data-orig-sizes=\"(max-width: 1000px) 100vw, (max-width: 640px) 100vw, 1200px\" \/><\/span><\/li><li class=\"image\"><span class=\"lazyload fusion-image-hover-element hover-type-none\"><img decoding=\"async\" src=\"https:\/\/construccionsmodulars.es\/wp-content\/uploads\/2024\/06\/construccions-modulars-cambrils_02.jpg\" data-orig-src=\"https:\/\/construccionsmodulars.es\/wp-content\/uploads\/2024\/06\/construccions-modulars-cambrils_02.jpg\" width=\"1200\" height=\"900\" class=\"lazyload wp-image-3528\" srcset=\"data:image\/svg+xml,%3Csvg%20xmlns%3D%27http%3A%2F%2Fwww.w3.org%2F2000%2Fsvg%27%20width%3D%271200%27%20height%3D%27900%27%20viewBox%3D%270%200%201200%20900%27%3E%3Crect%20width%3D%271200%27%20height%3D%27900%27%20fill-opacity%3D%220%22%2F%3E%3C%2Fsvg%3E\" data-srcset=\"https:\/\/construccionsmodulars.es\/wp-content\/uploads\/2024\/06\/construccions-modulars-cambrils_02-200x150.jpg 200w, https:\/\/construccionsmodulars.es\/wp-content\/uploads\/2024\/06\/construccions-modulars-cambrils_02-400x300.jpg 400w, https:\/\/construccionsmodulars.es\/wp-content\/uploads\/2024\/06\/construccions-modulars-cambrils_02-600x450.jpg 600w, https:\/\/construccionsmodulars.es\/wp-content\/uploads\/2024\/06\/construccions-modulars-cambrils_02-800x600.jpg 800w, https:\/\/construccionsmodulars.es\/wp-content\/uploads\/2024\/06\/construccions-modulars-cambrils_02.jpg 1200w\" data-sizes=\"auto\" data-orig-sizes=\"(max-width: 1000px) 100vw, (max-width: 640px) 100vw, 1200px\" \/><\/span><\/li><li class=\"image\"><span class=\"lazyload fusion-image-hover-element hover-type-none\"><img decoding=\"async\" src=\"https:\/\/construccionsmodulars.es\/wp-content\/uploads\/2024\/06\/construccions-modulars-cambrils_01-1.jpg\" data-orig-src=\"https:\/\/construccionsmodulars.es\/wp-content\/uploads\/2024\/06\/construccions-modulars-cambrils_01-1.jpg\" width=\"1000\" height=\"750\" class=\"lazyload wp-image-3524\" srcset=\"data:image\/svg+xml,%3Csvg%20xmlns%3D%27http%3A%2F%2Fwww.w3.org%2F2000%2Fsvg%27%20width%3D%271000%27%20height%3D%27750%27%20viewBox%3D%270%200%201000%20750%27%3E%3Crect%20width%3D%271000%27%20height%3D%27750%27%20fill-opacity%3D%220%22%2F%3E%3C%2Fsvg%3E\" data-srcset=\"https:\/\/construccionsmodulars.es\/wp-content\/uploads\/2024\/06\/construccions-modulars-cambrils_01-1-200x150.jpg 200w, https:\/\/construccionsmodulars.es\/wp-content\/uploads\/2024\/06\/construccions-modulars-cambrils_01-1-400x300.jpg 400w, https:\/\/construccionsmodulars.es\/wp-content\/uploads\/2024\/06\/construccions-modulars-cambrils_01-1-600x450.jpg 600w, https:\/\/construccionsmodulars.es\/wp-content\/uploads\/2024\/06\/construccions-modulars-cambrils_01-1-800x600.jpg 800w, https:\/\/construccionsmodulars.es\/wp-content\/uploads\/2024\/06\/construccions-modulars-cambrils_01-1.jpg 1000w\" data-sizes=\"auto\" data-orig-sizes=\"(max-width: 1000px) 100vw, (max-width: 640px) 100vw, 1000px\" \/><\/span><\/li><\/ul><\/div><\/div><div class=\"fusion-image-carousel fusion-image-carousel-auto fusion-image-carousel-1 fusion-carousel-border\"><div class=\"awb-carousel awb-swiper awb-swiper-carousel awb-carousel--carousel awb-swiper-dots-position-bottom\" data-layout=\"carousel\" data-autoplay=\"yes\" data-autoplayspeed=\"2500\" data-autoplaypause=\"no\" data-columns=\"5\" data-columnsmedium=\"1\" data-columnssmall=\"1\" data-itemmargin=\"13\" data-itemwidth=\"180\" data-touchscroll=\"no\" data-freemode=\"no\" data-imagesize=\"auto\" data-scrollitems=\"0\" data-centeredslides=\"no\" data-rotationangle=\"50\" data-depth=\"100\" data-speed=\"500\" data-shadow=\"no\" data-pagination=\"bullets\" style=\"--awb-border-width:1px;--awb-border-color:#e9eaee;\"><div class=\"swiper-wrapper awb-image-carousel-wrapper fusion-flex-align-items-center\"><div class=\"swiper-slide\"><div class=\"fusion-carousel-item-wrapper\"><div class=\"fusion-image-wrapper hover-type-zoomin\"><img decoding=\"async\" width=\"1200\" height=\"900\" src=\"https:\/\/construccionsmodulars.es\/wp-content\/uploads\/2024\/06\/construccions-modulars-cambrils_02.jpg\" class=\"attachment-full size-full lazyload\" alt=\"\" srcset=\"data:image\/svg+xml,%3Csvg%20xmlns%3D%27http%3A%2F%2Fwww.w3.org%2F2000%2Fsvg%27%20width%3D%271200%27%20height%3D%27900%27%20viewBox%3D%270%200%201200%20900%27%3E%3Crect%20width%3D%271200%27%20height%3D%27900%27%20fill-opacity%3D%220%22%2F%3E%3C%2Fsvg%3E\" data-orig-src=\"https:\/\/construccionsmodulars.es\/wp-content\/uploads\/2024\/06\/construccions-modulars-cambrils_02.jpg\" data-srcset=\"https:\/\/construccionsmodulars.es\/wp-content\/uploads\/2024\/06\/construccions-modulars-cambrils_02-200x150.jpg 200w, https:\/\/construccionsmodulars.es\/wp-content\/uploads\/2024\/06\/construccions-modulars-cambrils_02-400x300.jpg 400w, https:\/\/construccionsmodulars.es\/wp-content\/uploads\/2024\/06\/construccions-modulars-cambrils_02-600x450.jpg 600w, https:\/\/construccionsmodulars.es\/wp-content\/uploads\/2024\/06\/construccions-modulars-cambrils_02-800x600.jpg 800w, https:\/\/construccionsmodulars.es\/wp-content\/uploads\/2024\/06\/construccions-modulars-cambrils_02.jpg 1200w\" data-sizes=\"auto\" \/><\/div><\/div><\/div><div class=\"swiper-slide\"><div class=\"fusion-carousel-item-wrapper\"><div class=\"fusion-image-wrapper hover-type-zoomin\"><img decoding=\"async\" width=\"1200\" height=\"900\" src=\"https:\/\/construccionsmodulars.es\/wp-content\/uploads\/2024\/06\/construccions-modulars-cambrils_03.jpg\" class=\"attachment-full size-full lazyload\" alt=\"\" srcset=\"data:image\/svg+xml,%3Csvg%20xmlns%3D%27http%3A%2F%2Fwww.w3.org%2F2000%2Fsvg%27%20width%3D%271200%27%20height%3D%27900%27%20viewBox%3D%270%200%201200%20900%27%3E%3Crect%20width%3D%271200%27%20height%3D%27900%27%20fill-opacity%3D%220%22%2F%3E%3C%2Fsvg%3E\" data-orig-src=\"https:\/\/construccionsmodulars.es\/wp-content\/uploads\/2024\/06\/construccions-modulars-cambrils_03.jpg\" data-srcset=\"https:\/\/construccionsmodulars.es\/wp-content\/uploads\/2024\/06\/construccions-modulars-cambrils_03-200x150.jpg 200w, https:\/\/construccionsmodulars.es\/wp-content\/uploads\/2024\/06\/construccions-modulars-cambrils_03-400x300.jpg 400w, https:\/\/construccionsmodulars.es\/wp-content\/uploads\/2024\/06\/construccions-modulars-cambrils_03-600x450.jpg 600w, https:\/\/construccionsmodulars.es\/wp-content\/uploads\/2024\/06\/construccions-modulars-cambrils_03-800x600.jpg 800w, https:\/\/construccionsmodulars.es\/wp-content\/uploads\/2024\/06\/construccions-modulars-cambrils_03.jpg 1200w\" data-sizes=\"auto\" \/><\/div><\/div><\/div><div class=\"swiper-slide\"><div class=\"fusion-carousel-item-wrapper\"><div class=\"fusion-image-wrapper hover-type-zoomin\"><img decoding=\"async\" width=\"1200\" height=\"900\" src=\"https:\/\/construccionsmodulars.es\/wp-content\/uploads\/2024\/06\/construccions-modulars-cambrils_04.jpg\" class=\"attachment-full size-full lazyload\" alt=\"\" srcset=\"data:image\/svg+xml,%3Csvg%20xmlns%3D%27http%3A%2F%2Fwww.w3.org%2F2000%2Fsvg%27%20width%3D%271200%27%20height%3D%27900%27%20viewBox%3D%270%200%201200%20900%27%3E%3Crect%20width%3D%271200%27%20height%3D%27900%27%20fill-opacity%3D%220%22%2F%3E%3C%2Fsvg%3E\" data-orig-src=\"https:\/\/construccionsmodulars.es\/wp-content\/uploads\/2024\/06\/construccions-modulars-cambrils_04.jpg\" data-srcset=\"https:\/\/construccionsmodulars.es\/wp-content\/uploads\/2024\/06\/construccions-modulars-cambrils_04-200x150.jpg 200w, https:\/\/construccionsmodulars.es\/wp-content\/uploads\/2024\/06\/construccions-modulars-cambrils_04-400x300.jpg 400w, https:\/\/construccionsmodulars.es\/wp-content\/uploads\/2024\/06\/construccions-modulars-cambrils_04-600x450.jpg 600w, https:\/\/construccionsmodulars.es\/wp-content\/uploads\/2024\/06\/construccions-modulars-cambrils_04-800x600.jpg 800w, https:\/\/construccionsmodulars.es\/wp-content\/uploads\/2024\/06\/construccions-modulars-cambrils_04.jpg 1200w\" data-sizes=\"auto\" \/><\/div><\/div><\/div><div class=\"swiper-slide\"><div class=\"fusion-carousel-item-wrapper\"><div class=\"fusion-image-wrapper hover-type-zoomin\"><img decoding=\"async\" width=\"1200\" height=\"900\" src=\"https:\/\/construccionsmodulars.es\/wp-content\/uploads\/2024\/06\/construccions-modulars-cambrils_05.jpg\" class=\"attachment-full size-full lazyload\" alt=\"\" srcset=\"data:image\/svg+xml,%3Csvg%20xmlns%3D%27http%3A%2F%2Fwww.w3.org%2F2000%2Fsvg%27%20width%3D%271200%27%20height%3D%27900%27%20viewBox%3D%270%200%201200%20900%27%3E%3Crect%20width%3D%271200%27%20height%3D%27900%27%20fill-opacity%3D%220%22%2F%3E%3C%2Fsvg%3E\" data-orig-src=\"https:\/\/construccionsmodulars.es\/wp-content\/uploads\/2024\/06\/construccions-modulars-cambrils_05.jpg\" data-srcset=\"https:\/\/construccionsmodulars.es\/wp-content\/uploads\/2024\/06\/construccions-modulars-cambrils_05-200x150.jpg 200w, https:\/\/construccionsmodulars.es\/wp-content\/uploads\/2024\/06\/construccions-modulars-cambrils_05-400x300.jpg 400w, https:\/\/construccionsmodulars.es\/wp-content\/uploads\/2024\/06\/construccions-modulars-cambrils_05-600x450.jpg 600w, https:\/\/construccionsmodulars.es\/wp-content\/uploads\/2024\/06\/construccions-modulars-cambrils_05-800x600.jpg 800w, https:\/\/construccionsmodulars.es\/wp-content\/uploads\/2024\/06\/construccions-modulars-cambrils_05.jpg 1200w\" data-sizes=\"auto\" \/><\/div><\/div><\/div><div class=\"swiper-slide\"><div class=\"fusion-carousel-item-wrapper\"><div class=\"fusion-image-wrapper hover-type-zoomin\"><img decoding=\"async\" width=\"1200\" height=\"900\" src=\"https:\/\/construccionsmodulars.es\/wp-content\/uploads\/2024\/06\/construccions-modulars-cambrils_06.jpg\" class=\"attachment-full size-full lazyload\" alt=\"\" srcset=\"data:image\/svg+xml,%3Csvg%20xmlns%3D%27http%3A%2F%2Fwww.w3.org%2F2000%2Fsvg%27%20width%3D%271200%27%20height%3D%27900%27%20viewBox%3D%270%200%201200%20900%27%3E%3Crect%20width%3D%271200%27%20height%3D%27900%27%20fill-opacity%3D%220%22%2F%3E%3C%2Fsvg%3E\" data-orig-src=\"https:\/\/construccionsmodulars.es\/wp-content\/uploads\/2024\/06\/construccions-modulars-cambrils_06.jpg\" data-srcset=\"https:\/\/construccionsmodulars.es\/wp-content\/uploads\/2024\/06\/construccions-modulars-cambrils_06-200x150.jpg 200w, https:\/\/construccionsmodulars.es\/wp-content\/uploads\/2024\/06\/construccions-modulars-cambrils_06-400x300.jpg 400w, https:\/\/construccionsmodulars.es\/wp-content\/uploads\/2024\/06\/construccions-modulars-cambrils_06-600x450.jpg 600w, https:\/\/construccionsmodulars.es\/wp-content\/uploads\/2024\/06\/construccions-modulars-cambrils_06-800x600.jpg 800w, https:\/\/construccionsmodulars.es\/wp-content\/uploads\/2024\/06\/construccions-modulars-cambrils_06.jpg 1200w\" data-sizes=\"auto\" \/><\/div><\/div><\/div><div class=\"swiper-slide\"><div class=\"fusion-carousel-item-wrapper\"><div class=\"fusion-image-wrapper hover-type-zoomin\"><img decoding=\"async\" width=\"1200\" height=\"900\" src=\"https:\/\/construccionsmodulars.es\/wp-content\/uploads\/2024\/06\/construccions-modulars-cambrils_07.jpg\" class=\"attachment-full size-full lazyload\" alt=\"\" srcset=\"data:image\/svg+xml,%3Csvg%20xmlns%3D%27http%3A%2F%2Fwww.w3.org%2F2000%2Fsvg%27%20width%3D%271200%27%20height%3D%27900%27%20viewBox%3D%270%200%201200%20900%27%3E%3Crect%20width%3D%271200%27%20height%3D%27900%27%20fill-opacity%3D%220%22%2F%3E%3C%2Fsvg%3E\" data-orig-src=\"https:\/\/construccionsmodulars.es\/wp-content\/uploads\/2024\/06\/construccions-modulars-cambrils_07.jpg\" data-srcset=\"https:\/\/construccionsmodulars.es\/wp-content\/uploads\/2024\/06\/construccions-modulars-cambrils_07-200x150.jpg 200w, https:\/\/construccionsmodulars.es\/wp-content\/uploads\/2024\/06\/construccions-modulars-cambrils_07-400x300.jpg 400w, https:\/\/construccionsmodulars.es\/wp-content\/uploads\/2024\/06\/construccions-modulars-cambrils_07-600x450.jpg 600w, https:\/\/construccionsmodulars.es\/wp-content\/uploads\/2024\/06\/construccions-modulars-cambrils_07-800x600.jpg 800w, https:\/\/construccionsmodulars.es\/wp-content\/uploads\/2024\/06\/construccions-modulars-cambrils_07.jpg 1200w\" data-sizes=\"auto\" \/><\/div><\/div><\/div><div class=\"swiper-slide\"><div class=\"fusion-carousel-item-wrapper\"><div class=\"fusion-image-wrapper hover-type-zoomin\"><img decoding=\"async\" width=\"1200\" height=\"900\" src=\"https:\/\/construccionsmodulars.es\/wp-content\/uploads\/2024\/06\/construccions-modulars-cambrils_08.jpg\" class=\"attachment-full size-full lazyload\" alt=\"\" srcset=\"data:image\/svg+xml,%3Csvg%20xmlns%3D%27http%3A%2F%2Fwww.w3.org%2F2000%2Fsvg%27%20width%3D%271200%27%20height%3D%27900%27%20viewBox%3D%270%200%201200%20900%27%3E%3Crect%20width%3D%271200%27%20height%3D%27900%27%20fill-opacity%3D%220%22%2F%3E%3C%2Fsvg%3E\" data-orig-src=\"https:\/\/construccionsmodulars.es\/wp-content\/uploads\/2024\/06\/construccions-modulars-cambrils_08.jpg\" data-srcset=\"https:\/\/construccionsmodulars.es\/wp-content\/uploads\/2024\/06\/construccions-modulars-cambrils_08-200x150.jpg 200w, https:\/\/construccionsmodulars.es\/wp-content\/uploads\/2024\/06\/construccions-modulars-cambrils_08-400x300.jpg 400w, https:\/\/construccionsmodulars.es\/wp-content\/uploads\/2024\/06\/construccions-modulars-cambrils_08-600x450.jpg 600w, https:\/\/construccionsmodulars.es\/wp-content\/uploads\/2024\/06\/construccions-modulars-cambrils_08-800x600.jpg 800w, https:\/\/construccionsmodulars.es\/wp-content\/uploads\/2024\/06\/construccions-modulars-cambrils_08.jpg 1200w\" data-sizes=\"auto\" \/><\/div><\/div><\/div><div class=\"swiper-slide\"><div class=\"fusion-carousel-item-wrapper\"><div class=\"fusion-image-wrapper hover-type-zoomin\"><img decoding=\"async\" width=\"1000\" height=\"750\" src=\"https:\/\/construccionsmodulars.es\/wp-content\/uploads\/2024\/06\/construccions-modulars-cambrils_09.jpg\" class=\"attachment-full size-full lazyload\" alt=\"\" srcset=\"data:image\/svg+xml,%3Csvg%20xmlns%3D%27http%3A%2F%2Fwww.w3.org%2F2000%2Fsvg%27%20width%3D%271000%27%20height%3D%27750%27%20viewBox%3D%270%200%201000%20750%27%3E%3Crect%20width%3D%271000%27%20height%3D%27750%27%20fill-opacity%3D%220%22%2F%3E%3C%2Fsvg%3E\" data-orig-src=\"https:\/\/construccionsmodulars.es\/wp-content\/uploads\/2024\/06\/construccions-modulars-cambrils_09.jpg\" data-srcset=\"https:\/\/construccionsmodulars.es\/wp-content\/uploads\/2024\/06\/construccions-modulars-cambrils_09-200x150.jpg 200w, https:\/\/construccionsmodulars.es\/wp-content\/uploads\/2024\/06\/construccions-modulars-cambrils_09-400x300.jpg 400w, https:\/\/construccionsmodulars.es\/wp-content\/uploads\/2024\/06\/construccions-modulars-cambrils_09-600x450.jpg 600w, https:\/\/construccionsmodulars.es\/wp-content\/uploads\/2024\/06\/construccions-modulars-cambrils_09-800x600.jpg 800w, https:\/\/construccionsmodulars.es\/wp-content\/uploads\/2024\/06\/construccions-modulars-cambrils_09.jpg 1000w\" data-sizes=\"auto\" \/><\/div><\/div><\/div><div class=\"swiper-slide\"><div class=\"fusion-carousel-item-wrapper\"><div class=\"fusion-image-wrapper hover-type-zoomin\"><img decoding=\"async\" width=\"1200\" height=\"814\" src=\"https:\/\/construccionsmodulars.es\/wp-content\/uploads\/2024\/06\/construccions-modulars-cambrils_10.jpg\" class=\"attachment-full size-full lazyload\" alt=\"\" srcset=\"data:image\/svg+xml,%3Csvg%20xmlns%3D%27http%3A%2F%2Fwww.w3.org%2F2000%2Fsvg%27%20width%3D%271200%27%20height%3D%27814%27%20viewBox%3D%270%200%201200%20814%27%3E%3Crect%20width%3D%271200%27%20height%3D%27814%27%20fill-opacity%3D%220%22%2F%3E%3C%2Fsvg%3E\" data-orig-src=\"https:\/\/construccionsmodulars.es\/wp-content\/uploads\/2024\/06\/construccions-modulars-cambrils_10.jpg\" data-srcset=\"https:\/\/construccionsmodulars.es\/wp-content\/uploads\/2024\/06\/construccions-modulars-cambrils_10-200x136.jpg 200w, https:\/\/construccionsmodulars.es\/wp-content\/uploads\/2024\/06\/construccions-modulars-cambrils_10-400x271.jpg 400w, https:\/\/construccionsmodulars.es\/wp-content\/uploads\/2024\/06\/construccions-modulars-cambrils_10-600x407.jpg 600w, https:\/\/construccionsmodulars.es\/wp-content\/uploads\/2024\/06\/construccions-modulars-cambrils_10-800x543.jpg 800w, https:\/\/construccionsmodulars.es\/wp-content\/uploads\/2024\/06\/construccions-modulars-cambrils_10.jpg 1200w\" data-sizes=\"auto\" \/><\/div><\/div><\/div><div class=\"swiper-slide\"><div class=\"fusion-carousel-item-wrapper\"><div class=\"fusion-image-wrapper hover-type-zoomin\"><img decoding=\"async\" width=\"1101\" height=\"766\" src=\"https:\/\/construccionsmodulars.es\/wp-content\/uploads\/2024\/06\/construccions-modulars-cambrils_11.jpg\" class=\"attachment-full size-full lazyload\" alt=\"\" srcset=\"data:image\/svg+xml,%3Csvg%20xmlns%3D%27http%3A%2F%2Fwww.w3.org%2F2000%2Fsvg%27%20width%3D%271101%27%20height%3D%27766%27%20viewBox%3D%270%200%201101%20766%27%3E%3Crect%20width%3D%271101%27%20height%3D%27766%27%20fill-opacity%3D%220%22%2F%3E%3C%2Fsvg%3E\" data-orig-src=\"https:\/\/construccionsmodulars.es\/wp-content\/uploads\/2024\/06\/construccions-modulars-cambrils_11.jpg\" data-srcset=\"https:\/\/construccionsmodulars.es\/wp-content\/uploads\/2024\/06\/construccions-modulars-cambrils_11-200x139.jpg 200w, https:\/\/construccionsmodulars.es\/wp-content\/uploads\/2024\/06\/construccions-modulars-cambrils_11-400x278.jpg 400w, https:\/\/construccionsmodulars.es\/wp-content\/uploads\/2024\/06\/construccions-modulars-cambrils_11-600x417.jpg 600w, https:\/\/construccionsmodulars.es\/wp-content\/uploads\/2024\/06\/construccions-modulars-cambrils_11-800x557.jpg 800w, https:\/\/construccionsmodulars.es\/wp-content\/uploads\/2024\/06\/construccions-modulars-cambrils_11.jpg 1101w\" data-sizes=\"auto\" \/><\/div><\/div><\/div><div class=\"swiper-slide\"><div class=\"fusion-carousel-item-wrapper\"><div class=\"fusion-image-wrapper hover-type-zoomin\"><img decoding=\"async\" width=\"1097\" height=\"777\" src=\"https:\/\/construccionsmodulars.es\/wp-content\/uploads\/2024\/06\/construccions-modulars-cambrils_13.jpg\" class=\"attachment-full size-full lazyload\" alt=\"\" srcset=\"data:image\/svg+xml,%3Csvg%20xmlns%3D%27http%3A%2F%2Fwww.w3.org%2F2000%2Fsvg%27%20width%3D%271097%27%20height%3D%27777%27%20viewBox%3D%270%200%201097%20777%27%3E%3Crect%20width%3D%271097%27%20height%3D%27777%27%20fill-opacity%3D%220%22%2F%3E%3C%2Fsvg%3E\" data-orig-src=\"https:\/\/construccionsmodulars.es\/wp-content\/uploads\/2024\/06\/construccions-modulars-cambrils_13.jpg\" data-srcset=\"https:\/\/construccionsmodulars.es\/wp-content\/uploads\/2024\/06\/construccions-modulars-cambrils_13-200x142.jpg 200w, https:\/\/construccionsmodulars.es\/wp-content\/uploads\/2024\/06\/construccions-modulars-cambrils_13-400x283.jpg 400w, https:\/\/construccionsmodulars.es\/wp-content\/uploads\/2024\/06\/construccions-modulars-cambrils_13-600x425.jpg 600w, https:\/\/construccionsmodulars.es\/wp-content\/uploads\/2024\/06\/construccions-modulars-cambrils_13-800x567.jpg 800w, https:\/\/construccionsmodulars.es\/wp-content\/uploads\/2024\/06\/construccions-modulars-cambrils_13.jpg 1097w\" data-sizes=\"auto\" \/><\/div><\/div><\/div><div class=\"swiper-slide\"><div class=\"fusion-carousel-item-wrapper\"><div class=\"fusion-image-wrapper hover-type-zoomin\"><img decoding=\"async\" width=\"1108\" height=\"782\" src=\"https:\/\/construccionsmodulars.es\/wp-content\/uploads\/2024\/06\/construccions-modulars-cambrils_14.jpg\" class=\"attachment-full size-full lazyload\" alt=\"\" srcset=\"data:image\/svg+xml,%3Csvg%20xmlns%3D%27http%3A%2F%2Fwww.w3.org%2F2000%2Fsvg%27%20width%3D%271108%27%20height%3D%27782%27%20viewBox%3D%270%200%201108%20782%27%3E%3Crect%20width%3D%271108%27%20height%3D%27782%27%20fill-opacity%3D%220%22%2F%3E%3C%2Fsvg%3E\" data-orig-src=\"https:\/\/construccionsmodulars.es\/wp-content\/uploads\/2024\/06\/construccions-modulars-cambrils_14.jpg\" data-srcset=\"https:\/\/construccionsmodulars.es\/wp-content\/uploads\/2024\/06\/construccions-modulars-cambrils_14-200x141.jpg 200w, https:\/\/construccionsmodulars.es\/wp-content\/uploads\/2024\/06\/construccions-modulars-cambrils_14-400x282.jpg 400w, https:\/\/construccionsmodulars.es\/wp-content\/uploads\/2024\/06\/construccions-modulars-cambrils_14-600x423.jpg 600w, https:\/\/construccionsmodulars.es\/wp-content\/uploads\/2024\/06\/construccions-modulars-cambrils_14-800x565.jpg 800w, https:\/\/construccionsmodulars.es\/wp-content\/uploads\/2024\/06\/construccions-modulars-cambrils_14.jpg 1108w\" data-sizes=\"auto\" \/><\/div><\/div><\/div><div class=\"swiper-slide\"><div class=\"fusion-carousel-item-wrapper\"><div class=\"fusion-image-wrapper hover-type-zoomin\"><img decoding=\"async\" width=\"1107\" height=\"781\" src=\"https:\/\/construccionsmodulars.es\/wp-content\/uploads\/2024\/06\/construccions-modulars-cambrils_15.jpg\" class=\"attachment-full size-full lazyload\" alt=\"\" srcset=\"data:image\/svg+xml,%3Csvg%20xmlns%3D%27http%3A%2F%2Fwww.w3.org%2F2000%2Fsvg%27%20width%3D%271107%27%20height%3D%27781%27%20viewBox%3D%270%200%201107%20781%27%3E%3Crect%20width%3D%271107%27%20height%3D%27781%27%20fill-opacity%3D%220%22%2F%3E%3C%2Fsvg%3E\" data-orig-src=\"https:\/\/construccionsmodulars.es\/wp-content\/uploads\/2024\/06\/construccions-modulars-cambrils_15.jpg\" data-srcset=\"https:\/\/construccionsmodulars.es\/wp-content\/uploads\/2024\/06\/construccions-modulars-cambrils_15-200x141.jpg 200w, https:\/\/construccionsmodulars.es\/wp-content\/uploads\/2024\/06\/construccions-modulars-cambrils_15-400x282.jpg 400w, https:\/\/construccionsmodulars.es\/wp-content\/uploads\/2024\/06\/construccions-modulars-cambrils_15-600x423.jpg 600w, https:\/\/construccionsmodulars.es\/wp-content\/uploads\/2024\/06\/construccions-modulars-cambrils_15-800x564.jpg 800w, https:\/\/construccionsmodulars.es\/wp-content\/uploads\/2024\/06\/construccions-modulars-cambrils_15.jpg 1107w\" data-sizes=\"auto\" \/><\/div><\/div><\/div><div class=\"swiper-slide\"><div class=\"fusion-carousel-item-wrapper\"><div class=\"fusion-image-wrapper hover-type-zoomin\"><img decoding=\"async\" width=\"1100\" height=\"780\" src=\"https:\/\/construccionsmodulars.es\/wp-content\/uploads\/2024\/06\/construccions-modulars-cambrils_16.jpg\" class=\"attachment-full size-full lazyload\" alt=\"\" srcset=\"data:image\/svg+xml,%3Csvg%20xmlns%3D%27http%3A%2F%2Fwww.w3.org%2F2000%2Fsvg%27%20width%3D%271100%27%20height%3D%27780%27%20viewBox%3D%270%200%201100%20780%27%3E%3Crect%20width%3D%271100%27%20height%3D%27780%27%20fill-opacity%3D%220%22%2F%3E%3C%2Fsvg%3E\" data-orig-src=\"https:\/\/construccionsmodulars.es\/wp-content\/uploads\/2024\/06\/construccions-modulars-cambrils_16.jpg\" data-srcset=\"https:\/\/construccionsmodulars.es\/wp-content\/uploads\/2024\/06\/construccions-modulars-cambrils_16-200x142.jpg 200w, https:\/\/construccionsmodulars.es\/wp-content\/uploads\/2024\/06\/construccions-modulars-cambrils_16-400x284.jpg 400w, https:\/\/construccionsmodulars.es\/wp-content\/uploads\/2024\/06\/construccions-modulars-cambrils_16-600x425.jpg 600w, https:\/\/construccionsmodulars.es\/wp-content\/uploads\/2024\/06\/construccions-modulars-cambrils_16-800x567.jpg 800w, https:\/\/construccionsmodulars.es\/wp-content\/uploads\/2024\/06\/construccions-modulars-cambrils_16.jpg 1100w\" data-sizes=\"auto\" \/><\/div><\/div><\/div><div class=\"swiper-slide\"><div class=\"fusion-carousel-item-wrapper\"><div class=\"fusion-image-wrapper hover-type-zoomin\"><img decoding=\"async\" width=\"1106\" height=\"779\" src=\"https:\/\/construccionsmodulars.es\/wp-content\/uploads\/2024\/06\/construccions-modulars-cambrils_17.jpg\" class=\"attachment-full size-full lazyload\" alt=\"\" srcset=\"data:image\/svg+xml,%3Csvg%20xmlns%3D%27http%3A%2F%2Fwww.w3.org%2F2000%2Fsvg%27%20width%3D%271106%27%20height%3D%27779%27%20viewBox%3D%270%200%201106%20779%27%3E%3Crect%20width%3D%271106%27%20height%3D%27779%27%20fill-opacity%3D%220%22%2F%3E%3C%2Fsvg%3E\" data-orig-src=\"https:\/\/construccionsmodulars.es\/wp-content\/uploads\/2024\/06\/construccions-modulars-cambrils_17.jpg\" data-srcset=\"https:\/\/construccionsmodulars.es\/wp-content\/uploads\/2024\/06\/construccions-modulars-cambrils_17-200x141.jpg 200w, https:\/\/construccionsmodulars.es\/wp-content\/uploads\/2024\/06\/construccions-modulars-cambrils_17-400x282.jpg 400w, https:\/\/construccionsmodulars.es\/wp-content\/uploads\/2024\/06\/construccions-modulars-cambrils_17-600x423.jpg 600w, https:\/\/construccionsmodulars.es\/wp-content\/uploads\/2024\/06\/construccions-modulars-cambrils_17-800x563.jpg 800w, https:\/\/construccionsmodulars.es\/wp-content\/uploads\/2024\/06\/construccions-modulars-cambrils_17.jpg 1106w\" data-sizes=\"auto\" \/><\/div><\/div><\/div><div class=\"swiper-slide\"><div class=\"fusion-carousel-item-wrapper\"><div class=\"fusion-image-wrapper hover-type-zoomin\"><img decoding=\"async\" width=\"1093\" height=\"778\" src=\"https:\/\/construccionsmodulars.es\/wp-content\/uploads\/2024\/06\/construccions-modulars-cambrils_18.jpg\" class=\"attachment-full size-full lazyload\" alt=\"\" srcset=\"data:image\/svg+xml,%3Csvg%20xmlns%3D%27http%3A%2F%2Fwww.w3.org%2F2000%2Fsvg%27%20width%3D%271093%27%20height%3D%27778%27%20viewBox%3D%270%200%201093%20778%27%3E%3Crect%20width%3D%271093%27%20height%3D%27778%27%20fill-opacity%3D%220%22%2F%3E%3C%2Fsvg%3E\" data-orig-src=\"https:\/\/construccionsmodulars.es\/wp-content\/uploads\/2024\/06\/construccions-modulars-cambrils_18.jpg\" data-srcset=\"https:\/\/construccionsmodulars.es\/wp-content\/uploads\/2024\/06\/construccions-modulars-cambrils_18-200x142.jpg 200w, https:\/\/construccionsmodulars.es\/wp-content\/uploads\/2024\/06\/construccions-modulars-cambrils_18-400x285.jpg 400w, https:\/\/construccionsmodulars.es\/wp-content\/uploads\/2024\/06\/construccions-modulars-cambrils_18-600x427.jpg 600w, https:\/\/construccionsmodulars.es\/wp-content\/uploads\/2024\/06\/construccions-modulars-cambrils_18-800x569.jpg 800w, https:\/\/construccionsmodulars.es\/wp-content\/uploads\/2024\/06\/construccions-modulars-cambrils_18.jpg 1093w\" data-sizes=\"auto\" \/><\/div><\/div><\/div><\/div><div class=\"awb-swiper-button awb-swiper-button-prev\"><i class=\"awb-icon-angle-left\" aria-hidden=\"true\"><\/i><\/div><div class=\"awb-swiper-button awb-swiper-button-next\"><i class=\"awb-icon-angle-right\" aria-hidden=\"true\"><\/i><\/div><\/div><\/div><\/div><\/div><\/div><\/div><div class=\"fusion-fullwidth fullwidth-box fusion-builder-row-4 fusion-flex-container has-pattern-background has-mask-background nonhundred-percent-fullwidth non-hundred-percent-height-scrolling\" style=\"--awb-border-radius-top-left:0px;--awb-border-radius-top-right:0px;--awb-border-radius-bottom-right:0px;--awb-border-radius-bottom-left:0px;--awb-flex-wrap:wrap;\" ><div class=\"fusion-builder-row fusion-row fusion-flex-align-items-flex-start fusion-flex-content-wrap\" style=\"max-width:1227.2px;margin-left: calc(-4% \/ 2 );margin-right: calc(-4% \/ 2 );\"><div class=\"fusion-layout-column fusion_builder_column fusion-builder-column-4 fusion_builder_column_1_1 1_1 fusion-flex-column\" style=\"--awb-bg-size:cover;--awb-width-large:100%;--awb-margin-top-large:15px;--awb-spacing-right-large:1.92%;--awb-margin-bottom-large:15px;--awb-spacing-left-large:1.92%;--awb-width-medium:100%;--awb-order-medium:0;--awb-spacing-right-medium:1.92%;--awb-spacing-left-medium:1.92%;--awb-width-small:100%;--awb-order-small:0;--awb-spacing-right-small:1.92%;--awb-spacing-left-small:1.92%;\"><div class=\"fusion-column-wrapper fusion-column-has-shadow fusion-flex-justify-content-flex-start fusion-content-layout-column\"><div class=\"fusion-title title fusion-title-2 fusion-title-text fusion-title-size-one\" style=\"--awb-margin-top-small:0px;--awb-margin-right-small:0px;--awb-margin-bottom-small:20px;--awb-margin-left-small:0px;\"><div class=\"title-sep-container title-sep-container-left fusion-no-large-visibility fusion-no-medium-visibility fusion-no-small-visibility\"><div class=\"title-sep sep- sep-solid\" style=\"border-color:var(--awb-color6);\"><\/div><\/div><span class=\"awb-title-spacer fusion-no-large-visibility fusion-no-medium-visibility fusion-no-small-visibility\"><\/span><h1 class=\"fusion-title-heading title-heading-left fusion-responsive-typography-calculated\" style=\"margin:0;--fontSize:66;line-height:1.15;\">Descripci\u00f3:<\/h1><span class=\"awb-title-spacer\"><\/span><div class=\"title-sep-container title-sep-container-right\"><div class=\"title-sep sep- sep-solid\" style=\"border-color:var(--awb-color6);\"><\/div><\/div><\/div><div class=\"fusion-text fusion-text-2\"><p>Amb el sistema de construcci\u00f3 ModulAr, es construeix aquesta preciosa casa a Cambrils. T\u00e9 una superf\u00edcie de 100 m2 i 4 habitacions. Aquest sistema ofereix una construcci\u00f3 r\u00e0pida i eficient. Gr\u00e0cies a la seva tecnologia, el temps d&#8217;execuci\u00f3 d&#8217;aquesta casa \u00e9s de 3 setmanes, i ha perm\u00e8s al nostre client gaudir r\u00e0pidament del seu nou habitatge. Aquesta opci\u00f3 \u00e9s ideal per a aquells que busquen una construcci\u00f3 moderna i de qualitat en un termini curt.<\/p>\n<\/div><\/div><\/div><\/div><\/div><div class=\"fusion-fullwidth fullwidth-box fusion-builder-row-5 fusion-flex-container hundred-percent-fullwidth non-hundred-percent-height-scrolling\" style=\"--awb-border-radius-top-left:0px;--awb-border-radius-top-right:0px;--awb-border-radius-bottom-right:0px;--awb-border-radius-bottom-left:0px;--awb-padding-top:0px;--awb-padding-right:0px;--awb-padding-bottom:0px;--awb-padding-left:0px;--awb-background-color:var(--awb-color4);--awb-background-image:linear-gradient(180deg, var(--awb-color4) 0%,var(--awb-color4) 100%);--awb-flex-wrap:wrap;\" ><div class=\"fusion-builder-row fusion-row fusion-flex-align-items-flex-start fusion-flex-content-wrap\" style=\"width:calc( 100% + 0px ) !important;max-width:calc( 100% + 0px ) !important;margin-left: calc(-0px \/ 2 );margin-right: calc(-0px \/ 2 );\"><div class=\"fusion-layout-column fusion_builder_column fusion-builder-column-5 fusion_builder_column_1_1 1_1 fusion-flex-column\" style=\"--awb-bg-image:linear-gradient(180deg, var(--awb-color4) 0%,var(--awb-color4) 100%);;--awb-bg-size:cover;--awb-width-large:100%;--awb-margin-top-large:0px;--awb-spacing-right-large:0px;--awb-margin-bottom-large:0px;--awb-spacing-left-large:0px;--awb-width-medium:100%;--awb-spacing-right-medium:0px;--awb-spacing-left-medium:0px;--awb-width-small:100%;--awb-spacing-right-small:0px;--awb-spacing-left-small:0px;\"><div class=\"fusion-column-wrapper lazyload fusion-flex-justify-content-flex-start fusion-content-layout-column fusion-column-has-bg-image\" data-bg-url=\"https:\/\/construccionsmodulars.es\/wp-content\/uploads\/2018\/04\/image_carousel_5.jpg\" data-bg=\"https:\/\/construccionsmodulars.es\/wp-content\/uploads\/2018\/04\/image_carousel_5.jpg\" data-bg-gradient=\"linear-gradient(180deg, var(--awb-color4) 0%,var(--awb-color4) 100%)\"><div style=\"text-align:center;\"><a class=\"fusion-button button-flat fusion-button-default-size button-custom fusion-button-default button-1 fusion-button-default-span fusion-button-default-type custom-button\" style=\"--button_accent_color:var(--awb-color4);--button_border_color:var(--awb-color4);--button_accent_hover_color:var(--awb-color1);--button_border_hover_color:var(--awb-color1);--button_gradient_top_color:var(--awb-color1);--button_gradient_bottom_color:var(--awb-color1);--button_gradient_top_color_hover:var(--awb-color4);--button_gradient_bottom_color_hover:var(--awb-color4);width:calc(100%);\" target=\"_self\" data-hover=\"icon_position\" href=\"https:\/\/construccionsmodulars.es\/ca\/projectes\/\"><span class=\"fusion-button-text awb-button__text awb-button__text--default\">Veure tots els projectes<\/span><\/a><\/div><\/div><\/div><\/div><\/div><\/p>\n","protected":false},"excerpt":{"rendered":"","protected":false},"author":1,"featured_media":3524,"menu_order":6,"comment_status":"open","ping_status":"closed","template":"","format":"standard","meta":{"footnotes":""},"portfolio_category":[46],"portfolio_skills":[],"portfolio_tags":[],"class_list":["post-3518","avada_portfolio","type-avada_portfolio","status-publish","format-standard","has-post-thumbnail","hentry","portfolio_category-habitatges"],"yoast_head":"<!-- This site is optimized with the Yoast SEO Premium plugin v25.1 (Yoast SEO v27.5) - https:\/\/yoast.com\/product\/yoast-seo-premium-wordpress\/ -->\n<title>Casa ModulAr - Cambrils - ModulAr<\/title>\n<meta name=\"robots\" content=\"index, follow, max-snippet:-1, max-image-preview:large, max-video-preview:-1\" \/>\n<link rel=\"canonical\" href=\"https:\/\/construccionsmodulars.es\/ca\/projects\/casa-modular-cambrils\/\" \/>\n<meta property=\"og:locale\" content=\"ca_ES\" \/>\n<meta property=\"og:type\" content=\"article\" \/>\n<meta property=\"og:title\" content=\"Casa ModulAr - Cambrils\" \/>\n<meta property=\"og:url\" content=\"https:\/\/construccionsmodulars.es\/ca\/projects\/casa-modular-cambrils\/\" \/>\n<meta property=\"og:site_name\" content=\"ModulAr\" \/>\n<meta property=\"article:publisher\" content=\"https:\/\/www.facebook.com\/ModularCasasyestructuras\" \/>\n<meta property=\"article:modified_time\" content=\"2026-01-19T19:24:39+00:00\" \/>\n<meta property=\"og:image\" content=\"https:\/\/construccionsmodulars.es\/wp-content\/uploads\/2024\/06\/construccions-modulars-cambrils_01-1.jpg\" \/>\n\t<meta property=\"og:image:width\" content=\"1000\" \/>\n\t<meta property=\"og:image:height\" content=\"750\" \/>\n\t<meta property=\"og:image:type\" content=\"image\/jpeg\" \/>\n<meta name=\"twitter:card\" content=\"summary_large_image\" \/>\n<meta name=\"twitter:label1\" content=\"Temps estimat de lectura\" \/>\n\t<meta name=\"twitter:data1\" content=\"8 minuts\" \/>\n<script type=\"application\/ld+json\" class=\"yoast-schema-graph\">{\"@context\":\"https:\\\/\\\/schema.org\",\"@graph\":[{\"@type\":\"WebPage\",\"@id\":\"https:\\\/\\\/construccionsmodulars.es\\\/ca\\\/projects\\\/casa-modular-cambrils\\\/\",\"url\":\"https:\\\/\\\/construccionsmodulars.es\\\/ca\\\/projects\\\/casa-modular-cambrils\\\/\",\"name\":\"Casa ModulAr - Cambrils - ModulAr\",\"isPartOf\":{\"@id\":\"https:\\\/\\\/construccionsmodulars.es\\\/ca\\\/#website\"},\"primaryImageOfPage\":{\"@id\":\"https:\\\/\\\/construccionsmodulars.es\\\/ca\\\/projects\\\/casa-modular-cambrils\\\/#primaryimage\"},\"image\":{\"@id\":\"https:\\\/\\\/construccionsmodulars.es\\\/ca\\\/projects\\\/casa-modular-cambrils\\\/#primaryimage\"},\"thumbnailUrl\":\"https:\\\/\\\/construccionsmodulars.es\\\/wp-content\\\/uploads\\\/2024\\\/06\\\/construccions-modulars-cambrils_01-1.jpg\",\"datePublished\":\"2024-06-03T11:46:29+00:00\",\"dateModified\":\"2026-01-19T19:24:39+00:00\",\"breadcrumb\":{\"@id\":\"https:\\\/\\\/construccionsmodulars.es\\\/ca\\\/projects\\\/casa-modular-cambrils\\\/#breadcrumb\"},\"inLanguage\":\"ca\",\"potentialAction\":[{\"@type\":\"ReadAction\",\"target\":[\"https:\\\/\\\/construccionsmodulars.es\\\/ca\\\/projects\\\/casa-modular-cambrils\\\/\"]}]},{\"@type\":\"ImageObject\",\"inLanguage\":\"ca\",\"@id\":\"https:\\\/\\\/construccionsmodulars.es\\\/ca\\\/projects\\\/casa-modular-cambrils\\\/#primaryimage\",\"url\":\"https:\\\/\\\/construccionsmodulars.es\\\/wp-content\\\/uploads\\\/2024\\\/06\\\/construccions-modulars-cambrils_01-1.jpg\",\"contentUrl\":\"https:\\\/\\\/construccionsmodulars.es\\\/wp-content\\\/uploads\\\/2024\\\/06\\\/construccions-modulars-cambrils_01-1.jpg\",\"width\":1000,\"height\":750},{\"@type\":\"BreadcrumbList\",\"@id\":\"https:\\\/\\\/construccionsmodulars.es\\\/ca\\\/projects\\\/casa-modular-cambrils\\\/#breadcrumb\",\"itemListElement\":[{\"@type\":\"ListItem\",\"position\":1,\"name\":\"Inici\",\"item\":\"https:\\\/\\\/construccionsmodulars.es\\\/ca\\\/\"},{\"@type\":\"ListItem\",\"position\":2,\"name\":\"Portfolio\",\"item\":\"https:\\\/\\\/construccionsmodulars.es\\\/ca\\\/projects\\\/\"},{\"@type\":\"ListItem\",\"position\":3,\"name\":\"Casa ModulAr &#8211; Cambrils\"}]},{\"@type\":\"WebSite\",\"@id\":\"https:\\\/\\\/construccionsmodulars.es\\\/ca\\\/#website\",\"url\":\"https:\\\/\\\/construccionsmodulars.es\\\/ca\\\/\",\"name\":\"ModulAr\",\"description\":\"Construccions Met\u00e0l.liques\",\"publisher\":{\"@id\":\"https:\\\/\\\/construccionsmodulars.es\\\/ca\\\/#organization\"},\"potentialAction\":[{\"@type\":\"SearchAction\",\"target\":{\"@type\":\"EntryPoint\",\"urlTemplate\":\"https:\\\/\\\/construccionsmodulars.es\\\/ca\\\/?s={search_term_string}\"},\"query-input\":{\"@type\":\"PropertyValueSpecification\",\"valueRequired\":true,\"valueName\":\"search_term_string\"}}],\"inLanguage\":\"ca\"},{\"@type\":\"Organization\",\"@id\":\"https:\\\/\\\/construccionsmodulars.es\\\/ca\\\/#organization\",\"name\":\"ModulAr\",\"url\":\"https:\\\/\\\/construccionsmodulars.es\\\/ca\\\/\",\"logo\":{\"@type\":\"ImageObject\",\"inLanguage\":\"ca\",\"@id\":\"https:\\\/\\\/construccionsmodulars.es\\\/ca\\\/#\\\/schema\\\/logo\\\/image\\\/\",\"url\":\"https:\\\/\\\/construccionsmodulars.es\\\/wp-content\\\/uploads\\\/2025\\\/06\\\/Logo_Modular_v03-18-scaled.jpg\",\"contentUrl\":\"https:\\\/\\\/construccionsmodulars.es\\\/wp-content\\\/uploads\\\/2025\\\/06\\\/Logo_Modular_v03-18-scaled.jpg\",\"width\":2560,\"height\":2560,\"caption\":\"ModulAr\"},\"image\":{\"@id\":\"https:\\\/\\\/construccionsmodulars.es\\\/ca\\\/#\\\/schema\\\/logo\\\/image\\\/\"},\"sameAs\":[\"https:\\\/\\\/www.facebook.com\\\/ModularCasasyestructuras\",\"https:\\\/\\\/www.instagram.com\\\/modular_estructuras_metalicas\\\/\"]}]}<\/script>\n<!-- \/ Yoast SEO Premium plugin. -->","yoast_head_json":{"title":"Casa ModulAr - Cambrils - ModulAr","robots":{"index":"index","follow":"follow","max-snippet":"max-snippet:-1","max-image-preview":"max-image-preview:large","max-video-preview":"max-video-preview:-1"},"canonical":"https:\/\/construccionsmodulars.es\/ca\/projects\/casa-modular-cambrils\/","og_locale":"ca_ES","og_type":"article","og_title":"Casa ModulAr - Cambrils","og_url":"https:\/\/construccionsmodulars.es\/ca\/projects\/casa-modular-cambrils\/","og_site_name":"ModulAr","article_publisher":"https:\/\/www.facebook.com\/ModularCasasyestructuras","article_modified_time":"2026-01-19T19:24:39+00:00","og_image":[{"width":1000,"height":750,"url":"https:\/\/construccionsmodulars.es\/wp-content\/uploads\/2024\/06\/construccions-modulars-cambrils_01-1.jpg","type":"image\/jpeg"}],"twitter_card":"summary_large_image","twitter_misc":{"Temps estimat de lectura":"8 minuts"},"schema":{"@context":"https:\/\/schema.org","@graph":[{"@type":"WebPage","@id":"https:\/\/construccionsmodulars.es\/ca\/projects\/casa-modular-cambrils\/","url":"https:\/\/construccionsmodulars.es\/ca\/projects\/casa-modular-cambrils\/","name":"Casa ModulAr - Cambrils - ModulAr","isPartOf":{"@id":"https:\/\/construccionsmodulars.es\/ca\/#website"},"primaryImageOfPage":{"@id":"https:\/\/construccionsmodulars.es\/ca\/projects\/casa-modular-cambrils\/#primaryimage"},"image":{"@id":"https:\/\/construccionsmodulars.es\/ca\/projects\/casa-modular-cambrils\/#primaryimage"},"thumbnailUrl":"https:\/\/construccionsmodulars.es\/wp-content\/uploads\/2024\/06\/construccions-modulars-cambrils_01-1.jpg","datePublished":"2024-06-03T11:46:29+00:00","dateModified":"2026-01-19T19:24:39+00:00","breadcrumb":{"@id":"https:\/\/construccionsmodulars.es\/ca\/projects\/casa-modular-cambrils\/#breadcrumb"},"inLanguage":"ca","potentialAction":[{"@type":"ReadAction","target":["https:\/\/construccionsmodulars.es\/ca\/projects\/casa-modular-cambrils\/"]}]},{"@type":"ImageObject","inLanguage":"ca","@id":"https:\/\/construccionsmodulars.es\/ca\/projects\/casa-modular-cambrils\/#primaryimage","url":"https:\/\/construccionsmodulars.es\/wp-content\/uploads\/2024\/06\/construccions-modulars-cambrils_01-1.jpg","contentUrl":"https:\/\/construccionsmodulars.es\/wp-content\/uploads\/2024\/06\/construccions-modulars-cambrils_01-1.jpg","width":1000,"height":750},{"@type":"BreadcrumbList","@id":"https:\/\/construccionsmodulars.es\/ca\/projects\/casa-modular-cambrils\/#breadcrumb","itemListElement":[{"@type":"ListItem","position":1,"name":"Inici","item":"https:\/\/construccionsmodulars.es\/ca\/"},{"@type":"ListItem","position":2,"name":"Portfolio","item":"https:\/\/construccionsmodulars.es\/ca\/projects\/"},{"@type":"ListItem","position":3,"name":"Casa ModulAr &#8211; Cambrils"}]},{"@type":"WebSite","@id":"https:\/\/construccionsmodulars.es\/ca\/#website","url":"https:\/\/construccionsmodulars.es\/ca\/","name":"ModulAr","description":"Construccions Met\u00e0l.liques","publisher":{"@id":"https:\/\/construccionsmodulars.es\/ca\/#organization"},"potentialAction":[{"@type":"SearchAction","target":{"@type":"EntryPoint","urlTemplate":"https:\/\/construccionsmodulars.es\/ca\/?s={search_term_string}"},"query-input":{"@type":"PropertyValueSpecification","valueRequired":true,"valueName":"search_term_string"}}],"inLanguage":"ca"},{"@type":"Organization","@id":"https:\/\/construccionsmodulars.es\/ca\/#organization","name":"ModulAr","url":"https:\/\/construccionsmodulars.es\/ca\/","logo":{"@type":"ImageObject","inLanguage":"ca","@id":"https:\/\/construccionsmodulars.es\/ca\/#\/schema\/logo\/image\/","url":"https:\/\/construccionsmodulars.es\/wp-content\/uploads\/2025\/06\/Logo_Modular_v03-18-scaled.jpg","contentUrl":"https:\/\/construccionsmodulars.es\/wp-content\/uploads\/2025\/06\/Logo_Modular_v03-18-scaled.jpg","width":2560,"height":2560,"caption":"ModulAr"},"image":{"@id":"https:\/\/construccionsmodulars.es\/ca\/#\/schema\/logo\/image\/"},"sameAs":["https:\/\/www.facebook.com\/ModularCasasyestructuras","https:\/\/www.instagram.com\/modular_estructuras_metalicas\/"]}]}},"_links":{"self":[{"href":"https:\/\/construccionsmodulars.es\/ca\/wp-json\/wp\/v2\/avada_portfolio\/3518","targetHints":{"allow":["GET"]}}],"collection":[{"href":"https:\/\/construccionsmodulars.es\/ca\/wp-json\/wp\/v2\/avada_portfolio"}],"about":[{"href":"https:\/\/construccionsmodulars.es\/ca\/wp-json\/wp\/v2\/types\/avada_portfolio"}],"author":[{"embeddable":true,"href":"https:\/\/construccionsmodulars.es\/ca\/wp-json\/wp\/v2\/users\/1"}],"replies":[{"embeddable":true,"href":"https:\/\/construccionsmodulars.es\/ca\/wp-json\/wp\/v2\/comments?post=3518"}],"version-history":[{"count":12,"href":"https:\/\/construccionsmodulars.es\/ca\/wp-json\/wp\/v2\/avada_portfolio\/3518\/revisions"}],"predecessor-version":[{"id":4874,"href":"https:\/\/construccionsmodulars.es\/ca\/wp-json\/wp\/v2\/avada_portfolio\/3518\/revisions\/4874"}],"wp:featuredmedia":[{"embeddable":true,"href":"https:\/\/construccionsmodulars.es\/ca\/wp-json\/wp\/v2\/media\/3524"}],"wp:attachment":[{"href":"https:\/\/construccionsmodulars.es\/ca\/wp-json\/wp\/v2\/media?parent=3518"}],"wp:term":[{"taxonomy":"portfolio_category","embeddable":true,"href":"https:\/\/construccionsmodulars.es\/ca\/wp-json\/wp\/v2\/portfolio_category?post=3518"},{"taxonomy":"portfolio_skills","embeddable":true,"href":"https:\/\/construccionsmodulars.es\/ca\/wp-json\/wp\/v2\/portfolio_skills?post=3518"},{"taxonomy":"portfolio_tags","embeddable":true,"href":"https:\/\/construccionsmodulars.es\/ca\/wp-json\/wp\/v2\/portfolio_tags?post=3518"}],"curies":[{"name":"wp","href":"https:\/\/api.w.org\/{rel}","templated":true}]}}