{"id":12,"date":"2017-11-15T09:42:45","date_gmt":"2017-11-15T09:42:45","guid":{"rendered":"https:\/\/avadawebsites.wpengine.com\/electrician\/?page_id=12"},"modified":"2025-12-17T14:20:11","modified_gmt":"2025-12-17T14:20:11","slug":"projectes","status":"publish","type":"page","link":"https:\/\/construccionsmodulars.es\/ca\/projectes\/","title":{"rendered":"Projectes"},"content":{"rendered":"<p><div class=\"fusion-fullwidth fullwidth-box fusion-builder-row-1 fusion-flex-container fusion-parallax-none nonhundred-percent-fullwidth non-hundred-percent-height-scrolling lazyload\" style=\"--awb-border-radius-top-left:0px;--awb-border-radius-top-right:0px;--awb-border-radius-bottom-right:0px;--awb-border-radius-bottom-left:0px;--awb-padding-top:0px;--awb-padding-bottom:0px;--awb-margin-bottom:0px;--awb-background-color:var(--awb-color2);--awb-background-image:linear-gradient(180deg, rgba(255,255,255,0.74) 0%,rgba(255,255,255,0.75) 100%);;--awb-background-size:cover;--awb-flex-wrap:wrap;\" data-bg=\"https:\/\/construccionsmodulars.es\/wp-content\/uploads\/2024\/06\/Nau-Industrial-llivia-04-300x225.jpg\" data-bg-gradient=\"linear-gradient(180deg, rgba(255,255,255,0.74) 0%,rgba(255,255,255,0.75) 100%)\" ><div class=\"fusion-builder-row fusion-row fusion-flex-align-items-flex-start fusion-flex-justify-content-center fusion-flex-content-wrap\" style=\"max-width:1227.2px;margin-left: calc(-4% \/ 2 );margin-right: calc(-4% \/ 2 );\"><div class=\"fusion-layout-column fusion_builder_column fusion-builder-column-0 fusion_builder_column_2_3 2_3 fusion-flex-column fusion-animated\" style=\"--awb-bg-blend:overlay;--awb-bg-size:cover;--awb-width-large:66.666666666667%;--awb-margin-top-large:133px;--awb-spacing-right-large:2.88%;--awb-margin-bottom-large:133px;--awb-spacing-left-large:2.88%;--awb-width-medium:100%;--awb-spacing-right-medium:1.92%;--awb-spacing-left-medium:1.92%;--awb-width-small:100%;--awb-spacing-right-small:1.92%;--awb-spacing-left-small:1.92%;\" data-animationType=\"zoomIn\" data-animationDuration=\"0.9\" data-animationOffset=\"top-into-view\"><div class=\"fusion-column-wrapper fusion-flex-justify-content-flex-start fusion-content-layout-column\"><div class=\"fusion-title title fusion-title-1 fusion-sep-none fusion-title-center fusion-title-text fusion-title-size-one\" style=\"--awb-text-color:var(--awb-color6);--awb-margin-top-small:0px;--awb-margin-right-small:0px;--awb-margin-bottom-small:20px;--awb-margin-left-small:0px;--awb-font-size:66px;\"><h1 class=\"fusion-title-heading title-heading-center fusion-responsive-typography-calculated\" style=\"font-family:&quot;Roboto&quot;;font-style:normal;font-weight:300;margin:0;text-transform:uppercase;font-size:1em;--fontSize:66;line-height:1.15;\"><span style=\"font-family: Roboto; font-weight: 400;\" data-fusion-font=\"true\" data-fusion-google-font=\"Roboto\" data-fusion-google-variant=\"400\">PROJECTES<\/span><\/h1><\/div><div class=\"fusion-separator\" style=\"align-self: center;margin-left: auto;margin-right: auto;margin-top:16px;margin-bottom:36px;width:100%;max-width:24%;\"><div class=\"fusion-separator-border sep-single\" style=\"--awb-height:20px;--awb-amount:20px;border-color:var(--awb-color6);border-top-width:2px;\"><\/div><\/div><\/div><\/div><\/div><\/div><div class=\"fusion-fullwidth fullwidth-box fusion-builder-row-2 fusion-flex-container has-pattern-background has-mask-background nonhundred-percent-fullwidth non-hundred-percent-height-scrolling\" style=\"--awb-border-radius-top-left:0px;--awb-border-radius-top-right:0px;--awb-border-radius-bottom-right:0px;--awb-border-radius-bottom-left:0px;--awb-padding-top:46px;--awb-padding-right-small:52px;--awb-padding-left-small:42px;--awb-margin-top:0px;--awb-background-color:var(--awb-color1);--awb-flex-wrap:wrap;\" ><div class=\"fusion-builder-row fusion-row fusion-flex-align-items-flex-start fusion-flex-content-wrap\" style=\"max-width:1227.2px;margin-left: calc(-4% \/ 2 );margin-right: calc(-4% \/ 2 );\"><div class=\"fusion-layout-column fusion_builder_column fusion-builder-column-1 fusion_builder_column_1_1 1_1 fusion-flex-column\" style=\"--awb-bg-size:cover;--awb-width-large:100%;--awb-margin-top-large:15px;--awb-spacing-right-large:1.92%;--awb-margin-bottom-large:15px;--awb-spacing-left-large:1.92%;--awb-width-medium:100%;--awb-order-medium:0;--awb-spacing-right-medium:1.92%;--awb-spacing-left-medium:1.92%;--awb-width-small:100%;--awb-order-small:0;--awb-spacing-right-small:1.92%;--awb-spacing-left-small:1.92%;\"><div class=\"fusion-column-wrapper fusion-column-has-shadow fusion-flex-justify-content-flex-start fusion-content-layout-column\"><div class=\"fusion-text fusion-text-1\"><p data-start=\"724\" data-end=\"966\">A <strong data-start=\"726\" data-end=\"752\">Construccions Modulars<\/strong> desenvolupem <strong data-start=\"766\" data-end=\"814\">projectes de construcci\u00f3 modular a Catalunya<\/strong> adaptats a cada necessitat.<br data-start=\"842\" data-end=\"845\" \/><strong data-start=\"847\" data-end=\"856\">A m\u00e9s<\/strong>, treballem amb el sistema patentat <strong data-start=\"892\" data-end=\"903\">ModulAr<\/strong>, que garanteix rapidesa, qualitat i efici\u00e8ncia en cada obra.<\/p>\n<p data-start=\"973\" data-end=\"1271\"><strong data-start=\"973\" data-end=\"990\">A continuaci\u00f3<\/strong>, pots veure una selecci\u00f3 de <strong data-start=\"1019\" data-end=\"1037\">cases modulars<\/strong>, <strong data-start=\"1039\" data-end=\"1067\">ampliacions d\u2019habitatges<\/strong>, <strong data-start=\"1069\" data-end=\"1097\">estructures met\u00e0l\u00b7liques<\/strong> i <strong data-start=\"1100\" data-end=\"1120\">naus industrials<\/strong> realitzades pel nostre equip.<br data-start=\"1150\" data-end=\"1153\" \/><strong data-start=\"1155\" data-end=\"1172\">D\u2019altra banda<\/strong>, cada projecte es dissenya a mida, tenint en compte l\u2019\u00fas, l\u2019entorn i les necessitats del client.<\/p>\n<p data-start=\"1278\" data-end=\"1404\"><strong data-start=\"1278\" data-end=\"1291\">Finalment<\/strong>, tots els nostres projectes combinen funcionalitat, durabilitat i un disseny modern per oferir resultats \u00f2ptims.<\/p>\n<\/div><\/div><\/div><\/div><\/div><div id=\"projectes-habitatges\" class=\"fusion-container-anchor\"><div class=\"fusion-fullwidth fullwidth-box fusion-builder-row-3 fusion-flex-container nonhundred-percent-fullwidth non-hundred-percent-height-scrolling\" style=\"--awb-background-position:center bottom;--awb-border-radius-top-left:0px;--awb-border-radius-top-right:0px;--awb-border-radius-bottom-right:0px;--awb-border-radius-bottom-left:0px;--awb-padding-top:70px;--awb-padding-bottom:82px;--awb-margin-bottom:0px;--awb-background-color:var(--awb-color1);--awb-flex-wrap:wrap;\" ><div class=\"fusion-builder-row fusion-row fusion-flex-align-items-flex-start fusion-flex-content-wrap\" style=\"max-width:1227.2px;margin-left: calc(-4% \/ 2 );margin-right: calc(-4% \/ 2 );\"><div class=\"fusion-layout-column fusion_builder_column fusion-builder-column-2 fusion_builder_column_1_1 1_1 fusion-flex-column fusion-animated\" style=\"--awb-padding-right-small:33px;--awb-padding-left-small:33px;--awb-bg-blend:overlay;--awb-bg-size:cover;--awb-width-large:100%;--awb-margin-top-large:0px;--awb-spacing-right-large:1.92%;--awb-margin-bottom-large:15px;--awb-spacing-left-large:1.92%;--awb-width-medium:100%;--awb-spacing-right-medium:1.92%;--awb-spacing-left-medium:1.92%;--awb-width-small:100%;--awb-spacing-right-small:1.92%;--awb-spacing-left-small:1.92%;\" data-animationType=\"slideInUp\" data-animationDuration=\"1.0\" data-animationOffset=\"top-into-view\"><div class=\"fusion-column-wrapper fusion-flex-justify-content-flex-start fusion-content-layout-column\"><div class=\"fusion-post-cards fusion-post-cards-1 fusion-grid-archive fusion-grid-columns-3\" style=\"--awb-column-spacing:20px;--awb-dots-align:center;--awb-columns:3;--awb-active-filter-border-size:3px;--awb-filters-height:36px;--awb-row-spacing:20px;--awb-filters-alignment-medium:flex-start;--awb-filters-alignment-small:flex-start;\" data-post-type-label=\"portfolio\"><div><ul class=\"fusion-filters\" role=\"menu\" aria-label=\"Post Filters\"><li role=\"presentation\" class=\"fusion-filter fusion-filter-all fusion-active\"><a href=\"#\" data-filter=\"*\" role=\"menuitem\">All<\/a><\/li><li role=\"presentation\" class=\"fusion-filter fusion-hidden\"><a href=\"#\" data-filter=\".camping-i-hotels\" role=\"menuitem\">C\u00e0mping i Hotels<\/a><\/li><li role=\"presentation\" class=\"fusion-filter fusion-hidden\"><a href=\"#\" data-filter=\".habitatges\" role=\"menuitem\">Habitatges<\/a><\/li><li role=\"presentation\" class=\"fusion-filter fusion-hidden\"><a href=\"#\" data-filter=\".industria-i-equipaments\" role=\"menuitem\">Industria i Equipaments<\/a><\/li><li role=\"presentation\" class=\"fusion-filter fusion-hidden\"><a href=\"#\" data-filter=\".residencial\" role=\"menuitem\">Residencial<\/a><\/li><\/ul><\/div><ul class=\"fusion-grid fusion-grid-3 fusion-flex-align-items-flex-start fusion-grid-posts-cards\"><li class=\"fusion-layout-column fusion_builder_column fusion-builder-column-3 fusion-flex-column post-card fusion-grid-column fusion-post-cards-grid-column habitatges\" style=\"--awb-bg-blend:overlay;--awb-bg-size:cover;--awb-flex-grow:0;--awb-flex-shrink:0;--awb-flex-grow-medium:0;--awb-flex-shrink-medium:0;--awb-flex-grow-small:0;--awb-flex-shrink-small:0;\" data-scroll-devices=\"small-visibility,medium-visibility,large-visibility\"><div class=\"fusion-column-wrapper fusion-column-has-shadow fusion-flex-justify-content-space-around fusion-content-layout-column\"><div class=\"fusion-classic-product-image-wrapper fusion-woo-product-image fusion-post-card-image fusion-post-card-image-1\" data-layout=\"rollover\"><div  class=\"fusion-image-wrapper\" aria-haspopup=\"true\">\n\t\t\t\t<img decoding=\"async\" width=\"1200\" height=\"900\" src=\"https:\/\/construccionsmodulars.es\/wp-content\/uploads\/2024\/05\/01.jpg\" class=\"attachment-full size-full lazyload wp-post-image\" alt=\"\" srcset=\"data:image\/svg+xml,%3Csvg%20xmlns%3D%27http%3A%2F%2Fwww.w3.org%2F2000%2Fsvg%27%20width%3D%271200%27%20height%3D%27900%27%20viewBox%3D%270%200%201200%20900%27%3E%3Crect%20width%3D%271200%27%20height%3D%27900%27%20fill-opacity%3D%220%22%2F%3E%3C%2Fsvg%3E\" data-orig-src=\"https:\/\/construccionsmodulars.es\/wp-content\/uploads\/2024\/05\/01.jpg\" data-srcset=\"https:\/\/construccionsmodulars.es\/wp-content\/uploads\/2024\/05\/01-200x150.jpg 200w, https:\/\/construccionsmodulars.es\/wp-content\/uploads\/2024\/05\/01-400x300.jpg 400w, https:\/\/construccionsmodulars.es\/wp-content\/uploads\/2024\/05\/01-600x450.jpg 600w, https:\/\/construccionsmodulars.es\/wp-content\/uploads\/2024\/05\/01-800x600.jpg 800w, https:\/\/construccionsmodulars.es\/wp-content\/uploads\/2024\/05\/01.jpg 1200w\" data-sizes=\"auto\" \/><div class=\"fusion-rollover\">\n\t<div class=\"fusion-rollover-content\">\n\n\t\t\t\t\t\t\t\t\t\t\t\t\t\t<a class=\"fusion-rollover-link\" href=\"https:\/\/construccionsmodulars.es\/ca\/projects\/kit-modular-calonge\/\">Casa ModulAr &#8211; Calonge<\/a>\n\t\t\t\n\t\t\t\t\t\t\t\t\n\t\t\n\t\t\t\t\t\t\t\t\t\t\t\t<h4 class=\"fusion-rollover-title\">\n\t\t\t\t\t<a class=\"fusion-rollover-title-link\" href=\"https:\/\/construccionsmodulars.es\/ca\/projects\/kit-modular-calonge\/\">\n\t\t\t\t\t\tCasa ModulAr &#8211; Calonge\t\t\t\t\t<\/a>\n\t\t\t\t<\/h4>\n\t\t\t\n\t\t\t\t\t\t\t\t\n\t\t\n\t\t\t\t\t\t<a class=\"fusion-link-wrapper\" href=\"https:\/\/construccionsmodulars.es\/ca\/projects\/kit-modular-calonge\/\" aria-label=\"Casa ModulAr &#8211; Calonge\"><\/a>\n\t<\/div>\n<\/div>\n<\/div>\n<\/div><\/div><\/li>\n<li class=\"fusion-layout-column fusion_builder_column fusion-builder-column-4 fusion-flex-column post-card fusion-grid-column fusion-post-cards-grid-column habitatges\" style=\"--awb-bg-blend:overlay;--awb-bg-size:cover;--awb-flex-grow:0;--awb-flex-shrink:0;--awb-flex-grow-medium:0;--awb-flex-shrink-medium:0;--awb-flex-grow-small:0;--awb-flex-shrink-small:0;\" data-scroll-devices=\"small-visibility,medium-visibility,large-visibility\"><div class=\"fusion-column-wrapper fusion-column-has-shadow fusion-flex-justify-content-space-around fusion-content-layout-column\"><div class=\"fusion-classic-product-image-wrapper fusion-woo-product-image fusion-post-card-image fusion-post-card-image-1\" data-layout=\"rollover\"><div  class=\"fusion-image-wrapper\" aria-haspopup=\"true\">\n\t\t\t\t<img decoding=\"async\" width=\"1200\" height=\"900\" src=\"https:\/\/construccionsmodulars.es\/wp-content\/uploads\/2024\/05\/ampliacio-argamunt-12-1.jpg\" class=\"attachment-full size-full lazyload wp-post-image\" alt=\"\" srcset=\"data:image\/svg+xml,%3Csvg%20xmlns%3D%27http%3A%2F%2Fwww.w3.org%2F2000%2Fsvg%27%20width%3D%271200%27%20height%3D%27900%27%20viewBox%3D%270%200%201200%20900%27%3E%3Crect%20width%3D%271200%27%20height%3D%27900%27%20fill-opacity%3D%220%22%2F%3E%3C%2Fsvg%3E\" data-orig-src=\"https:\/\/construccionsmodulars.es\/wp-content\/uploads\/2024\/05\/ampliacio-argamunt-12-1.jpg\" data-srcset=\"https:\/\/construccionsmodulars.es\/wp-content\/uploads\/2024\/05\/ampliacio-argamunt-12-1-200x150.jpg 200w, https:\/\/construccionsmodulars.es\/wp-content\/uploads\/2024\/05\/ampliacio-argamunt-12-1-400x300.jpg 400w, https:\/\/construccionsmodulars.es\/wp-content\/uploads\/2024\/05\/ampliacio-argamunt-12-1-600x450.jpg 600w, https:\/\/construccionsmodulars.es\/wp-content\/uploads\/2024\/05\/ampliacio-argamunt-12-1-800x600.jpg 800w, https:\/\/construccionsmodulars.es\/wp-content\/uploads\/2024\/05\/ampliacio-argamunt-12-1.jpg 1200w\" data-sizes=\"auto\" \/><div class=\"fusion-rollover\">\n\t<div class=\"fusion-rollover-content\">\n\n\t\t\t\t\t\t\t\t\t\t\t\t\t\t<a class=\"fusion-rollover-link\" href=\"https:\/\/construccionsmodulars.es\/ca\/projects\/ampliacio-agramunt\/\">Ampliaci\u00f3 ModulAr &#8211; Agramunt<\/a>\n\t\t\t\n\t\t\t\t\t\t\t\t\n\t\t\n\t\t\t\t\t\t\t\t\t\t\t\t<h4 class=\"fusion-rollover-title\">\n\t\t\t\t\t<a class=\"fusion-rollover-title-link\" href=\"https:\/\/construccionsmodulars.es\/ca\/projects\/ampliacio-agramunt\/\">\n\t\t\t\t\t\tAmpliaci\u00f3 ModulAr &#8211; Agramunt\t\t\t\t\t<\/a>\n\t\t\t\t<\/h4>\n\t\t\t\n\t\t\t\t\t\t\t\t\n\t\t\n\t\t\t\t\t\t<a class=\"fusion-link-wrapper\" href=\"https:\/\/construccionsmodulars.es\/ca\/projects\/ampliacio-agramunt\/\" aria-label=\"Ampliaci\u00f3 ModulAr &#8211; Agramunt\"><\/a>\n\t<\/div>\n<\/div>\n<\/div>\n<\/div><\/div><\/li>\n<li class=\"fusion-layout-column fusion_builder_column fusion-builder-column-5 fusion-flex-column post-card fusion-grid-column fusion-post-cards-grid-column habitatges\" style=\"--awb-bg-blend:overlay;--awb-bg-size:cover;--awb-flex-grow:0;--awb-flex-shrink:0;--awb-flex-grow-medium:0;--awb-flex-shrink-medium:0;--awb-flex-grow-small:0;--awb-flex-shrink-small:0;\" data-scroll-devices=\"small-visibility,medium-visibility,large-visibility\"><div class=\"fusion-column-wrapper fusion-column-has-shadow fusion-flex-justify-content-space-around fusion-content-layout-column\"><div class=\"fusion-classic-product-image-wrapper fusion-woo-product-image fusion-post-card-image fusion-post-card-image-1\" data-layout=\"rollover\"><div  class=\"fusion-image-wrapper\" aria-haspopup=\"true\">\n\t\t\t\t<img decoding=\"async\" width=\"1200\" height=\"900\" src=\"https:\/\/construccionsmodulars.es\/wp-content\/uploads\/2024\/05\/VILANOVA-40-1.jpeg\" class=\"attachment-full size-full lazyload wp-post-image\" alt=\"\" srcset=\"data:image\/svg+xml,%3Csvg%20xmlns%3D%27http%3A%2F%2Fwww.w3.org%2F2000%2Fsvg%27%20width%3D%271200%27%20height%3D%27900%27%20viewBox%3D%270%200%201200%20900%27%3E%3Crect%20width%3D%271200%27%20height%3D%27900%27%20fill-opacity%3D%220%22%2F%3E%3C%2Fsvg%3E\" data-orig-src=\"https:\/\/construccionsmodulars.es\/wp-content\/uploads\/2024\/05\/VILANOVA-40-1.jpeg\" data-srcset=\"https:\/\/construccionsmodulars.es\/wp-content\/uploads\/2024\/05\/VILANOVA-40-1-200x150.jpeg 200w, https:\/\/construccionsmodulars.es\/wp-content\/uploads\/2024\/05\/VILANOVA-40-1-400x300.jpeg 400w, https:\/\/construccionsmodulars.es\/wp-content\/uploads\/2024\/05\/VILANOVA-40-1-600x450.jpeg 600w, https:\/\/construccionsmodulars.es\/wp-content\/uploads\/2024\/05\/VILANOVA-40-1-800x600.jpeg 800w, https:\/\/construccionsmodulars.es\/wp-content\/uploads\/2024\/05\/VILANOVA-40-1.jpeg 1200w\" data-sizes=\"auto\" \/><div class=\"fusion-rollover\">\n\t<div class=\"fusion-rollover-content\">\n\n\t\t\t\t\t\t\t\t\t\t\t\t\t\t<a class=\"fusion-rollover-link\" href=\"https:\/\/construccionsmodulars.es\/ca\/projects\/kit-modular-vilanova-de-la-barca\/\">Casa ModulAr &#8211; Vilanova de la Barca<\/a>\n\t\t\t\n\t\t\t\t\t\t\t\t\n\t\t\n\t\t\t\t\t\t\t\t\t\t\t\t<h4 class=\"fusion-rollover-title\">\n\t\t\t\t\t<a class=\"fusion-rollover-title-link\" href=\"https:\/\/construccionsmodulars.es\/ca\/projects\/kit-modular-vilanova-de-la-barca\/\">\n\t\t\t\t\t\tCasa ModulAr &#8211; Vilanova de la Barca\t\t\t\t\t<\/a>\n\t\t\t\t<\/h4>\n\t\t\t\n\t\t\t\t\t\t\t\t\n\t\t\n\t\t\t\t\t\t<a class=\"fusion-link-wrapper\" href=\"https:\/\/construccionsmodulars.es\/ca\/projects\/kit-modular-vilanova-de-la-barca\/\" aria-label=\"Casa ModulAr &#8211; Vilanova de la Barca\"><\/a>\n\t<\/div>\n<\/div>\n<\/div>\n<\/div><\/div><\/li>\n<li class=\"fusion-layout-column fusion_builder_column fusion-builder-column-6 fusion-flex-column post-card fusion-grid-column fusion-post-cards-grid-column habitatges\" style=\"--awb-bg-blend:overlay;--awb-bg-size:cover;--awb-flex-grow:0;--awb-flex-shrink:0;--awb-flex-grow-medium:0;--awb-flex-shrink-medium:0;--awb-flex-grow-small:0;--awb-flex-shrink-small:0;\" data-scroll-devices=\"small-visibility,medium-visibility,large-visibility\"><div class=\"fusion-column-wrapper fusion-column-has-shadow fusion-flex-justify-content-space-around fusion-content-layout-column\"><div class=\"fusion-classic-product-image-wrapper fusion-woo-product-image fusion-post-card-image fusion-post-card-image-1\" data-layout=\"rollover\"><div  class=\"fusion-image-wrapper\" aria-haspopup=\"true\">\n\t\t\t\t<img decoding=\"async\" width=\"1250\" height=\"900\" src=\"https:\/\/construccionsmodulars.es\/wp-content\/uploads\/2024\/05\/construccions-modulars-ibiza_11.jpg\" class=\"attachment-full size-full lazyload wp-post-image\" alt=\"\" srcset=\"data:image\/svg+xml,%3Csvg%20xmlns%3D%27http%3A%2F%2Fwww.w3.org%2F2000%2Fsvg%27%20width%3D%271250%27%20height%3D%27900%27%20viewBox%3D%270%200%201250%20900%27%3E%3Crect%20width%3D%271250%27%20height%3D%27900%27%20fill-opacity%3D%220%22%2F%3E%3C%2Fsvg%3E\" data-orig-src=\"https:\/\/construccionsmodulars.es\/wp-content\/uploads\/2024\/05\/construccions-modulars-ibiza_11.jpg\" data-srcset=\"https:\/\/construccionsmodulars.es\/wp-content\/uploads\/2024\/05\/construccions-modulars-ibiza_11-200x144.jpg 200w, https:\/\/construccionsmodulars.es\/wp-content\/uploads\/2024\/05\/construccions-modulars-ibiza_11-400x288.jpg 400w, https:\/\/construccionsmodulars.es\/wp-content\/uploads\/2024\/05\/construccions-modulars-ibiza_11-600x432.jpg 600w, https:\/\/construccionsmodulars.es\/wp-content\/uploads\/2024\/05\/construccions-modulars-ibiza_11-800x576.jpg 800w, https:\/\/construccionsmodulars.es\/wp-content\/uploads\/2024\/05\/construccions-modulars-ibiza_11-1200x864.jpg 1200w, https:\/\/construccionsmodulars.es\/wp-content\/uploads\/2024\/05\/construccions-modulars-ibiza_11.jpg 1250w\" data-sizes=\"auto\" \/><div class=\"fusion-rollover\">\n\t<div class=\"fusion-rollover-content\">\n\n\t\t\t\t\t\t\t\t\t\t\t\t\t\t<a class=\"fusion-rollover-link\" href=\"https:\/\/construccionsmodulars.es\/ca\/projects\/casa-modular-eivissa\/\">Casa ModulAr &#8211; Eivissa<\/a>\n\t\t\t\n\t\t\t\t\t\t\t\t\n\t\t\n\t\t\t\t\t\t\t\t\t\t\t\t<h4 class=\"fusion-rollover-title\">\n\t\t\t\t\t<a class=\"fusion-rollover-title-link\" href=\"https:\/\/construccionsmodulars.es\/ca\/projects\/casa-modular-eivissa\/\">\n\t\t\t\t\t\tCasa ModulAr &#8211; Eivissa\t\t\t\t\t<\/a>\n\t\t\t\t<\/h4>\n\t\t\t\n\t\t\t\t\t\t\t\t\n\t\t\n\t\t\t\t\t\t<a class=\"fusion-link-wrapper\" href=\"https:\/\/construccionsmodulars.es\/ca\/projects\/casa-modular-eivissa\/\" aria-label=\"Casa ModulAr &#8211; Eivissa\"><\/a>\n\t<\/div>\n<\/div>\n<\/div>\n<\/div><\/div><\/li>\n<li class=\"fusion-layout-column fusion_builder_column fusion-builder-column-7 fusion-flex-column post-card fusion-grid-column fusion-post-cards-grid-column habitatges\" style=\"--awb-bg-blend:overlay;--awb-bg-size:cover;--awb-flex-grow:0;--awb-flex-shrink:0;--awb-flex-grow-medium:0;--awb-flex-shrink-medium:0;--awb-flex-grow-small:0;--awb-flex-shrink-small:0;\" data-scroll-devices=\"small-visibility,medium-visibility,large-visibility\"><div class=\"fusion-column-wrapper fusion-column-has-shadow fusion-flex-justify-content-space-around fusion-content-layout-column\"><div class=\"fusion-classic-product-image-wrapper fusion-woo-product-image fusion-post-card-image fusion-post-card-image-1\" data-layout=\"rollover\"><div  class=\"fusion-image-wrapper\" aria-haspopup=\"true\">\n\t\t\t\t<img decoding=\"async\" width=\"1250\" height=\"900\" src=\"https:\/\/construccionsmodulars.es\/wp-content\/uploads\/2024\/05\/kit-modulAr-Bellcaire_17.jpg\" class=\"attachment-full size-full lazyload wp-post-image\" alt=\"\" srcset=\"data:image\/svg+xml,%3Csvg%20xmlns%3D%27http%3A%2F%2Fwww.w3.org%2F2000%2Fsvg%27%20width%3D%271250%27%20height%3D%27900%27%20viewBox%3D%270%200%201250%20900%27%3E%3Crect%20width%3D%271250%27%20height%3D%27900%27%20fill-opacity%3D%220%22%2F%3E%3C%2Fsvg%3E\" data-orig-src=\"https:\/\/construccionsmodulars.es\/wp-content\/uploads\/2024\/05\/kit-modulAr-Bellcaire_17.jpg\" data-srcset=\"https:\/\/construccionsmodulars.es\/wp-content\/uploads\/2024\/05\/kit-modulAr-Bellcaire_17-200x144.jpg 200w, https:\/\/construccionsmodulars.es\/wp-content\/uploads\/2024\/05\/kit-modulAr-Bellcaire_17-400x288.jpg 400w, https:\/\/construccionsmodulars.es\/wp-content\/uploads\/2024\/05\/kit-modulAr-Bellcaire_17-600x432.jpg 600w, https:\/\/construccionsmodulars.es\/wp-content\/uploads\/2024\/05\/kit-modulAr-Bellcaire_17-800x576.jpg 800w, https:\/\/construccionsmodulars.es\/wp-content\/uploads\/2024\/05\/kit-modulAr-Bellcaire_17-1200x864.jpg 1200w, https:\/\/construccionsmodulars.es\/wp-content\/uploads\/2024\/05\/kit-modulAr-Bellcaire_17.jpg 1250w\" data-sizes=\"auto\" \/><div class=\"fusion-rollover\">\n\t<div class=\"fusion-rollover-content\">\n\n\t\t\t\t\t\t\t\t\t\t\t\t\t\t<a class=\"fusion-rollover-link\" href=\"https:\/\/construccionsmodulars.es\/ca\/projects\/kit-modular-bellcaire\/\">Casa ModulAr &#8211; Bellcaire<\/a>\n\t\t\t\n\t\t\t\t\t\t\t\t\n\t\t\n\t\t\t\t\t\t\t\t\t\t\t\t<h4 class=\"fusion-rollover-title\">\n\t\t\t\t\t<a class=\"fusion-rollover-title-link\" href=\"https:\/\/construccionsmodulars.es\/ca\/projects\/kit-modular-bellcaire\/\">\n\t\t\t\t\t\tCasa ModulAr &#8211; Bellcaire\t\t\t\t\t<\/a>\n\t\t\t\t<\/h4>\n\t\t\t\n\t\t\t\t\t\t\t\t\n\t\t\n\t\t\t\t\t\t<a class=\"fusion-link-wrapper\" href=\"https:\/\/construccionsmodulars.es\/ca\/projects\/kit-modular-bellcaire\/\" aria-label=\"Casa ModulAr &#8211; Bellcaire\"><\/a>\n\t<\/div>\n<\/div>\n<\/div>\n<\/div><\/div><\/li>\n<li class=\"fusion-layout-column fusion_builder_column fusion-builder-column-8 fusion-flex-column post-card fusion-grid-column fusion-post-cards-grid-column habitatges\" style=\"--awb-bg-blend:overlay;--awb-bg-size:cover;--awb-flex-grow:0;--awb-flex-shrink:0;--awb-flex-grow-medium:0;--awb-flex-shrink-medium:0;--awb-flex-grow-small:0;--awb-flex-shrink-small:0;\" data-scroll-devices=\"small-visibility,medium-visibility,large-visibility\"><div class=\"fusion-column-wrapper fusion-column-has-shadow fusion-flex-justify-content-space-around fusion-content-layout-column\"><div class=\"fusion-classic-product-image-wrapper fusion-woo-product-image fusion-post-card-image fusion-post-card-image-1\" data-layout=\"rollover\"><div  class=\"fusion-image-wrapper\" aria-haspopup=\"true\">\n\t\t\t\t<img decoding=\"async\" width=\"1200\" height=\"900\" src=\"https:\/\/construccionsmodulars.es\/wp-content\/uploads\/2024\/05\/construccions-modulars-santquirze_03.jpg\" class=\"attachment-full size-full lazyload wp-post-image\" alt=\"\" srcset=\"data:image\/svg+xml,%3Csvg%20xmlns%3D%27http%3A%2F%2Fwww.w3.org%2F2000%2Fsvg%27%20width%3D%271200%27%20height%3D%27900%27%20viewBox%3D%270%200%201200%20900%27%3E%3Crect%20width%3D%271200%27%20height%3D%27900%27%20fill-opacity%3D%220%22%2F%3E%3C%2Fsvg%3E\" data-orig-src=\"https:\/\/construccionsmodulars.es\/wp-content\/uploads\/2024\/05\/construccions-modulars-santquirze_03.jpg\" data-srcset=\"https:\/\/construccionsmodulars.es\/wp-content\/uploads\/2024\/05\/construccions-modulars-santquirze_03-200x150.jpg 200w, https:\/\/construccionsmodulars.es\/wp-content\/uploads\/2024\/05\/construccions-modulars-santquirze_03-400x300.jpg 400w, https:\/\/construccionsmodulars.es\/wp-content\/uploads\/2024\/05\/construccions-modulars-santquirze_03-600x450.jpg 600w, https:\/\/construccionsmodulars.es\/wp-content\/uploads\/2024\/05\/construccions-modulars-santquirze_03-800x600.jpg 800w, https:\/\/construccionsmodulars.es\/wp-content\/uploads\/2024\/05\/construccions-modulars-santquirze_03.jpg 1200w\" data-sizes=\"auto\" \/><div class=\"fusion-rollover\">\n\t<div class=\"fusion-rollover-content\">\n\n\t\t\t\t\t\t\t\t\t\t\t\t\t\t<a class=\"fusion-rollover-link\" href=\"https:\/\/construccionsmodulars.es\/ca\/projects\/kit-modular-sant-quirze-del-valles\/\">Casa ModulAr &#8211; Sant Quirze del Vall\u00e8s<\/a>\n\t\t\t\n\t\t\t\t\t\t\t\t\n\t\t\n\t\t\t\t\t\t\t\t\t\t\t\t<h4 class=\"fusion-rollover-title\">\n\t\t\t\t\t<a class=\"fusion-rollover-title-link\" href=\"https:\/\/construccionsmodulars.es\/ca\/projects\/kit-modular-sant-quirze-del-valles\/\">\n\t\t\t\t\t\tCasa ModulAr &#8211; Sant Quirze del Vall\u00e8s\t\t\t\t\t<\/a>\n\t\t\t\t<\/h4>\n\t\t\t\n\t\t\t\t\t\t\t\t\n\t\t\n\t\t\t\t\t\t<a class=\"fusion-link-wrapper\" href=\"https:\/\/construccionsmodulars.es\/ca\/projects\/kit-modular-sant-quirze-del-valles\/\" aria-label=\"Casa ModulAr &#8211; Sant Quirze del Vall\u00e8s\"><\/a>\n\t<\/div>\n<\/div>\n<\/div>\n<\/div><\/div><\/li>\n<li class=\"fusion-layout-column fusion_builder_column fusion-builder-column-9 fusion-flex-column post-card fusion-grid-column fusion-post-cards-grid-column habitatges\" style=\"--awb-bg-blend:overlay;--awb-bg-size:cover;--awb-flex-grow:0;--awb-flex-shrink:0;--awb-flex-grow-medium:0;--awb-flex-shrink-medium:0;--awb-flex-grow-small:0;--awb-flex-shrink-small:0;\" data-scroll-devices=\"small-visibility,medium-visibility,large-visibility\"><div class=\"fusion-column-wrapper fusion-column-has-shadow fusion-flex-justify-content-space-around fusion-content-layout-column\"><div class=\"fusion-classic-product-image-wrapper fusion-woo-product-image fusion-post-card-image fusion-post-card-image-1\" data-layout=\"rollover\"><div  class=\"fusion-image-wrapper\" aria-haspopup=\"true\">\n\t\t\t\t<img decoding=\"async\" width=\"1000\" height=\"750\" src=\"https:\/\/construccionsmodulars.es\/wp-content\/uploads\/2024\/06\/construccions-modulars-cambrils_01-1.jpg\" class=\"attachment-full size-full lazyload wp-post-image\" alt=\"\" srcset=\"data:image\/svg+xml,%3Csvg%20xmlns%3D%27http%3A%2F%2Fwww.w3.org%2F2000%2Fsvg%27%20width%3D%271000%27%20height%3D%27750%27%20viewBox%3D%270%200%201000%20750%27%3E%3Crect%20width%3D%271000%27%20height%3D%27750%27%20fill-opacity%3D%220%22%2F%3E%3C%2Fsvg%3E\" data-orig-src=\"https:\/\/construccionsmodulars.es\/wp-content\/uploads\/2024\/06\/construccions-modulars-cambrils_01-1.jpg\" data-srcset=\"https:\/\/construccionsmodulars.es\/wp-content\/uploads\/2024\/06\/construccions-modulars-cambrils_01-1-200x150.jpg 200w, https:\/\/construccionsmodulars.es\/wp-content\/uploads\/2024\/06\/construccions-modulars-cambrils_01-1-400x300.jpg 400w, https:\/\/construccionsmodulars.es\/wp-content\/uploads\/2024\/06\/construccions-modulars-cambrils_01-1-600x450.jpg 600w, https:\/\/construccionsmodulars.es\/wp-content\/uploads\/2024\/06\/construccions-modulars-cambrils_01-1-800x600.jpg 800w, https:\/\/construccionsmodulars.es\/wp-content\/uploads\/2024\/06\/construccions-modulars-cambrils_01-1.jpg 1000w\" data-sizes=\"auto\" \/><div class=\"fusion-rollover\">\n\t<div class=\"fusion-rollover-content\">\n\n\t\t\t\t\t\t\t\t\t\t\t\t\t\t<a class=\"fusion-rollover-link\" href=\"https:\/\/construccionsmodulars.es\/ca\/projects\/casa-modular-cambrils\/\">Casa ModulAr &#8211; Cambrils<\/a>\n\t\t\t\n\t\t\t\t\t\t\t\t\n\t\t\n\t\t\t\t\t\t\t\t\t\t\t\t<h4 class=\"fusion-rollover-title\">\n\t\t\t\t\t<a class=\"fusion-rollover-title-link\" href=\"https:\/\/construccionsmodulars.es\/ca\/projects\/casa-modular-cambrils\/\">\n\t\t\t\t\t\tCasa ModulAr &#8211; Cambrils\t\t\t\t\t<\/a>\n\t\t\t\t<\/h4>\n\t\t\t\n\t\t\t\t\t\t\t\t\n\t\t\n\t\t\t\t\t\t<a class=\"fusion-link-wrapper\" href=\"https:\/\/construccionsmodulars.es\/ca\/projects\/casa-modular-cambrils\/\" aria-label=\"Casa ModulAr &#8211; Cambrils\"><\/a>\n\t<\/div>\n<\/div>\n<\/div>\n<\/div><\/div><\/li>\n<li class=\"fusion-layout-column fusion_builder_column fusion-builder-column-10 fusion-flex-column post-card fusion-grid-column fusion-post-cards-grid-column habitatges\" style=\"--awb-bg-blend:overlay;--awb-bg-size:cover;--awb-flex-grow:0;--awb-flex-shrink:0;--awb-flex-grow-medium:0;--awb-flex-shrink-medium:0;--awb-flex-grow-small:0;--awb-flex-shrink-small:0;\" data-scroll-devices=\"small-visibility,medium-visibility,large-visibility\"><div class=\"fusion-column-wrapper fusion-column-has-shadow fusion-flex-justify-content-space-around fusion-content-layout-column\"><div class=\"fusion-classic-product-image-wrapper fusion-woo-product-image fusion-post-card-image fusion-post-card-image-1\" data-layout=\"rollover\"><div  class=\"fusion-image-wrapper\" aria-haspopup=\"true\">\n\t\t\t\t<img decoding=\"async\" width=\"1250\" height=\"900\" src=\"https:\/\/construccionsmodulars.es\/wp-content\/uploads\/2024\/06\/ampliacio-modular-episcopal_01.jpg\" class=\"attachment-full size-full lazyload wp-post-image\" alt=\"\" srcset=\"data:image\/svg+xml,%3Csvg%20xmlns%3D%27http%3A%2F%2Fwww.w3.org%2F2000%2Fsvg%27%20width%3D%271250%27%20height%3D%27900%27%20viewBox%3D%270%200%201250%20900%27%3E%3Crect%20width%3D%271250%27%20height%3D%27900%27%20fill-opacity%3D%220%22%2F%3E%3C%2Fsvg%3E\" data-orig-src=\"https:\/\/construccionsmodulars.es\/wp-content\/uploads\/2024\/06\/ampliacio-modular-episcopal_01.jpg\" data-srcset=\"https:\/\/construccionsmodulars.es\/wp-content\/uploads\/2024\/06\/ampliacio-modular-episcopal_01-200x144.jpg 200w, https:\/\/construccionsmodulars.es\/wp-content\/uploads\/2024\/06\/ampliacio-modular-episcopal_01-400x288.jpg 400w, https:\/\/construccionsmodulars.es\/wp-content\/uploads\/2024\/06\/ampliacio-modular-episcopal_01-600x432.jpg 600w, https:\/\/construccionsmodulars.es\/wp-content\/uploads\/2024\/06\/ampliacio-modular-episcopal_01-800x576.jpg 800w, https:\/\/construccionsmodulars.es\/wp-content\/uploads\/2024\/06\/ampliacio-modular-episcopal_01-1200x864.jpg 1200w, https:\/\/construccionsmodulars.es\/wp-content\/uploads\/2024\/06\/ampliacio-modular-episcopal_01.jpg 1250w\" data-sizes=\"auto\" \/><div class=\"fusion-rollover\">\n\t<div class=\"fusion-rollover-content\">\n\n\t\t\t\t\t\t\t\t\t\t\t\t\t\t<a class=\"fusion-rollover-link\" href=\"https:\/\/construccionsmodulars.es\/ca\/projects\/ampliacio-modular-episcopal\/\">Ampliaci\u00f3 ModulAr &#8211; Episcopal<\/a>\n\t\t\t\n\t\t\t\t\t\t\t\t\n\t\t\n\t\t\t\t\t\t\t\t\t\t\t\t<h4 class=\"fusion-rollover-title\">\n\t\t\t\t\t<a class=\"fusion-rollover-title-link\" href=\"https:\/\/construccionsmodulars.es\/ca\/projects\/ampliacio-modular-episcopal\/\">\n\t\t\t\t\t\tAmpliaci\u00f3 ModulAr &#8211; Episcopal\t\t\t\t\t<\/a>\n\t\t\t\t<\/h4>\n\t\t\t\n\t\t\t\t\t\t\t\t\n\t\t\n\t\t\t\t\t\t<a class=\"fusion-link-wrapper\" href=\"https:\/\/construccionsmodulars.es\/ca\/projects\/ampliacio-modular-episcopal\/\" aria-label=\"Ampliaci\u00f3 ModulAr &#8211; Episcopal\"><\/a>\n\t<\/div>\n<\/div>\n<\/div>\n<\/div><\/div><\/li>\n<li class=\"fusion-layout-column fusion_builder_column fusion-builder-column-11 fusion-flex-column post-card fusion-grid-column fusion-post-cards-grid-column residencial\" style=\"--awb-bg-blend:overlay;--awb-bg-size:cover;--awb-flex-grow:0;--awb-flex-shrink:0;--awb-flex-grow-medium:0;--awb-flex-shrink-medium:0;--awb-flex-grow-small:0;--awb-flex-shrink-small:0;\" data-scroll-devices=\"small-visibility,medium-visibility,large-visibility\"><div class=\"fusion-column-wrapper fusion-column-has-shadow fusion-flex-justify-content-space-around fusion-content-layout-column\"><div class=\"fusion-classic-product-image-wrapper fusion-woo-product-image fusion-post-card-image fusion-post-card-image-1\" data-layout=\"rollover\"><div  class=\"fusion-image-wrapper\" aria-haspopup=\"true\">\n\t\t\t\t<img decoding=\"async\" width=\"1200\" height=\"900\" src=\"https:\/\/construccionsmodulars.es\/wp-content\/uploads\/2024\/06\/ampliacio_restaurant_roc_01.jpg\" class=\"attachment-full size-full lazyload wp-post-image\" alt=\"\" srcset=\"data:image\/svg+xml,%3Csvg%20xmlns%3D%27http%3A%2F%2Fwww.w3.org%2F2000%2Fsvg%27%20width%3D%271200%27%20height%3D%27900%27%20viewBox%3D%270%200%201200%20900%27%3E%3Crect%20width%3D%271200%27%20height%3D%27900%27%20fill-opacity%3D%220%22%2F%3E%3C%2Fsvg%3E\" data-orig-src=\"https:\/\/construccionsmodulars.es\/wp-content\/uploads\/2024\/06\/ampliacio_restaurant_roc_01.jpg\" data-srcset=\"https:\/\/construccionsmodulars.es\/wp-content\/uploads\/2024\/06\/ampliacio_restaurant_roc_01-200x150.jpg 200w, https:\/\/construccionsmodulars.es\/wp-content\/uploads\/2024\/06\/ampliacio_restaurant_roc_01-400x300.jpg 400w, https:\/\/construccionsmodulars.es\/wp-content\/uploads\/2024\/06\/ampliacio_restaurant_roc_01-600x450.jpg 600w, https:\/\/construccionsmodulars.es\/wp-content\/uploads\/2024\/06\/ampliacio_restaurant_roc_01-800x600.jpg 800w, https:\/\/construccionsmodulars.es\/wp-content\/uploads\/2024\/06\/ampliacio_restaurant_roc_01.jpg 1200w\" data-sizes=\"auto\" \/><div class=\"fusion-rollover\">\n\t<div class=\"fusion-rollover-content\">\n\n\t\t\t\t\t\t\t\t\t\t\t\t\t\t<a class=\"fusion-rollover-link\" href=\"https:\/\/construccionsmodulars.es\/ca\/projects\/ampliacio-modular-restaurant-roc\/\">Ampliaci\u00f3 ModulAr &#8211; Restaurant Roc<\/a>\n\t\t\t\n\t\t\t\t\t\t\t\t\n\t\t\n\t\t\t\t\t\t\t\t\t\t\t\t<h4 class=\"fusion-rollover-title\">\n\t\t\t\t\t<a class=\"fusion-rollover-title-link\" href=\"https:\/\/construccionsmodulars.es\/ca\/projects\/ampliacio-modular-restaurant-roc\/\">\n\t\t\t\t\t\tAmpliaci\u00f3 ModulAr &#8211; Restaurant Roc\t\t\t\t\t<\/a>\n\t\t\t\t<\/h4>\n\t\t\t\n\t\t\t\t\t\t\t\t\n\t\t\n\t\t\t\t\t\t<a class=\"fusion-link-wrapper\" href=\"https:\/\/construccionsmodulars.es\/ca\/projects\/ampliacio-modular-restaurant-roc\/\" aria-label=\"Ampliaci\u00f3 ModulAr &#8211; Restaurant Roc\"><\/a>\n\t<\/div>\n<\/div>\n<\/div>\n<\/div><\/div><\/li>\n<li class=\"fusion-layout-column fusion_builder_column fusion-builder-column-12 fusion-flex-column post-card fusion-grid-column fusion-post-cards-grid-column habitatges\" style=\"--awb-bg-blend:overlay;--awb-bg-size:cover;--awb-flex-grow:0;--awb-flex-shrink:0;--awb-flex-grow-medium:0;--awb-flex-shrink-medium:0;--awb-flex-grow-small:0;--awb-flex-shrink-small:0;\" data-scroll-devices=\"small-visibility,medium-visibility,large-visibility\"><div class=\"fusion-column-wrapper fusion-column-has-shadow fusion-flex-justify-content-space-around fusion-content-layout-column\"><div class=\"fusion-classic-product-image-wrapper fusion-woo-product-image fusion-post-card-image fusion-post-card-image-1\" data-layout=\"rollover\"><div  class=\"fusion-image-wrapper\" aria-haspopup=\"true\">\n\t\t\t\t<img decoding=\"async\" width=\"1200\" height=\"900\" src=\"https:\/\/construccionsmodulars.es\/wp-content\/uploads\/2024\/06\/ampliacio-vivenda-segona-planta_argamunt_09.jpg\" class=\"attachment-full size-full lazyload wp-post-image\" alt=\"\" srcset=\"data:image\/svg+xml,%3Csvg%20xmlns%3D%27http%3A%2F%2Fwww.w3.org%2F2000%2Fsvg%27%20width%3D%271200%27%20height%3D%27900%27%20viewBox%3D%270%200%201200%20900%27%3E%3Crect%20width%3D%271200%27%20height%3D%27900%27%20fill-opacity%3D%220%22%2F%3E%3C%2Fsvg%3E\" data-orig-src=\"https:\/\/construccionsmodulars.es\/wp-content\/uploads\/2024\/06\/ampliacio-vivenda-segona-planta_argamunt_09.jpg\" data-srcset=\"https:\/\/construccionsmodulars.es\/wp-content\/uploads\/2024\/06\/ampliacio-vivenda-segona-planta_argamunt_09-200x150.jpg 200w, https:\/\/construccionsmodulars.es\/wp-content\/uploads\/2024\/06\/ampliacio-vivenda-segona-planta_argamunt_09-400x300.jpg 400w, https:\/\/construccionsmodulars.es\/wp-content\/uploads\/2024\/06\/ampliacio-vivenda-segona-planta_argamunt_09-600x450.jpg 600w, https:\/\/construccionsmodulars.es\/wp-content\/uploads\/2024\/06\/ampliacio-vivenda-segona-planta_argamunt_09-800x600.jpg 800w, https:\/\/construccionsmodulars.es\/wp-content\/uploads\/2024\/06\/ampliacio-vivenda-segona-planta_argamunt_09.jpg 1200w\" data-sizes=\"auto\" \/><div class=\"fusion-rollover\">\n\t<div class=\"fusion-rollover-content\">\n\n\t\t\t\t\t\t\t\t\t\t\t\t\t\t<a class=\"fusion-rollover-link\" href=\"https:\/\/construccionsmodulars.es\/ca\/projects\/ampliacio-modular-vivenda-segona-planta-partida\/\">Ampliaci\u00f3 ModulAr &#8211; Argamunt<\/a>\n\t\t\t\n\t\t\t\t\t\t\t\t\n\t\t\n\t\t\t\t\t\t\t\t\t\t\t\t<h4 class=\"fusion-rollover-title\">\n\t\t\t\t\t<a class=\"fusion-rollover-title-link\" href=\"https:\/\/construccionsmodulars.es\/ca\/projects\/ampliacio-modular-vivenda-segona-planta-partida\/\">\n\t\t\t\t\t\tAmpliaci\u00f3 ModulAr &#8211; Argamunt\t\t\t\t\t<\/a>\n\t\t\t\t<\/h4>\n\t\t\t\n\t\t\t\t\t\t\t\t\n\t\t\n\t\t\t\t\t\t<a class=\"fusion-link-wrapper\" href=\"https:\/\/construccionsmodulars.es\/ca\/projects\/ampliacio-modular-vivenda-segona-planta-partida\/\" aria-label=\"Ampliaci\u00f3 ModulAr &#8211; Argamunt\"><\/a>\n\t<\/div>\n<\/div>\n<\/div>\n<\/div><\/div><\/li>\n<li class=\"fusion-layout-column fusion_builder_column fusion-builder-column-13 fusion-flex-column post-card fusion-grid-column fusion-post-cards-grid-column industria-i-equipaments\" style=\"--awb-bg-blend:overlay;--awb-bg-size:cover;--awb-flex-grow:0;--awb-flex-shrink:0;--awb-flex-grow-medium:0;--awb-flex-shrink-medium:0;--awb-flex-grow-small:0;--awb-flex-shrink-small:0;\" data-scroll-devices=\"small-visibility,medium-visibility,large-visibility\"><div class=\"fusion-column-wrapper fusion-column-has-shadow fusion-flex-justify-content-space-around fusion-content-layout-column\"><div class=\"fusion-classic-product-image-wrapper fusion-woo-product-image fusion-post-card-image fusion-post-card-image-1\" data-layout=\"rollover\"><div  class=\"fusion-image-wrapper\" aria-haspopup=\"true\">\n\t\t\t\t<img decoding=\"async\" width=\"1200\" height=\"813\" src=\"https:\/\/construccionsmodulars.es\/wp-content\/uploads\/2024\/06\/ampliacio-nau-industrial-Huguet_01.jpg\" class=\"attachment-full size-full lazyload wp-post-image\" alt=\"\" srcset=\"data:image\/svg+xml,%3Csvg%20xmlns%3D%27http%3A%2F%2Fwww.w3.org%2F2000%2Fsvg%27%20width%3D%271200%27%20height%3D%27813%27%20viewBox%3D%270%200%201200%20813%27%3E%3Crect%20width%3D%271200%27%20height%3D%27813%27%20fill-opacity%3D%220%22%2F%3E%3C%2Fsvg%3E\" data-orig-src=\"https:\/\/construccionsmodulars.es\/wp-content\/uploads\/2024\/06\/ampliacio-nau-industrial-Huguet_01.jpg\" data-srcset=\"https:\/\/construccionsmodulars.es\/wp-content\/uploads\/2024\/06\/ampliacio-nau-industrial-Huguet_01-200x136.jpg 200w, https:\/\/construccionsmodulars.es\/wp-content\/uploads\/2024\/06\/ampliacio-nau-industrial-Huguet_01-400x271.jpg 400w, https:\/\/construccionsmodulars.es\/wp-content\/uploads\/2024\/06\/ampliacio-nau-industrial-Huguet_01-600x407.jpg 600w, https:\/\/construccionsmodulars.es\/wp-content\/uploads\/2024\/06\/ampliacio-nau-industrial-Huguet_01-800x542.jpg 800w, https:\/\/construccionsmodulars.es\/wp-content\/uploads\/2024\/06\/ampliacio-nau-industrial-Huguet_01.jpg 1200w\" data-sizes=\"auto\" \/><div class=\"fusion-rollover\">\n\t<div class=\"fusion-rollover-content\">\n\n\t\t\t\t\t\t\t\t\t\t\t\t\t\t<a class=\"fusion-rollover-link\" href=\"https:\/\/construccionsmodulars.es\/ca\/projects\/ampliacio-modular-nau-industrial-huguet\/\">Ampliaci\u00f3 ModulAr &#8211; Nau Industrial Huguet<\/a>\n\t\t\t\n\t\t\t\t\t\t\t\t\n\t\t\n\t\t\t\t\t\t\t\t\t\t\t\t<h4 class=\"fusion-rollover-title\">\n\t\t\t\t\t<a class=\"fusion-rollover-title-link\" href=\"https:\/\/construccionsmodulars.es\/ca\/projects\/ampliacio-modular-nau-industrial-huguet\/\">\n\t\t\t\t\t\tAmpliaci\u00f3 ModulAr &#8211; Nau Industrial Huguet\t\t\t\t\t<\/a>\n\t\t\t\t<\/h4>\n\t\t\t\n\t\t\t\t\t\t\t\t\n\t\t\n\t\t\t\t\t\t<a class=\"fusion-link-wrapper\" href=\"https:\/\/construccionsmodulars.es\/ca\/projects\/ampliacio-modular-nau-industrial-huguet\/\" aria-label=\"Ampliaci\u00f3 ModulAr &#8211; Nau Industrial Huguet\"><\/a>\n\t<\/div>\n<\/div>\n<\/div>\n<\/div><\/div><\/li>\n<li class=\"fusion-layout-column fusion_builder_column fusion-builder-column-14 fusion-flex-column post-card fusion-grid-column fusion-post-cards-grid-column industria-i-equipaments\" style=\"--awb-bg-blend:overlay;--awb-bg-size:cover;--awb-flex-grow:0;--awb-flex-shrink:0;--awb-flex-grow-medium:0;--awb-flex-shrink-medium:0;--awb-flex-grow-small:0;--awb-flex-shrink-small:0;\" data-scroll-devices=\"small-visibility,medium-visibility,large-visibility\"><div class=\"fusion-column-wrapper fusion-column-has-shadow fusion-flex-justify-content-space-around fusion-content-layout-column\"><div class=\"fusion-classic-product-image-wrapper fusion-woo-product-image fusion-post-card-image fusion-post-card-image-1\" data-layout=\"rollover\"><div  class=\"fusion-image-wrapper\" aria-haspopup=\"true\">\n\t\t\t\t<img decoding=\"async\" width=\"1200\" height=\"900\" src=\"https:\/\/construccionsmodulars.es\/wp-content\/uploads\/2024\/06\/ampliacio_Nau_Industrial_Castelldans_01.jpg\" class=\"attachment-full size-full lazyload wp-post-image\" alt=\"\" srcset=\"data:image\/svg+xml,%3Csvg%20xmlns%3D%27http%3A%2F%2Fwww.w3.org%2F2000%2Fsvg%27%20width%3D%271200%27%20height%3D%27900%27%20viewBox%3D%270%200%201200%20900%27%3E%3Crect%20width%3D%271200%27%20height%3D%27900%27%20fill-opacity%3D%220%22%2F%3E%3C%2Fsvg%3E\" data-orig-src=\"https:\/\/construccionsmodulars.es\/wp-content\/uploads\/2024\/06\/ampliacio_Nau_Industrial_Castelldans_01.jpg\" data-srcset=\"https:\/\/construccionsmodulars.es\/wp-content\/uploads\/2024\/06\/ampliacio_Nau_Industrial_Castelldans_01-200x150.jpg 200w, https:\/\/construccionsmodulars.es\/wp-content\/uploads\/2024\/06\/ampliacio_Nau_Industrial_Castelldans_01-400x300.jpg 400w, https:\/\/construccionsmodulars.es\/wp-content\/uploads\/2024\/06\/ampliacio_Nau_Industrial_Castelldans_01-600x450.jpg 600w, https:\/\/construccionsmodulars.es\/wp-content\/uploads\/2024\/06\/ampliacio_Nau_Industrial_Castelldans_01-800x600.jpg 800w, https:\/\/construccionsmodulars.es\/wp-content\/uploads\/2024\/06\/ampliacio_Nau_Industrial_Castelldans_01.jpg 1200w\" data-sizes=\"auto\" \/><div class=\"fusion-rollover\">\n\t<div class=\"fusion-rollover-content\">\n\n\t\t\t\t\t\t\t\t\t\t\t\t\t\t<a class=\"fusion-rollover-link\" href=\"https:\/\/construccionsmodulars.es\/ca\/projects\/ampliacio-modular-nau-industrial-castelldans\/\">Ampliaci\u00f3 ModulAr &#8211; Nau Industrial Castelldans<\/a>\n\t\t\t\n\t\t\t\t\t\t\t\t\n\t\t\n\t\t\t\t\t\t\t\t\t\t\t\t<h4 class=\"fusion-rollover-title\">\n\t\t\t\t\t<a class=\"fusion-rollover-title-link\" href=\"https:\/\/construccionsmodulars.es\/ca\/projects\/ampliacio-modular-nau-industrial-castelldans\/\">\n\t\t\t\t\t\tAmpliaci\u00f3 ModulAr &#8211; Nau Industrial Castelldans\t\t\t\t\t<\/a>\n\t\t\t\t<\/h4>\n\t\t\t\n\t\t\t\t\t\t\t\t\n\t\t\n\t\t\t\t\t\t<a class=\"fusion-link-wrapper\" href=\"https:\/\/construccionsmodulars.es\/ca\/projects\/ampliacio-modular-nau-industrial-castelldans\/\" aria-label=\"Ampliaci\u00f3 ModulAr &#8211; Nau Industrial Castelldans\"><\/a>\n\t<\/div>\n<\/div>\n<\/div>\n<\/div><\/div><\/li>\n<li class=\"fusion-layout-column fusion_builder_column fusion-builder-column-15 fusion-flex-column post-card fusion-grid-column fusion-post-cards-grid-column camping-i-hotels\" style=\"--awb-bg-blend:overlay;--awb-bg-size:cover;--awb-flex-grow:0;--awb-flex-shrink:0;--awb-flex-grow-medium:0;--awb-flex-shrink-medium:0;--awb-flex-grow-small:0;--awb-flex-shrink-small:0;\" data-scroll-devices=\"small-visibility,medium-visibility,large-visibility\"><div class=\"fusion-column-wrapper fusion-column-has-shadow fusion-flex-justify-content-space-around fusion-content-layout-column\"><div class=\"fusion-classic-product-image-wrapper fusion-woo-product-image fusion-post-card-image fusion-post-card-image-1\" data-layout=\"rollover\"><div  class=\"fusion-image-wrapper\" aria-haspopup=\"true\">\n\t\t\t\t<img decoding=\"async\" width=\"1000\" height=\"750\" src=\"https:\/\/construccionsmodulars.es\/wp-content\/uploads\/2024\/06\/bungalow_grow-it-modular_05.jpg\" class=\"attachment-full size-full lazyload wp-post-image\" alt=\"bungalow modular\" srcset=\"data:image\/svg+xml,%3Csvg%20xmlns%3D%27http%3A%2F%2Fwww.w3.org%2F2000%2Fsvg%27%20width%3D%271000%27%20height%3D%27750%27%20viewBox%3D%270%200%201000%20750%27%3E%3Crect%20width%3D%271000%27%20height%3D%27750%27%20fill-opacity%3D%220%22%2F%3E%3C%2Fsvg%3E\" data-orig-src=\"https:\/\/construccionsmodulars.es\/wp-content\/uploads\/2024\/06\/bungalow_grow-it-modular_05.jpg\" data-srcset=\"https:\/\/construccionsmodulars.es\/wp-content\/uploads\/2024\/06\/bungalow_grow-it-modular_05-200x150.jpg 200w, https:\/\/construccionsmodulars.es\/wp-content\/uploads\/2024\/06\/bungalow_grow-it-modular_05-400x300.jpg 400w, https:\/\/construccionsmodulars.es\/wp-content\/uploads\/2024\/06\/bungalow_grow-it-modular_05-600x450.jpg 600w, https:\/\/construccionsmodulars.es\/wp-content\/uploads\/2024\/06\/bungalow_grow-it-modular_05-800x600.jpg 800w, https:\/\/construccionsmodulars.es\/wp-content\/uploads\/2024\/06\/bungalow_grow-it-modular_05.jpg 1000w\" data-sizes=\"auto\" \/><div class=\"fusion-rollover\">\n\t<div class=\"fusion-rollover-content\">\n\n\t\t\t\t\t\t\t\t\t\t\t\t\t\t<a class=\"fusion-rollover-link\" href=\"https:\/\/construccionsmodulars.es\/ca\/projects\/bungalow-grow-it-modular\/\">Bungalow &#8211; Grow It Modular<\/a>\n\t\t\t\n\t\t\t\t\t\t\t\t\n\t\t\n\t\t\t\t\t\t\t\t\t\t\t\t<h4 class=\"fusion-rollover-title\">\n\t\t\t\t\t<a class=\"fusion-rollover-title-link\" href=\"https:\/\/construccionsmodulars.es\/ca\/projects\/bungalow-grow-it-modular\/\">\n\t\t\t\t\t\tBungalow &#8211; Grow It Modular\t\t\t\t\t<\/a>\n\t\t\t\t<\/h4>\n\t\t\t\n\t\t\t\t\t\t\t\t\n\t\t\n\t\t\t\t\t\t<a class=\"fusion-link-wrapper\" href=\"https:\/\/construccionsmodulars.es\/ca\/projects\/bungalow-grow-it-modular\/\" aria-label=\"Bungalow &#8211; Grow It Modular\"><\/a>\n\t<\/div>\n<\/div>\n<\/div>\n<\/div><\/div><\/li>\n<li class=\"fusion-layout-column fusion_builder_column fusion-builder-column-16 fusion-flex-column post-card fusion-grid-column fusion-post-cards-grid-column camping-i-hotels\" style=\"--awb-bg-blend:overlay;--awb-bg-size:cover;--awb-flex-grow:0;--awb-flex-shrink:0;--awb-flex-grow-medium:0;--awb-flex-shrink-medium:0;--awb-flex-grow-small:0;--awb-flex-shrink-small:0;\" data-scroll-devices=\"small-visibility,medium-visibility,large-visibility\"><div class=\"fusion-column-wrapper fusion-column-has-shadow fusion-flex-justify-content-space-around fusion-content-layout-column\"><div class=\"fusion-classic-product-image-wrapper fusion-woo-product-image fusion-post-card-image fusion-post-card-image-1\" data-layout=\"rollover\"><div  class=\"fusion-image-wrapper\" aria-haspopup=\"true\">\n\t\t\t\t<img decoding=\"async\" width=\"1000\" height=\"750\" src=\"https:\/\/construccionsmodulars.es\/wp-content\/uploads\/2024\/06\/caseta-refugi_01.jpeg\" class=\"attachment-full size-full lazyload wp-post-image\" alt=\"\" srcset=\"data:image\/svg+xml,%3Csvg%20xmlns%3D%27http%3A%2F%2Fwww.w3.org%2F2000%2Fsvg%27%20width%3D%271000%27%20height%3D%27750%27%20viewBox%3D%270%200%201000%20750%27%3E%3Crect%20width%3D%271000%27%20height%3D%27750%27%20fill-opacity%3D%220%22%2F%3E%3C%2Fsvg%3E\" data-orig-src=\"https:\/\/construccionsmodulars.es\/wp-content\/uploads\/2024\/06\/caseta-refugi_01.jpeg\" data-srcset=\"https:\/\/construccionsmodulars.es\/wp-content\/uploads\/2024\/06\/caseta-refugi_01-200x150.jpeg 200w, https:\/\/construccionsmodulars.es\/wp-content\/uploads\/2024\/06\/caseta-refugi_01-400x300.jpeg 400w, https:\/\/construccionsmodulars.es\/wp-content\/uploads\/2024\/06\/caseta-refugi_01-600x450.jpeg 600w, https:\/\/construccionsmodulars.es\/wp-content\/uploads\/2024\/06\/caseta-refugi_01-800x600.jpeg 800w, https:\/\/construccionsmodulars.es\/wp-content\/uploads\/2024\/06\/caseta-refugi_01.jpeg 1000w\" data-sizes=\"auto\" \/><div class=\"fusion-rollover\">\n\t<div class=\"fusion-rollover-content\">\n\n\t\t\t\t\t\t\t\t\t\t\t\t\t\t<a class=\"fusion-rollover-link\" href=\"https:\/\/construccionsmodulars.es\/ca\/projects\/caseta-refugi\/\">Caseta &#8211; Refugi<\/a>\n\t\t\t\n\t\t\t\t\t\t\t\t\n\t\t\n\t\t\t\t\t\t\t\t\t\t\t\t<h4 class=\"fusion-rollover-title\">\n\t\t\t\t\t<a class=\"fusion-rollover-title-link\" href=\"https:\/\/construccionsmodulars.es\/ca\/projects\/caseta-refugi\/\">\n\t\t\t\t\t\tCaseta &#8211; Refugi\t\t\t\t\t<\/a>\n\t\t\t\t<\/h4>\n\t\t\t\n\t\t\t\t\t\t\t\t\n\t\t\n\t\t\t\t\t\t<a class=\"fusion-link-wrapper\" href=\"https:\/\/construccionsmodulars.es\/ca\/projects\/caseta-refugi\/\" aria-label=\"Caseta &#8211; Refugi\"><\/a>\n\t<\/div>\n<\/div>\n<\/div>\n<\/div><\/div><\/li>\n<li class=\"fusion-layout-column fusion_builder_column fusion-builder-column-17 fusion-flex-column post-card fusion-grid-column fusion-post-cards-grid-column camping-i-hotels\" style=\"--awb-bg-blend:overlay;--awb-bg-size:cover;--awb-flex-grow:0;--awb-flex-shrink:0;--awb-flex-grow-medium:0;--awb-flex-shrink-medium:0;--awb-flex-grow-small:0;--awb-flex-shrink-small:0;\" data-scroll-devices=\"small-visibility,medium-visibility,large-visibility\"><div class=\"fusion-column-wrapper fusion-column-has-shadow fusion-flex-justify-content-space-around fusion-content-layout-column\"><div class=\"fusion-classic-product-image-wrapper fusion-woo-product-image fusion-post-card-image fusion-post-card-image-1\" data-layout=\"rollover\"><div  class=\"fusion-image-wrapper\" aria-haspopup=\"true\">\n\t\t\t\t<img decoding=\"async\" width=\"1000\" height=\"750\" src=\"https:\/\/construccionsmodulars.es\/wp-content\/uploads\/2024\/06\/Caseta-Castell-del-Remei_10-1.jpg\" class=\"attachment-full size-full lazyload wp-post-image\" alt=\"\" srcset=\"data:image\/svg+xml,%3Csvg%20xmlns%3D%27http%3A%2F%2Fwww.w3.org%2F2000%2Fsvg%27%20width%3D%271000%27%20height%3D%27750%27%20viewBox%3D%270%200%201000%20750%27%3E%3Crect%20width%3D%271000%27%20height%3D%27750%27%20fill-opacity%3D%220%22%2F%3E%3C%2Fsvg%3E\" data-orig-src=\"https:\/\/construccionsmodulars.es\/wp-content\/uploads\/2024\/06\/Caseta-Castell-del-Remei_10-1.jpg\" data-srcset=\"https:\/\/construccionsmodulars.es\/wp-content\/uploads\/2024\/06\/Caseta-Castell-del-Remei_10-1-200x150.jpg 200w, https:\/\/construccionsmodulars.es\/wp-content\/uploads\/2024\/06\/Caseta-Castell-del-Remei_10-1-400x300.jpg 400w, https:\/\/construccionsmodulars.es\/wp-content\/uploads\/2024\/06\/Caseta-Castell-del-Remei_10-1-600x450.jpg 600w, https:\/\/construccionsmodulars.es\/wp-content\/uploads\/2024\/06\/Caseta-Castell-del-Remei_10-1-800x600.jpg 800w, https:\/\/construccionsmodulars.es\/wp-content\/uploads\/2024\/06\/Caseta-Castell-del-Remei_10-1.jpg 1000w\" data-sizes=\"auto\" \/><div class=\"fusion-rollover\">\n\t<div class=\"fusion-rollover-content\">\n\n\t\t\t\t\t\t\t\t\t\t\t\t\t\t<a class=\"fusion-rollover-link\" href=\"https:\/\/construccionsmodulars.es\/ca\/projects\/caseta-castell-del-remei\/\">Caseta \u2013 Castell del Remei<\/a>\n\t\t\t\n\t\t\t\t\t\t\t\t\n\t\t\n\t\t\t\t\t\t\t\t\t\t\t\t<h4 class=\"fusion-rollover-title\">\n\t\t\t\t\t<a class=\"fusion-rollover-title-link\" href=\"https:\/\/construccionsmodulars.es\/ca\/projects\/caseta-castell-del-remei\/\">\n\t\t\t\t\t\tCaseta \u2013 Castell del Remei\t\t\t\t\t<\/a>\n\t\t\t\t<\/h4>\n\t\t\t\n\t\t\t\t\t\t\t\t\n\t\t\n\t\t\t\t\t\t<a class=\"fusion-link-wrapper\" href=\"https:\/\/construccionsmodulars.es\/ca\/projects\/caseta-castell-del-remei\/\" aria-label=\"Caseta \u2013 Castell del Remei\"><\/a>\n\t<\/div>\n<\/div>\n<\/div>\n<\/div><\/div><\/li>\n<li class=\"fusion-layout-column fusion_builder_column fusion-builder-column-18 fusion-flex-column post-card fusion-grid-column fusion-post-cards-grid-column industria-i-equipaments\" style=\"--awb-bg-blend:overlay;--awb-bg-size:cover;--awb-flex-grow:0;--awb-flex-shrink:0;--awb-flex-grow-medium:0;--awb-flex-shrink-medium:0;--awb-flex-grow-small:0;--awb-flex-shrink-small:0;\" data-scroll-devices=\"small-visibility,medium-visibility,large-visibility\"><div class=\"fusion-column-wrapper fusion-column-has-shadow fusion-flex-justify-content-space-around fusion-content-layout-column\"><div class=\"fusion-classic-product-image-wrapper fusion-woo-product-image fusion-post-card-image fusion-post-card-image-1\" data-layout=\"rollover\"><div  class=\"fusion-image-wrapper\" aria-haspopup=\"true\">\n\t\t\t\t<img decoding=\"async\" width=\"1200\" height=\"900\" src=\"https:\/\/construccionsmodulars.es\/wp-content\/uploads\/2024\/06\/Nau-Industrial_Bell-lloc_05.jpg\" class=\"attachment-full size-full lazyload wp-post-image\" alt=\"\" srcset=\"data:image\/svg+xml,%3Csvg%20xmlns%3D%27http%3A%2F%2Fwww.w3.org%2F2000%2Fsvg%27%20width%3D%271200%27%20height%3D%27900%27%20viewBox%3D%270%200%201200%20900%27%3E%3Crect%20width%3D%271200%27%20height%3D%27900%27%20fill-opacity%3D%220%22%2F%3E%3C%2Fsvg%3E\" data-orig-src=\"https:\/\/construccionsmodulars.es\/wp-content\/uploads\/2024\/06\/Nau-Industrial_Bell-lloc_05.jpg\" data-srcset=\"https:\/\/construccionsmodulars.es\/wp-content\/uploads\/2024\/06\/Nau-Industrial_Bell-lloc_05-200x150.jpg 200w, https:\/\/construccionsmodulars.es\/wp-content\/uploads\/2024\/06\/Nau-Industrial_Bell-lloc_05-400x300.jpg 400w, https:\/\/construccionsmodulars.es\/wp-content\/uploads\/2024\/06\/Nau-Industrial_Bell-lloc_05-600x450.jpg 600w, https:\/\/construccionsmodulars.es\/wp-content\/uploads\/2024\/06\/Nau-Industrial_Bell-lloc_05-800x600.jpg 800w, https:\/\/construccionsmodulars.es\/wp-content\/uploads\/2024\/06\/Nau-Industrial_Bell-lloc_05.jpg 1200w\" data-sizes=\"auto\" \/><div class=\"fusion-rollover\">\n\t<div class=\"fusion-rollover-content\">\n\n\t\t\t\t\t\t\t\t\t\t\t\t\t\t<a class=\"fusion-rollover-link\" href=\"https:\/\/construccionsmodulars.es\/ca\/projects\/nau-industrial-bell-lloc\/\">Nau Industrial &#8211; Bell-lloc<\/a>\n\t\t\t\n\t\t\t\t\t\t\t\t\n\t\t\n\t\t\t\t\t\t\t\t\t\t\t\t<h4 class=\"fusion-rollover-title\">\n\t\t\t\t\t<a class=\"fusion-rollover-title-link\" href=\"https:\/\/construccionsmodulars.es\/ca\/projects\/nau-industrial-bell-lloc\/\">\n\t\t\t\t\t\tNau Industrial &#8211; Bell-lloc\t\t\t\t\t<\/a>\n\t\t\t\t<\/h4>\n\t\t\t\n\t\t\t\t\t\t\t\t\n\t\t\n\t\t\t\t\t\t<a class=\"fusion-link-wrapper\" href=\"https:\/\/construccionsmodulars.es\/ca\/projects\/nau-industrial-bell-lloc\/\" aria-label=\"Nau Industrial &#8211; Bell-lloc\"><\/a>\n\t<\/div>\n<\/div>\n<\/div>\n<\/div><\/div><\/li>\n<li class=\"fusion-layout-column fusion_builder_column fusion-builder-column-19 fusion-flex-column post-card fusion-grid-column fusion-post-cards-grid-column industria-i-equipaments\" style=\"--awb-bg-blend:overlay;--awb-bg-size:cover;--awb-flex-grow:0;--awb-flex-shrink:0;--awb-flex-grow-medium:0;--awb-flex-shrink-medium:0;--awb-flex-grow-small:0;--awb-flex-shrink-small:0;\" data-scroll-devices=\"small-visibility,medium-visibility,large-visibility\"><div class=\"fusion-column-wrapper fusion-column-has-shadow fusion-flex-justify-content-space-around fusion-content-layout-column\"><div class=\"fusion-classic-product-image-wrapper fusion-woo-product-image fusion-post-card-image fusion-post-card-image-1\" data-layout=\"rollover\"><div  class=\"fusion-image-wrapper\" aria-haspopup=\"true\">\n\t\t\t\t<img decoding=\"async\" width=\"1200\" height=\"900\" src=\"https:\/\/construccionsmodulars.es\/wp-content\/uploads\/2024\/06\/Nau-Industrial_Faura_02.jpg\" class=\"attachment-full size-full lazyload wp-post-image\" alt=\"\" srcset=\"data:image\/svg+xml,%3Csvg%20xmlns%3D%27http%3A%2F%2Fwww.w3.org%2F2000%2Fsvg%27%20width%3D%271200%27%20height%3D%27900%27%20viewBox%3D%270%200%201200%20900%27%3E%3Crect%20width%3D%271200%27%20height%3D%27900%27%20fill-opacity%3D%220%22%2F%3E%3C%2Fsvg%3E\" data-orig-src=\"https:\/\/construccionsmodulars.es\/wp-content\/uploads\/2024\/06\/Nau-Industrial_Faura_02.jpg\" data-srcset=\"https:\/\/construccionsmodulars.es\/wp-content\/uploads\/2024\/06\/Nau-Industrial_Faura_02-200x150.jpg 200w, https:\/\/construccionsmodulars.es\/wp-content\/uploads\/2024\/06\/Nau-Industrial_Faura_02-400x300.jpg 400w, https:\/\/construccionsmodulars.es\/wp-content\/uploads\/2024\/06\/Nau-Industrial_Faura_02-600x450.jpg 600w, https:\/\/construccionsmodulars.es\/wp-content\/uploads\/2024\/06\/Nau-Industrial_Faura_02-800x600.jpg 800w, https:\/\/construccionsmodulars.es\/wp-content\/uploads\/2024\/06\/Nau-Industrial_Faura_02.jpg 1200w\" data-sizes=\"auto\" \/><div class=\"fusion-rollover\">\n\t<div class=\"fusion-rollover-content\">\n\n\t\t\t\t\t\t\t\t\t\t\t\t\t\t<a class=\"fusion-rollover-link\" href=\"https:\/\/construccionsmodulars.es\/ca\/projects\/nau-industrial-faura\/\">Nau Industrial &#8211; Faura<\/a>\n\t\t\t\n\t\t\t\t\t\t\t\t\n\t\t\n\t\t\t\t\t\t\t\t\t\t\t\t<h4 class=\"fusion-rollover-title\">\n\t\t\t\t\t<a class=\"fusion-rollover-title-link\" href=\"https:\/\/construccionsmodulars.es\/ca\/projects\/nau-industrial-faura\/\">\n\t\t\t\t\t\tNau Industrial &#8211; Faura\t\t\t\t\t<\/a>\n\t\t\t\t<\/h4>\n\t\t\t\n\t\t\t\t\t\t\t\t\n\t\t\n\t\t\t\t\t\t<a class=\"fusion-link-wrapper\" href=\"https:\/\/construccionsmodulars.es\/ca\/projects\/nau-industrial-faura\/\" aria-label=\"Nau Industrial &#8211; Faura\"><\/a>\n\t<\/div>\n<\/div>\n<\/div>\n<\/div><\/div><\/li>\n<li class=\"fusion-layout-column fusion_builder_column fusion-builder-column-20 fusion-flex-column post-card fusion-grid-column fusion-post-cards-grid-column industria-i-equipaments\" style=\"--awb-bg-blend:overlay;--awb-bg-size:cover;--awb-flex-grow:0;--awb-flex-shrink:0;--awb-flex-grow-medium:0;--awb-flex-shrink-medium:0;--awb-flex-grow-small:0;--awb-flex-shrink-small:0;\" data-scroll-devices=\"small-visibility,medium-visibility,large-visibility\"><div class=\"fusion-column-wrapper fusion-column-has-shadow fusion-flex-justify-content-space-around fusion-content-layout-column\"><div class=\"fusion-classic-product-image-wrapper fusion-woo-product-image fusion-post-card-image fusion-post-card-image-1\" data-layout=\"rollover\"><div  class=\"fusion-image-wrapper\" aria-haspopup=\"true\">\n\t\t\t\t<img decoding=\"async\" width=\"1200\" height=\"900\" src=\"https:\/\/construccionsmodulars.es\/wp-content\/uploads\/2024\/06\/Nau-Industrial-la-rioja_01.jpg\" class=\"attachment-full size-full lazyload wp-post-image\" alt=\"\" srcset=\"data:image\/svg+xml,%3Csvg%20xmlns%3D%27http%3A%2F%2Fwww.w3.org%2F2000%2Fsvg%27%20width%3D%271200%27%20height%3D%27900%27%20viewBox%3D%270%200%201200%20900%27%3E%3Crect%20width%3D%271200%27%20height%3D%27900%27%20fill-opacity%3D%220%22%2F%3E%3C%2Fsvg%3E\" data-orig-src=\"https:\/\/construccionsmodulars.es\/wp-content\/uploads\/2024\/06\/Nau-Industrial-la-rioja_01.jpg\" data-srcset=\"https:\/\/construccionsmodulars.es\/wp-content\/uploads\/2024\/06\/Nau-Industrial-la-rioja_01-200x150.jpg 200w, https:\/\/construccionsmodulars.es\/wp-content\/uploads\/2024\/06\/Nau-Industrial-la-rioja_01-400x300.jpg 400w, https:\/\/construccionsmodulars.es\/wp-content\/uploads\/2024\/06\/Nau-Industrial-la-rioja_01-600x450.jpg 600w, https:\/\/construccionsmodulars.es\/wp-content\/uploads\/2024\/06\/Nau-Industrial-la-rioja_01-800x600.jpg 800w, https:\/\/construccionsmodulars.es\/wp-content\/uploads\/2024\/06\/Nau-Industrial-la-rioja_01.jpg 1200w\" data-sizes=\"auto\" \/><div class=\"fusion-rollover\">\n\t<div class=\"fusion-rollover-content\">\n\n\t\t\t\t\t\t\t\t\t\t\t\t\t\t<a class=\"fusion-rollover-link\" href=\"https:\/\/construccionsmodulars.es\/ca\/projects\/nau-industrial-la-rioja\/\">Nau Industrial &#8211; La Rioja<\/a>\n\t\t\t\n\t\t\t\t\t\t\t\t\n\t\t\n\t\t\t\t\t\t\t\t\t\t\t\t<h4 class=\"fusion-rollover-title\">\n\t\t\t\t\t<a class=\"fusion-rollover-title-link\" href=\"https:\/\/construccionsmodulars.es\/ca\/projects\/nau-industrial-la-rioja\/\">\n\t\t\t\t\t\tNau Industrial &#8211; La Rioja\t\t\t\t\t<\/a>\n\t\t\t\t<\/h4>\n\t\t\t\n\t\t\t\t\t\t\t\t\n\t\t\n\t\t\t\t\t\t<a class=\"fusion-link-wrapper\" href=\"https:\/\/construccionsmodulars.es\/ca\/projects\/nau-industrial-la-rioja\/\" aria-label=\"Nau Industrial &#8211; La Rioja\"><\/a>\n\t<\/div>\n<\/div>\n<\/div>\n<\/div><\/div><\/li>\n<li class=\"fusion-layout-column fusion_builder_column fusion-builder-column-21 fusion-flex-column post-card fusion-grid-column fusion-post-cards-grid-column industria-i-equipaments\" style=\"--awb-bg-blend:overlay;--awb-bg-size:cover;--awb-flex-grow:0;--awb-flex-shrink:0;--awb-flex-grow-medium:0;--awb-flex-shrink-medium:0;--awb-flex-grow-small:0;--awb-flex-shrink-small:0;\" data-scroll-devices=\"small-visibility,medium-visibility,large-visibility\"><div class=\"fusion-column-wrapper fusion-column-has-shadow fusion-flex-justify-content-space-around fusion-content-layout-column\"><div class=\"fusion-classic-product-image-wrapper fusion-woo-product-image fusion-post-card-image fusion-post-card-image-1\" data-layout=\"rollover\"><div  class=\"fusion-image-wrapper\" aria-haspopup=\"true\">\n\t\t\t\t<img decoding=\"async\" width=\"1200\" height=\"900\" src=\"https:\/\/construccionsmodulars.es\/wp-content\/uploads\/2024\/06\/Nau-indusrial-reus-01.jpg\" class=\"attachment-full size-full lazyload wp-post-image\" alt=\"\" srcset=\"data:image\/svg+xml,%3Csvg%20xmlns%3D%27http%3A%2F%2Fwww.w3.org%2F2000%2Fsvg%27%20width%3D%271200%27%20height%3D%27900%27%20viewBox%3D%270%200%201200%20900%27%3E%3Crect%20width%3D%271200%27%20height%3D%27900%27%20fill-opacity%3D%220%22%2F%3E%3C%2Fsvg%3E\" data-orig-src=\"https:\/\/construccionsmodulars.es\/wp-content\/uploads\/2024\/06\/Nau-indusrial-reus-01.jpg\" data-srcset=\"https:\/\/construccionsmodulars.es\/wp-content\/uploads\/2024\/06\/Nau-indusrial-reus-01-200x150.jpg 200w, https:\/\/construccionsmodulars.es\/wp-content\/uploads\/2024\/06\/Nau-indusrial-reus-01-400x300.jpg 400w, https:\/\/construccionsmodulars.es\/wp-content\/uploads\/2024\/06\/Nau-indusrial-reus-01-600x450.jpg 600w, https:\/\/construccionsmodulars.es\/wp-content\/uploads\/2024\/06\/Nau-indusrial-reus-01-800x600.jpg 800w, https:\/\/construccionsmodulars.es\/wp-content\/uploads\/2024\/06\/Nau-indusrial-reus-01.jpg 1200w\" data-sizes=\"auto\" \/><div class=\"fusion-rollover\">\n\t<div class=\"fusion-rollover-content\">\n\n\t\t\t\t\t\t\t\t\t\t\t\t\t\t<a class=\"fusion-rollover-link\" href=\"https:\/\/construccionsmodulars.es\/ca\/projects\/nau-industrial-reus\/\">Nau Industrial &#8211; Reus<\/a>\n\t\t\t\n\t\t\t\t\t\t\t\t\n\t\t\n\t\t\t\t\t\t\t\t\t\t\t\t<h4 class=\"fusion-rollover-title\">\n\t\t\t\t\t<a class=\"fusion-rollover-title-link\" href=\"https:\/\/construccionsmodulars.es\/ca\/projects\/nau-industrial-reus\/\">\n\t\t\t\t\t\tNau Industrial &#8211; Reus\t\t\t\t\t<\/a>\n\t\t\t\t<\/h4>\n\t\t\t\n\t\t\t\t\t\t\t\t\n\t\t\n\t\t\t\t\t\t<a class=\"fusion-link-wrapper\" href=\"https:\/\/construccionsmodulars.es\/ca\/projects\/nau-industrial-reus\/\" aria-label=\"Nau Industrial &#8211; Reus\"><\/a>\n\t<\/div>\n<\/div>\n<\/div>\n<\/div><\/div><\/li>\n<\/ul><\/div><\/div><\/div><\/div><\/div><\/div><div class=\"fusion-fullwidth fullwidth-box fusion-builder-row-4 fusion-flex-container has-pattern-background has-mask-background nonhundred-percent-fullwidth non-hundred-percent-height-scrolling\" style=\"--awb-border-radius-top-left:0px;--awb-border-radius-top-right:0px;--awb-border-radius-bottom-right:0px;--awb-border-radius-bottom-left:0px;--awb-padding-top:38px;--awb-padding-bottom:25px;--awb-padding-right-small:53px;--awb-padding-left-small:51px;--awb-margin-bottom:0px;--awb-background-color:var(--awb-color4);--awb-flex-wrap:wrap;\" ><div class=\"fusion-builder-row fusion-row fusion-flex-align-items-stretch fusion-flex-content-wrap\" style=\"max-width:1227.2px;margin-left: calc(-4% \/ 2 );margin-right: calc(-4% \/ 2 );\"><div class=\"fusion-layout-column fusion_builder_column fusion-builder-column-22 fusion_builder_column_3_5 3_5 fusion-flex-column fusion-flex-align-self-center fusion-animated\" style=\"--awb-bg-blend:overlay;--awb-bg-size:cover;--awb-width-large:60%;--awb-flex-grow:0;--awb-flex-shrink:0;--awb-margin-top-large:15px;--awb-spacing-right-large:3.2%;--awb-margin-bottom-large:15px;--awb-spacing-left-large:3.2%;--awb-width-medium:100%;--awb-flex-grow-medium:0;--awb-flex-shrink-medium:0;--awb-spacing-right-medium:1.92%;--awb-spacing-left-medium:1.92%;--awb-width-small:100%;--awb-flex-grow-small:0;--awb-flex-shrink-small:0;--awb-spacing-right-small:1.92%;--awb-spacing-left-small:1.92%;\" data-animationType=\"slideInLeft\" data-animationDuration=\"0.9\" data-animationOffset=\"top-into-view\"><div class=\"fusion-column-wrapper fusion-flex-justify-content-center fusion-content-layout-column\"><div class=\"fusion-text fusion-text-2\" style=\"--awb-text-color:var(--awb-color1);\"><p style=\"text-align: center;\"><span style=\"color: var(--awb-color1); font-size: 18px;\" data-fusion-font=\"true\">Construeix la teva llar somiada amb les nostres cases modulars. Oferim dissenys personalitzats, efici\u00e8ncia energ\u00e8tica i construcci\u00f3 r\u00e0pida.<\/span><\/p>\n<\/div><\/div><\/div><div class=\"fusion-layout-column fusion_builder_column fusion-builder-column-23 fusion_builder_column_2_5 2_5 fusion-flex-column fusion-animated\" style=\"--awb-bg-blend:overlay;--awb-bg-size:cover;--awb-width-large:40%;--awb-flex-grow:0;--awb-flex-shrink:0;--awb-margin-top-large:15px;--awb-spacing-right-large:4.8%;--awb-margin-bottom-large:15px;--awb-spacing-left-large:4.8%;--awb-width-medium:100%;--awb-flex-grow-medium:0;--awb-flex-shrink-medium:0;--awb-spacing-right-medium:1.92%;--awb-spacing-left-medium:1.92%;--awb-width-small:100%;--awb-flex-grow-small:0;--awb-flex-shrink-small:0;--awb-spacing-right-small:1.92%;--awb-spacing-left-small:1.92%;\" data-animationType=\"zoomIn\" data-animationDuration=\"1.0\" data-animationOffset=\"top-into-view\"><div class=\"fusion-column-wrapper fusion-flex-justify-content-center fusion-content-layout-column\"><div ><a class=\"fusion-button button-flat button-xlarge button-custom fusion-button-default button-1 fusion-button-default-span fusion-button-default-type\" style=\"--button_accent_color:var(--awb-color1);--button_accent_hover_color:var(--awb-color7);--button_border_hover_color:var(--awb-color7);--button_gradient_top_color:var(--awb-color7);--button_gradient_bottom_color:var(--awb-color7);--button_gradient_top_color_hover:var(--awb-color1);--button_gradient_bottom_color_hover:var(--awb-color1);width:calc(100%);\" target=\"_self\" href=\"https:\/\/construccionsmodulars.es\/ca\/contacte\/\"><span class=\"fusion-button-text awb-button__text awb-button__text--default\">CONTACTA ARA<\/span><\/a><\/div><\/div><\/div><\/div><\/div><div class=\"fusion-fullwidth fullwidth-box fusion-builder-row-5 fusion-flex-container fusion-parallax-none nonhundred-percent-fullwidth non-hundred-percent-height-scrolling lazyload\" style=\"--awb-background-position:right top;--awb-border-radius-top-left:0px;--awb-border-radius-top-right:0px;--awb-border-radius-bottom-right:0px;--awb-border-radius-bottom-left:0px;--awb-padding-top:60px;--awb-padding-bottom:60px;--awb-padding-top-medium:50px;--awb-padding-right-medium:40px;--awb-padding-bottom-medium:48px;--awb-padding-left-medium:40px;--awb-padding-bottom-small:40px;--awb-margin-bottom:0px;--awb-background-color:var(--awb-color8);--awb-background-image:linear-gradient(180deg, rgba(0,0,0,0.55) 0%,rgba(0,0,0,0.73) 100%);;--awb-background-size:cover;--awb-flex-wrap:wrap;\" data-bg=\"https:\/\/construccionsmodulars.es\/wp-content\/uploads\/2024\/05\/VILANOVA-36-1024x768.jpg\" data-bg-gradient=\"linear-gradient(180deg, rgba(0,0,0,0.55) 0%,rgba(0,0,0,0.73) 100%)\" ><div class=\"fusion-builder-row fusion-row fusion-flex-align-items-stretch fusion-flex-justify-content-center fusion-flex-content-wrap\" style=\"max-width:1227.2px;margin-left: calc(-4% \/ 2 );margin-right: calc(-4% \/ 2 );\"><div class=\"fusion-layout-column fusion_builder_column fusion-builder-column-24 fusion_builder_column_2_5 2_5 fusion-flex-column fusion-flex-align-self-flex-start fusion-animated\" style=\"--awb-padding-top:2%;--awb-padding-right-small:33px;--awb-padding-left-small:33px;--awb-bg-blend:overlay;--awb-bg-size:cover;--awb-width-large:40%;--awb-flex-grow:0;--awb-flex-shrink:0;--awb-margin-top-large:15px;--awb-spacing-right-large:5.76%;--awb-margin-bottom-large:15px;--awb-spacing-left-large:4.8%;--awb-width-medium:50%;--awb-flex-grow-medium:0;--awb-flex-shrink-medium:0;--awb-spacing-right-medium:4.608%;--awb-spacing-left-medium:3.84%;--awb-width-small:100%;--awb-flex-grow-small:0;--awb-flex-shrink-small:0;--awb-spacing-right-small:0%;--awb-margin-bottom-small:0px;--awb-spacing-left-small:0%;\" data-animationType=\"zoomIn\" data-animationDuration=\"1.0\" data-animationOffset=\"top-into-view\"><div class=\"fusion-column-wrapper fusion-flex-justify-content-center fusion-content-layout-column\"><div class=\"fusion-title title fusion-title-2 fusion-sep-none fusion-title-text fusion-title-size-two\" style=\"--awb-text-color:var(--awb-color1);--awb-margin-top:0px;--awb-margin-bottom:0px;--awb-margin-top-small:0px;--awb-margin-right-small:0px;--awb-margin-bottom-small:20px;--awb-margin-left-small:0px;--awb-font-size:44px;\"><h2 class=\"fusion-title-heading title-heading-left fusion-responsive-typography-calculated\" style=\"margin:0;font-size:1em;--fontSize:44;line-height:var(--awb-typography1-line-height);\"><h2 class=\"fusion-responsive-typography-calculated\" data-fontsize=\"44\" data-lineheight=\"50.6px\">QU\u00c8 M\u00c9S VOLS SABER?<\/h2><\/h2><\/div><div class=\"fusion-separator\" style=\"align-self: flex-start;margin-right:auto;margin-top:20px;margin-bottom:20px;width:100%;max-width:50%;\"><div class=\"fusion-separator-border sep-single sep-solid\" style=\"--awb-height:20px;--awb-amount:20px;--awb-sep-color:var(--awb-color1);border-color:var(--awb-color1);border-top-width:1px;\"><\/div><\/div><div class=\"fusion-text fusion-text-3\"><p><span style=\"color: #ffffff; line-height: 20.25px;\" data-fusion-font=\"true\">Contacta amb nosaltres i resoldrem qualsevol dubte que tinguis sobre la nostra tecnologia patentada ModulArt d\u2019estructures met\u00e0l\u00b7liques i les seves aplicacions.<\/span><\/p>\n<\/div><\/div><\/div><div class=\"fusion-layout-column fusion_builder_column fusion-builder-column-25 fusion_builder_column_3_5 3_5 fusion-flex-column fusion-flex-align-self-flex-start fusion-animated\" style=\"--awb-bg-color:rgba(255,255,255,0);--awb-bg-color-hover:rgba(255,255,255,0);--awb-bg-blend:overlay;--awb-bg-size:cover;--awb-width-large:60%;--awb-flex-grow:0;--awb-flex-shrink:0;--awb-margin-top-large:15px;--awb-spacing-right-large:3.2%;--awb-margin-bottom-large:15px;--awb-spacing-left-large:4px;--awb-width-medium:50%;--awb-flex-grow-medium:0;--awb-flex-shrink-medium:0;--awb-spacing-right-medium:3.84%;--awb-spacing-left-medium:4px;--awb-width-small:100%;--awb-flex-grow-small:0;--awb-flex-shrink-small:0;--awb-margin-top-small:0px;--awb-spacing-right-small:1.92%;--awb-spacing-left-small:1.92%;\" data-animationType=\"slideInRight\" data-animationDuration=\"1.0\" data-animationOffset=\"top-into-view\"><div class=\"fusion-column-wrapper fusion-flex-justify-content-center fusion-content-layout-column\"><div class=\"fusion-builder-row fusion-builder-row-inner fusion-row fusion-flex-align-items-stretch fusion-flex-justify-content-center fusion-flex-content-wrap\" style=\"--awb-flex-grow:0;--awb-flex-grow-medium:0;--awb-flex-grow-small:0;--awb-flex-shrink:0;--awb-flex-shrink-medium:0;--awb-flex-shrink-small:0;width:104% !important;max-width:104% !important;margin-left: calc(-4% \/ 2 );margin-right: calc(-4% \/ 2 );\"><div class=\"fusion-layout-column fusion_builder_column_inner fusion-builder-nested-column-0 fusion_builder_column_inner_1_1 1_1 fusion-flex-column fusion-no-small-visibility\" style=\"--awb-bg-blend:overlay;--awb-bg-size:cover;--awb-width-large:100%;--awb-margin-top-large:15px;--awb-spacing-right-large:1.92%;--awb-margin-bottom-large:15px;--awb-spacing-left-large:1.92%;--awb-width-medium:100%;--awb-spacing-right-medium:1.92%;--awb-spacing-left-medium:1.92%;--awb-width-small:100%;--awb-spacing-right-small:1.92%;--awb-spacing-left-small:1.92%;\"><div class=\"fusion-column-wrapper fusion-flex-justify-content-flex-start fusion-content-layout-column\"><div class=\"fusion-form fusion-form-builder fusion-form-form-wrapper fusion-form-2014\" style=\"--awb-tooltip-text-color:var(--awb-color1);--awb-tooltip-background-color:var(--awb-color1);--awb-form-placeholder-color:hsla(var(--awb-color5-h),var(--awb-color5-s),var(--awb-color5-l),calc(var(--awb-color5-a) - 50%));--awb-form-text-color:var(--awb-color5);--awb-form-label-color:var(--awb-color1);--awb-form-border-color:var(--awb-color1);\" data-form-id=\"2014\" data-config=\"{&quot;form_id&quot;:2014,&quot;form_post_id&quot;:2014,&quot;post_id&quot;:12,&quot;form_type&quot;:&quot;ajax&quot;,&quot;confirmation_type&quot;:&quot;message&quot;,&quot;redirect_url&quot;:&quot;&quot;,&quot;redirect_timeout&quot;:&quot;0&quot;,&quot;field_labels&quot;:{&quot;name&quot;:&quot;Nom&quot;,&quot;phone&quot;:&quot;Tel\\u00e8fon&quot;,&quot;email&quot;:&quot;E-mail&quot;,&quot;message&quot;:&quot;Missatge&quot;,&quot;privacitat&quot;:&quot;&quot;},&quot;field_logics&quot;:{&quot;name&quot;:&quot;&quot;,&quot;phone&quot;:&quot;&quot;,&quot;email&quot;:&quot;&quot;,&quot;message&quot;:&quot;&quot;,&quot;privacitat&quot;:&quot;&quot;,&quot;submit_1&quot;:&quot;&quot;,&quot;notice_1&quot;:&quot;&quot;},&quot;field_types&quot;:{&quot;name&quot;:&quot;text&quot;,&quot;phone&quot;:&quot;phone_number&quot;,&quot;email&quot;:&quot;email&quot;,&quot;message&quot;:&quot;textarea&quot;,&quot;privacitat&quot;:&quot;consent&quot;,&quot;submit_1&quot;:&quot;submit&quot;,&quot;notice_1&quot;:&quot;notice&quot;},&quot;nonce_method&quot;:&quot;ajax&quot;,&quot;form_views&quot;:&quot;ajax&quot;,&quot;form_views_counting&quot;:&quot;all&quot;}\"><form action=\"https:\/\/construccionsmodulars.es\/ca\/projectes\/\" method=\"post\" class=\"fusion-form fusion-form-2014\"><div class=\"fusion-fullwidth fullwidth-box fusion-builder-row-5-1 fusion-flex-container has-pattern-background has-mask-background nonhundred-percent-fullwidth non-hundred-percent-height-scrolling\" style=\"--link_color: var(--awb-color3);--awb-border-radius-top-left:0px;--awb-border-radius-top-right:0px;--awb-border-radius-bottom-right:0px;--awb-border-radius-bottom-left:0px;--awb-padding-top:0px;--awb-padding-right:0px;--awb-padding-bottom:0px;--awb-padding-left:0px;--awb-margin-top:0px;--awb-margin-bottom:0px;--awb-background-color:rgba(255,255,255,0);--awb-flex-wrap:wrap;\" ><div class=\"fusion-builder-row fusion-row fusion-flex-align-items-flex-start fusion-flex-content-wrap\" style=\"width:104% !important;max-width:104% !important;margin-left: calc(-4% \/ 2 );margin-right: calc(-4% \/ 2 );\"><div class=\"fusion-layout-column fusion_builder_column fusion-builder-column-26 fusion_builder_column_1_1 1_1 fusion-flex-column\" style=\"--awb-bg-size:cover;--awb-border-color:var(--awb-color1);--awb-border-style:solid;--awb-width-large:100%;--awb-flex-grow:0;--awb-flex-shrink:0;--awb-margin-top-large:15px;--awb-spacing-right-large:1.92%;--awb-margin-bottom-large:0px;--awb-spacing-left-large:1.92%;--awb-width-medium:100%;--awb-order-medium:0;--awb-flex-grow-medium:0;--awb-flex-shrink-medium:0;--awb-spacing-right-medium:1.92%;--awb-spacing-left-medium:1.92%;--awb-width-small:100%;--awb-order-small:0;--awb-flex-grow-small:0;--awb-flex-shrink-small:0;--awb-spacing-right-small:1.92%;--awb-spacing-left-small:1.92%;\" data-scroll-devices=\"small-visibility,medium-visibility,large-visibility\"><div class=\"fusion-column-wrapper fusion-column-has-shadow fusion-flex-justify-content-flex-start fusion-content-layout-column\"><div class=\"fusion-form-field fusion-form-text-field fusion-form-label-above\" style=\"\" data-form-id=\"2014\"><div class=\"fusion-form-label-wrapper\"><label for=\"name\">Nom <abbr class=\"fusion-form-element-required\" title=\"required\">*<\/abbr><\/label><\/div><input type=\"text\" autocomplete=\"off\" name=\"name\" id=\"name\" value=\"\"  class=\"fusion-form-input\" required=\"true\" aria-required=\"true\" data-holds-private-data=\"false\" minlength=\"0\"\/><\/div><div class=\"fusion-form-field fusion-form-phone-number-field fusion-form-label-above\" style=\"\" data-form-id=\"2014\"><div class=\"fusion-form-label-wrapper\"><label for=\"phone\">Tel\u00e8fon<\/label><\/div><input type=\"tel\" autocomplete=\"off\" name=\"phone\" id=\"phone\" value=\"\"  class=\"fusion-form-input\" data-holds-private-data=\"false\"\/><\/div><div class=\"fusion-form-field fusion-form-email-field fusion-form-label-above\" style=\"\" data-form-id=\"2014\"><div class=\"fusion-form-label-wrapper\"><label for=\"email\">E-mail <abbr class=\"fusion-form-element-required\" title=\"required\">*<\/abbr><\/label><\/div><input type=\"email\" autocomplete=\"off\" name=\"email\" id=\"email\" value=\"\"  class=\"fusion-form-input\" required=\"true\" aria-required=\"true\" data-holds-private-data=\"false\"\/><\/div><div class=\"fusion-form-field fusion-form-textarea-field fusion-form-label-above\" style=\"\" data-form-id=\"2014\"><label for=\"message\">Missatge<\/label><textarea cols=\"40\" autocomplete=\"off\"  minlength=\"0\"  rows=\"4\" tabindex=\"\" id=\"message\" name=\"message\" class=\"fusion-form-input\" data-holds-private-data=\"false\"><\/textarea><\/div><div class=\"fusion-form-field fusion-form-consent-field fusion-form-label-above\" style=\"\" data-form-id=\"2014\"><div class=\"fusion-form-checkbox option-inline\"><input tabindex=\"\" id=\"privacitat\" type=\"checkbox\" value=\"1\" name=\"privacitat\" class=\"fusion-form-input\" required=\"true\" aria-required=\"true\" checked \/><label for=\"privacitat\">He llegit i accepto la <a href=\"https:\/\/construccionsmodulars.es\/ca\/politica-privacitat\/\">Pol\u00edtica de Privacitat<\/a><\/label><\/div><\/div><div class=\"fusion-form-field fusion-form-submit-field fusion-form-label-above\" style=\"\" data-form-id=\"2014\"><div ><button type=\"submit\" class=\"fusion-button button-flat fusion-button-default-size button-custom fusion-button-default button-2 fusion-button-default-span  button-default form-form-submit\" style=\"--button_accent_color:var(--awb-color1);--button_accent_hover_color:var(--awb-color1);--button_border_hover_color:var(--awb-color1);--button_border_width-top:1px;--button_border_width-right:1px;--button_border_width-bottom:1px;--button_border_width-left:1px;--button_gradient_top_color:rgba(255,255,255,0);--button_gradient_bottom_color:rgba(255,255,255,0);--button_gradient_top_color_hover:var(--awb-color4);--button_gradient_bottom_color_hover:var(--awb-color4);--button_text_transform:none;width:calc(100%);\" data-form-number=\"2014\" tabindex=\"\"><span class=\"fusion-button-text awb-button__text awb-button__text--default\">Enviar<\/span><\/button><\/div><\/div><div class=\"form-submission-notices data-notice_1\" id=\"fusion-notices-1\" data-instance=\"1\"><div class=\"fusion-alert alert success alert-success fusion-alert-center fusion-form-response fusion-form-response-success awb-alert-native-link-color alert-dismissable awb-alert-close-boxed\" role=\"alert\"><div class=\"fusion-alert-content-wrapper\"><span class=\"alert-icon\"><i class=\"awb-icon-check-circle\" aria-hidden=\"true\"><\/i><\/span><span class=\"fusion-alert-content\">Gr\u00e0cies pel teu missatge. S'ha enviat.<\/span><\/div><button type=\"button\" class=\"close toggle-alert\" data-dismiss=\"alert\" aria-label=\"Close\">&times;<\/button><\/div><div class=\"fusion-alert alert error alert-danger fusion-alert-center fusion-form-response fusion-form-response-error awb-alert-native-link-color alert-dismissable awb-alert-close-boxed\" role=\"alert\"><div class=\"fusion-alert-content-wrapper\"><span class=\"alert-icon\"><i class=\"awb-icon-exclamation-triangle\" aria-hidden=\"true\"><\/i><\/span><span class=\"fusion-alert-content\">S'ha produ\u00eft un error en intentar enviar el vostre missatge. Siusplau, intenta-ho m\u00e9s tard.<\/span><\/div><button type=\"button\" class=\"close toggle-alert\" data-dismiss=\"alert\" aria-label=\"Close\">&times;<\/button><\/div><\/div><\/div><\/div><\/div><\/div><input type=\"hidden\" name=\"fusion_privacy_expiration_interval\" value=\"48\"><input type=\"hidden\" name=\"privacy_expiration_action\" value=\"anonymize\"><\/form><\/div><\/div><\/div><div class=\"fusion-layout-column fusion_builder_column_inner fusion-builder-nested-column-1 fusion_builder_column_inner_1_1 1_1 fusion-flex-column fusion-no-medium-visibility fusion-no-large-visibility\" style=\"--awb-bg-blend:overlay;--awb-bg-size:cover;--awb-width-large:100%;--awb-margin-top-large:15px;--awb-spacing-right-large:1.92%;--awb-margin-bottom-large:15px;--awb-spacing-left-large:1.92%;--awb-width-medium:100%;--awb-spacing-right-medium:1.92%;--awb-spacing-left-medium:1.92%;--awb-width-small:100%;--awb-spacing-right-small:1.92%;--awb-spacing-left-small:1.92%;\"><div class=\"fusion-column-wrapper fusion-flex-justify-content-flex-start fusion-content-layout-column\"><div class=\"fusion-form fusion-form-builder fusion-form-form-wrapper fusion-form-2014\" style=\"--awb-tooltip-text-color:var(--awb-color1);--awb-tooltip-background-color:var(--awb-color1);--awb-form-placeholder-color:hsla(var(--awb-color5-h),var(--awb-color5-s),var(--awb-color5-l),calc(var(--awb-color5-a) - 50%));--awb-form-text-color:var(--awb-color5);--awb-form-label-color:var(--awb-color1);--awb-form-border-color:var(--awb-color1);\" data-form-id=\"2014\" data-config=\"{&quot;form_id&quot;:2014,&quot;form_post_id&quot;:2014,&quot;post_id&quot;:12,&quot;form_type&quot;:&quot;ajax&quot;,&quot;confirmation_type&quot;:&quot;message&quot;,&quot;redirect_url&quot;:&quot;&quot;,&quot;redirect_timeout&quot;:&quot;0&quot;,&quot;field_labels&quot;:{&quot;name&quot;:&quot;Nom&quot;,&quot;phone&quot;:&quot;Tel\\u00e8fon&quot;,&quot;email&quot;:&quot;E-mail&quot;,&quot;message&quot;:&quot;Missatge&quot;,&quot;privacitat&quot;:&quot;&quot;},&quot;field_logics&quot;:{&quot;name&quot;:&quot;&quot;,&quot;phone&quot;:&quot;&quot;,&quot;email&quot;:&quot;&quot;,&quot;message&quot;:&quot;&quot;,&quot;privacitat&quot;:&quot;&quot;,&quot;submit_2&quot;:&quot;&quot;,&quot;notice_2&quot;:&quot;&quot;},&quot;field_types&quot;:{&quot;name&quot;:&quot;text&quot;,&quot;phone&quot;:&quot;phone_number&quot;,&quot;email&quot;:&quot;email&quot;,&quot;message&quot;:&quot;textarea&quot;,&quot;privacitat&quot;:&quot;consent&quot;,&quot;submit_2&quot;:&quot;submit&quot;,&quot;notice_2&quot;:&quot;notice&quot;},&quot;nonce_method&quot;:&quot;ajax&quot;,&quot;form_views&quot;:&quot;ajax&quot;,&quot;form_views_counting&quot;:&quot;all&quot;}\"><form action=\"https:\/\/construccionsmodulars.es\/ca\/projectes\/\" method=\"post\" class=\"fusion-form fusion-form-2014\"><div class=\"fusion-fullwidth fullwidth-box fusion-builder-row-5-2 fusion-flex-container has-pattern-background has-mask-background nonhundred-percent-fullwidth non-hundred-percent-height-scrolling\" style=\"--link_color: var(--awb-color3);--awb-border-radius-top-left:0px;--awb-border-radius-top-right:0px;--awb-border-radius-bottom-right:0px;--awb-border-radius-bottom-left:0px;--awb-padding-top:0px;--awb-padding-right:0px;--awb-padding-bottom:0px;--awb-padding-left:0px;--awb-margin-top:0px;--awb-margin-bottom:0px;--awb-background-color:rgba(255,255,255,0);--awb-flex-wrap:wrap;\" ><div class=\"fusion-builder-row fusion-row fusion-flex-align-items-flex-start fusion-flex-content-wrap\" style=\"width:104% !important;max-width:104% !important;margin-left: calc(-4% \/ 2 );margin-right: calc(-4% \/ 2 );\"><div class=\"fusion-layout-column fusion_builder_column fusion-builder-column-27 fusion_builder_column_1_1 1_1 fusion-flex-column\" style=\"--awb-bg-size:cover;--awb-border-color:var(--awb-color1);--awb-border-style:solid;--awb-width-large:100%;--awb-flex-grow:0;--awb-flex-shrink:0;--awb-margin-top-large:15px;--awb-spacing-right-large:1.92%;--awb-margin-bottom-large:0px;--awb-spacing-left-large:1.92%;--awb-width-medium:100%;--awb-order-medium:0;--awb-flex-grow-medium:0;--awb-flex-shrink-medium:0;--awb-spacing-right-medium:1.92%;--awb-spacing-left-medium:1.92%;--awb-width-small:100%;--awb-order-small:0;--awb-flex-grow-small:0;--awb-flex-shrink-small:0;--awb-spacing-right-small:1.92%;--awb-spacing-left-small:1.92%;\" data-scroll-devices=\"small-visibility,medium-visibility,large-visibility\"><div class=\"fusion-column-wrapper fusion-column-has-shadow fusion-flex-justify-content-flex-start fusion-content-layout-column\"><div class=\"fusion-form-field fusion-form-text-field fusion-form-label-above\" style=\"\" data-form-id=\"2014\"><div class=\"fusion-form-label-wrapper\"><label for=\"name\">Nom <abbr class=\"fusion-form-element-required\" title=\"required\">*<\/abbr><\/label><\/div><input type=\"text\" autocomplete=\"off\" name=\"name\" id=\"name\" value=\"\"  class=\"fusion-form-input\" required=\"true\" aria-required=\"true\" data-holds-private-data=\"false\" minlength=\"0\"\/><\/div><div class=\"fusion-form-field fusion-form-phone-number-field fusion-form-label-above\" style=\"\" data-form-id=\"2014\"><div class=\"fusion-form-label-wrapper\"><label for=\"phone\">Tel\u00e8fon<\/label><\/div><input type=\"tel\" autocomplete=\"off\" name=\"phone\" id=\"phone\" value=\"\"  class=\"fusion-form-input\" data-holds-private-data=\"false\"\/><\/div><div class=\"fusion-form-field fusion-form-email-field fusion-form-label-above\" style=\"\" data-form-id=\"2014\"><div class=\"fusion-form-label-wrapper\"><label for=\"email\">E-mail <abbr class=\"fusion-form-element-required\" title=\"required\">*<\/abbr><\/label><\/div><input type=\"email\" autocomplete=\"off\" name=\"email\" id=\"email\" value=\"\"  class=\"fusion-form-input\" required=\"true\" aria-required=\"true\" data-holds-private-data=\"false\"\/><\/div><div class=\"fusion-form-field fusion-form-textarea-field fusion-form-label-above\" style=\"\" data-form-id=\"2014\"><label for=\"message\">Missatge<\/label><textarea cols=\"40\" autocomplete=\"off\"  minlength=\"0\"  rows=\"4\" tabindex=\"\" id=\"message\" name=\"message\" class=\"fusion-form-input\" data-holds-private-data=\"false\"><\/textarea><\/div><div class=\"fusion-form-field fusion-form-consent-field fusion-form-label-above\" style=\"\" data-form-id=\"2014\"><div class=\"fusion-form-checkbox option-inline\"><input tabindex=\"\" id=\"privacitat\" type=\"checkbox\" value=\"1\" name=\"privacitat\" class=\"fusion-form-input\" required=\"true\" aria-required=\"true\" checked \/><label for=\"privacitat\">He llegit i accepto la <a href=\"https:\/\/construccionsmodulars.es\/ca\/politica-privacitat\/\">Pol\u00edtica de Privacitat<\/a><\/label><\/div><\/div><div class=\"fusion-form-field fusion-form-submit-field fusion-form-label-above\" style=\"\" data-form-id=\"2014\"><div ><button type=\"submit\" class=\"fusion-button button-flat fusion-button-default-size button-custom fusion-button-default button-3 fusion-button-default-span  button-default form-form-submit\" style=\"--button_accent_color:var(--awb-color1);--button_accent_hover_color:var(--awb-color1);--button_border_hover_color:var(--awb-color1);--button_border_width-top:1px;--button_border_width-right:1px;--button_border_width-bottom:1px;--button_border_width-left:1px;--button_gradient_top_color:rgba(255,255,255,0);--button_gradient_bottom_color:rgba(255,255,255,0);--button_gradient_top_color_hover:var(--awb-color4);--button_gradient_bottom_color_hover:var(--awb-color4);--button_text_transform:none;width:calc(100%);\" data-form-number=\"2014\" tabindex=\"\"><span class=\"fusion-button-text awb-button__text awb-button__text--default\">Enviar<\/span><\/button><\/div><\/div><div class=\"form-submission-notices data-notice_2\" id=\"fusion-notices-2\" data-instance=\"2\"><div class=\"fusion-alert alert success alert-success fusion-alert-center fusion-form-response fusion-form-response-success awb-alert-native-link-color alert-dismissable awb-alert-close-boxed\" role=\"alert\"><div class=\"fusion-alert-content-wrapper\"><span class=\"alert-icon\"><i class=\"awb-icon-check-circle\" aria-hidden=\"true\"><\/i><\/span><span class=\"fusion-alert-content\">Gr\u00e0cies pel teu missatge. S'ha enviat.<\/span><\/div><button type=\"button\" class=\"close toggle-alert\" data-dismiss=\"alert\" aria-label=\"Close\">&times;<\/button><\/div><div class=\"fusion-alert alert error alert-danger fusion-alert-center fusion-form-response fusion-form-response-error awb-alert-native-link-color alert-dismissable awb-alert-close-boxed\" role=\"alert\"><div class=\"fusion-alert-content-wrapper\"><span class=\"alert-icon\"><i class=\"awb-icon-exclamation-triangle\" aria-hidden=\"true\"><\/i><\/span><span class=\"fusion-alert-content\">S'ha produ\u00eft un error en intentar enviar el vostre missatge. Siusplau, intenta-ho m\u00e9s tard.<\/span><\/div><button type=\"button\" class=\"close toggle-alert\" data-dismiss=\"alert\" aria-label=\"Close\">&times;<\/button><\/div><\/div><\/div><\/div><\/div><\/div><input type=\"hidden\" name=\"fusion_privacy_expiration_interval\" value=\"48\"><input type=\"hidden\" name=\"privacy_expiration_action\" value=\"anonymize\"><\/form><\/div><\/div><\/div><\/div><\/div><\/div><\/div><\/div><\/p>\n","protected":false},"excerpt":{"rendered":"","protected":false},"author":1,"featured_media":0,"parent":0,"menu_order":3,"comment_status":"closed","ping_status":"closed","template":"100-width.php","meta":{"footnotes":""},"class_list":["post-12","page","type-page","status-publish","hentry"],"yoast_head":"<!-- This site is optimized with the Yoast SEO Premium plugin v25.1 (Yoast SEO v27.5) - https:\/\/yoast.com\/product\/yoast-seo-premium-wordpress\/ -->\n<title>Projectes de construcci\u00f3 modular a Catalunya - ModulAr<\/title>\n<meta name=\"description\" content=\"Descobreix projectes de construcci\u00f3 modular a Catalunya: cases modulars, ampliacions, estructures met\u00e0l\u00b7liques i naus industrials a mida.\" \/>\n<meta name=\"robots\" content=\"index, follow, max-snippet:-1, max-image-preview:large, max-video-preview:-1\" \/>\n<link rel=\"canonical\" href=\"https:\/\/construccionsmodulars.es\/ca\/projectes\/\" \/>\n<meta property=\"og:locale\" content=\"ca_ES\" \/>\n<meta property=\"og:type\" content=\"article\" \/>\n<meta property=\"og:title\" content=\"Projectes\" \/>\n<meta property=\"og:description\" content=\"Descobreix projectes de construcci\u00f3 modular a Catalunya: cases modulars, ampliacions, estructures met\u00e0l\u00b7liques i naus industrials a mida.\" \/>\n<meta property=\"og:url\" content=\"https:\/\/construccionsmodulars.es\/ca\/projectes\/\" \/>\n<meta property=\"og:site_name\" content=\"ModulAr\" \/>\n<meta property=\"article:publisher\" content=\"https:\/\/www.facebook.com\/ModularCasasyestructuras\" \/>\n<meta property=\"article:modified_time\" content=\"2025-12-17T14:20:11+00:00\" \/>\n<meta name=\"twitter:card\" content=\"summary_large_image\" \/>\n<meta name=\"twitter:label1\" content=\"Temps estimat de lectura\" \/>\n\t<meta name=\"twitter:data1\" content=\"6 minuts\" \/>\n<script type=\"application\/ld+json\" class=\"yoast-schema-graph\">{\"@context\":\"https:\\\/\\\/schema.org\",\"@graph\":[{\"@type\":\"WebPage\",\"@id\":\"https:\\\/\\\/construccionsmodulars.es\\\/ca\\\/projectes\\\/\",\"url\":\"https:\\\/\\\/construccionsmodulars.es\\\/ca\\\/projectes\\\/\",\"name\":\"Projectes de construcci\u00f3 modular a Catalunya - ModulAr\",\"isPartOf\":{\"@id\":\"https:\\\/\\\/construccionsmodulars.es\\\/ca\\\/#website\"},\"datePublished\":\"2017-11-15T09:42:45+00:00\",\"dateModified\":\"2025-12-17T14:20:11+00:00\",\"description\":\"Descobreix projectes de construcci\u00f3 modular a Catalunya: cases modulars, ampliacions, estructures met\u00e0l\u00b7liques i naus industrials a mida.\",\"breadcrumb\":{\"@id\":\"https:\\\/\\\/construccionsmodulars.es\\\/ca\\\/projectes\\\/#breadcrumb\"},\"inLanguage\":\"ca\",\"potentialAction\":[{\"@type\":\"ReadAction\",\"target\":[\"https:\\\/\\\/construccionsmodulars.es\\\/ca\\\/projectes\\\/\"]}]},{\"@type\":\"BreadcrumbList\",\"@id\":\"https:\\\/\\\/construccionsmodulars.es\\\/ca\\\/projectes\\\/#breadcrumb\",\"itemListElement\":[{\"@type\":\"ListItem\",\"position\":1,\"name\":\"Inici\",\"item\":\"https:\\\/\\\/construccionsmodulars.es\\\/ca\\\/\"},{\"@type\":\"ListItem\",\"position\":2,\"name\":\"Projectes\"}]},{\"@type\":\"WebSite\",\"@id\":\"https:\\\/\\\/construccionsmodulars.es\\\/ca\\\/#website\",\"url\":\"https:\\\/\\\/construccionsmodulars.es\\\/ca\\\/\",\"name\":\"ModulAr\",\"description\":\"Construccions Met\u00e0l.liques\",\"publisher\":{\"@id\":\"https:\\\/\\\/construccionsmodulars.es\\\/ca\\\/#organization\"},\"potentialAction\":[{\"@type\":\"SearchAction\",\"target\":{\"@type\":\"EntryPoint\",\"urlTemplate\":\"https:\\\/\\\/construccionsmodulars.es\\\/ca\\\/?s={search_term_string}\"},\"query-input\":{\"@type\":\"PropertyValueSpecification\",\"valueRequired\":true,\"valueName\":\"search_term_string\"}}],\"inLanguage\":\"ca\"},{\"@type\":\"Organization\",\"@id\":\"https:\\\/\\\/construccionsmodulars.es\\\/ca\\\/#organization\",\"name\":\"ModulAr\",\"url\":\"https:\\\/\\\/construccionsmodulars.es\\\/ca\\\/\",\"logo\":{\"@type\":\"ImageObject\",\"inLanguage\":\"ca\",\"@id\":\"https:\\\/\\\/construccionsmodulars.es\\\/ca\\\/#\\\/schema\\\/logo\\\/image\\\/\",\"url\":\"https:\\\/\\\/construccionsmodulars.es\\\/wp-content\\\/uploads\\\/2025\\\/06\\\/Logo_Modular_v03-18-scaled.jpg\",\"contentUrl\":\"https:\\\/\\\/construccionsmodulars.es\\\/wp-content\\\/uploads\\\/2025\\\/06\\\/Logo_Modular_v03-18-scaled.jpg\",\"width\":2560,\"height\":2560,\"caption\":\"ModulAr\"},\"image\":{\"@id\":\"https:\\\/\\\/construccionsmodulars.es\\\/ca\\\/#\\\/schema\\\/logo\\\/image\\\/\"},\"sameAs\":[\"https:\\\/\\\/www.facebook.com\\\/ModularCasasyestructuras\",\"https:\\\/\\\/www.instagram.com\\\/modular_estructuras_metalicas\\\/\"]}]}<\/script>\n<!-- \/ Yoast SEO Premium plugin. -->","yoast_head_json":{"title":"Projectes de construcci\u00f3 modular a Catalunya - ModulAr","description":"Descobreix projectes de construcci\u00f3 modular a Catalunya: cases modulars, ampliacions, estructures met\u00e0l\u00b7liques i naus industrials a mida.","robots":{"index":"index","follow":"follow","max-snippet":"max-snippet:-1","max-image-preview":"max-image-preview:large","max-video-preview":"max-video-preview:-1"},"canonical":"https:\/\/construccionsmodulars.es\/ca\/projectes\/","og_locale":"ca_ES","og_type":"article","og_title":"Projectes","og_description":"Descobreix projectes de construcci\u00f3 modular a Catalunya: cases modulars, ampliacions, estructures met\u00e0l\u00b7liques i naus industrials a mida.","og_url":"https:\/\/construccionsmodulars.es\/ca\/projectes\/","og_site_name":"ModulAr","article_publisher":"https:\/\/www.facebook.com\/ModularCasasyestructuras","article_modified_time":"2025-12-17T14:20:11+00:00","twitter_card":"summary_large_image","twitter_misc":{"Temps estimat de lectura":"6 minuts"},"schema":{"@context":"https:\/\/schema.org","@graph":[{"@type":"WebPage","@id":"https:\/\/construccionsmodulars.es\/ca\/projectes\/","url":"https:\/\/construccionsmodulars.es\/ca\/projectes\/","name":"Projectes de construcci\u00f3 modular a Catalunya - ModulAr","isPartOf":{"@id":"https:\/\/construccionsmodulars.es\/ca\/#website"},"datePublished":"2017-11-15T09:42:45+00:00","dateModified":"2025-12-17T14:20:11+00:00","description":"Descobreix projectes de construcci\u00f3 modular a Catalunya: cases modulars, ampliacions, estructures met\u00e0l\u00b7liques i naus industrials a mida.","breadcrumb":{"@id":"https:\/\/construccionsmodulars.es\/ca\/projectes\/#breadcrumb"},"inLanguage":"ca","potentialAction":[{"@type":"ReadAction","target":["https:\/\/construccionsmodulars.es\/ca\/projectes\/"]}]},{"@type":"BreadcrumbList","@id":"https:\/\/construccionsmodulars.es\/ca\/projectes\/#breadcrumb","itemListElement":[{"@type":"ListItem","position":1,"name":"Inici","item":"https:\/\/construccionsmodulars.es\/ca\/"},{"@type":"ListItem","position":2,"name":"Projectes"}]},{"@type":"WebSite","@id":"https:\/\/construccionsmodulars.es\/ca\/#website","url":"https:\/\/construccionsmodulars.es\/ca\/","name":"ModulAr","description":"Construccions Met\u00e0l.liques","publisher":{"@id":"https:\/\/construccionsmodulars.es\/ca\/#organization"},"potentialAction":[{"@type":"SearchAction","target":{"@type":"EntryPoint","urlTemplate":"https:\/\/construccionsmodulars.es\/ca\/?s={search_term_string}"},"query-input":{"@type":"PropertyValueSpecification","valueRequired":true,"valueName":"search_term_string"}}],"inLanguage":"ca"},{"@type":"Organization","@id":"https:\/\/construccionsmodulars.es\/ca\/#organization","name":"ModulAr","url":"https:\/\/construccionsmodulars.es\/ca\/","logo":{"@type":"ImageObject","inLanguage":"ca","@id":"https:\/\/construccionsmodulars.es\/ca\/#\/schema\/logo\/image\/","url":"https:\/\/construccionsmodulars.es\/wp-content\/uploads\/2025\/06\/Logo_Modular_v03-18-scaled.jpg","contentUrl":"https:\/\/construccionsmodulars.es\/wp-content\/uploads\/2025\/06\/Logo_Modular_v03-18-scaled.jpg","width":2560,"height":2560,"caption":"ModulAr"},"image":{"@id":"https:\/\/construccionsmodulars.es\/ca\/#\/schema\/logo\/image\/"},"sameAs":["https:\/\/www.facebook.com\/ModularCasasyestructuras","https:\/\/www.instagram.com\/modular_estructuras_metalicas\/"]}]}},"_links":{"self":[{"href":"https:\/\/construccionsmodulars.es\/ca\/wp-json\/wp\/v2\/pages\/12","targetHints":{"allow":["GET"]}}],"collection":[{"href":"https:\/\/construccionsmodulars.es\/ca\/wp-json\/wp\/v2\/pages"}],"about":[{"href":"https:\/\/construccionsmodulars.es\/ca\/wp-json\/wp\/v2\/types\/page"}],"author":[{"embeddable":true,"href":"https:\/\/construccionsmodulars.es\/ca\/wp-json\/wp\/v2\/users\/1"}],"replies":[{"embeddable":true,"href":"https:\/\/construccionsmodulars.es\/ca\/wp-json\/wp\/v2\/comments?post=12"}],"version-history":[{"count":58,"href":"https:\/\/construccionsmodulars.es\/ca\/wp-json\/wp\/v2\/pages\/12\/revisions"}],"predecessor-version":[{"id":4765,"href":"https:\/\/construccionsmodulars.es\/ca\/wp-json\/wp\/v2\/pages\/12\/revisions\/4765"}],"wp:attachment":[{"href":"https:\/\/construccionsmodulars.es\/ca\/wp-json\/wp\/v2\/media?parent=12"}],"curies":[{"name":"wp","href":"https:\/\/api.w.org\/{rel}","templated":true}]}}