{"id":3305,"date":"2024-05-28T07:46:03","date_gmt":"2024-05-28T07:46:03","guid":{"rendered":"https:\/\/construccionsmodulars.es\/?page_id=3305"},"modified":"2024-10-28T12:52:51","modified_gmt":"2024-10-28T12:52:51","slug":"politica-privacitat","status":"publish","type":"page","link":"https:\/\/construccionsmodulars.es\/ca\/politica-privacitat\/","title":{"rendered":"Pol\u00edtica de Privacitat"},"content":{"rendered":"<div class=\"fusion-fullwidth fullwidth-box fusion-builder-row-1 fusion-flex-container nonhundred-percent-fullwidth non-hundred-percent-height-scrolling\" style=\"--awb-border-radius-top-left:0px;--awb-border-radius-top-right:0px;--awb-border-radius-bottom-right:0px;--awb-border-radius-bottom-left:0px;--awb-flex-wrap:wrap;\" ><div class=\"fusion-builder-row fusion-row fusion-flex-align-items-flex-start fusion-flex-content-wrap\" style=\"max-width:1227.2px;margin-left: calc(-4% \/ 2 );margin-right: calc(-4% \/ 2 );\"><div class=\"fusion-layout-column fusion_builder_column fusion-builder-column-0 fusion_builder_column_1_1 1_1 fusion-flex-column\" style=\"--awb-bg-blend:overlay;--awb-bg-size:cover;--awb-width-large:100%;--awb-margin-top-large:0px;--awb-spacing-right-large:1.92%;--awb-margin-bottom-large:0px;--awb-spacing-left-large:1.92%;--awb-width-medium:100%;--awb-spacing-right-medium:1.92%;--awb-spacing-left-medium:1.92%;--awb-width-small:100%;--awb-spacing-right-small:1.92%;--awb-spacing-left-small:1.92%;\"><div class=\"fusion-column-wrapper fusion-flex-justify-content-flex-start fusion-content-layout-column\"><div class=\"fusion-text fusion-text-1\"><p style=\"color: var(--awb-color7);\"><b style=\"font-size: 22px; color: var(--awb-color8);\" data-fusion-font=\"true\">1. INFORMACI\u00d3 PER A L\u2019USUARI<\/b><\/p>\n<p style=\"color: var(--awb-color7);\"><span style=\"background-color: var(--awb-bg-color-hover); color: var(--awb-color7); font-family: var(--awb-text-font-family); font-size: 15px; font-style: var(--awb-text-font-style); letter-spacing: var(--awb-letter-spacing); text-align: var(--awb-content-alignment); text-transform: var(--awb-text-transform);\"><b style=\"font-size: 14px; font-family: Roboto; color: var(--awb-color8); line-height: 20px;\" data-fusion-font=\"true\" data-fusion-google-font=\"Roboto\" data-fusion-google-variant=\"300\">Qui \u00e9s el responsable del tractament de les teves dades personals?<\/b><\/span><\/p>\n<p style=\"font-size: 15px; color: var(--awb-color6);\" data-fusion-font=\"true\"><span style=\"font-family: Roboto; font-weight: 300; color: var(--awb-color8); font-size: 14px; line-height: 20px;\" data-fusion-font=\"true\" data-fusion-google-font=\"Roboto\" data-fusion-google-variant=\"300\">ARAMAR 2018, SL \u00e9s el RESPONSABLE del tractament de les dades personals de l\u2019USUARI i l\u2019informa que aquestes dades es tractaran de conformitat amb el que estableix el Reglament (UE) 2016\/679, de 27 d\u2019abril (GDPR), i la Llei Org\u00e0nica 3\/2018, de 5 de desembre (LOPDGDD).<\/span><\/p>\n<p style=\"color: var(--awb-color7); font-size: 15px;\" data-fusion-font=\"true\"><b style=\"font-size: 14px; font-family: Roboto; color: var(--awb-color8); line-height: 20px;\" data-fusion-font=\"true\" data-fusion-google-font=\"Roboto\" data-fusion-google-variant=\"300\">\u00bfPer a qu\u00e8 tractem les teves dades personals i perqu\u00e8 ho fem?<\/b><\/p>\n<p style=\"font-size: 14px; font-family: Roboto; font-weight: 300; color: var(--awb-color8); line-height: 20px;\" data-fusion-font=\"true\" data-fusion-google-font=\"Roboto\" data-fusion-google-variant=\"300\">Segons el formulari on h\u00e0gim obtingut les vostres dades personals, les tractarem de manera confidencial per assolir les finalitats seg\u00fcents:<\/p>\n<p style=\"color: var(--awb-color7); font-size: 15px;\" data-fusion-font=\"true\"><b style=\"font-size: 14px; font-family: Roboto; color: var(--awb-color8); line-height: 20px;\" data-fusion-font=\"true\" data-fusion-google-font=\"Roboto\" data-fusion-google-variant=\"300\">Durant quant de temps guardarem les teves dades personals?<\/b><\/p>\n<p style=\"font-size: 14px; font-family: Roboto; font-weight: 300; color: var(--awb-color8); line-height: 20px;\" data-fusion-font=\"true\" data-fusion-google-font=\"Roboto\" data-fusion-google-variant=\"300\">Es conservaran durant no m\u00e9s temps del necessari per mantenir la finalitat del tractament o mentre hi hagi prescripcions legals que en dictaminin la cust\u00f2dia i quan ja no sigui necessari per aquest motiu, se suprimiran amb mesures de seguretat adequades per garantir que les dades siguin anonimitzades o totalment destru\u00efdes.<\/p>\n<p style=\"color: var(--awb-color7); font-size: 15px;\" data-fusion-font=\"true\"><b style=\"font-size: 14px; font-family: Roboto; color: var(--awb-color8); line-height: 20px;\" data-fusion-font=\"true\" data-fusion-google-font=\"Roboto\" data-fusion-google-variant=\"300\">A qui facilitem les vostres dades personals?<\/b><\/p>\n<p style=\"font-size: 14px; font-family: Roboto; font-weight: 300; color: var(--awb-color8); line-height: 20px;\" data-fusion-font=\"true\" data-fusion-google-font=\"Roboto\" data-fusion-google-variant=\"300\">No es preveu cap comunicaci\u00f3 de dades personals a tercers excepte si fos necessari per al desenvolupament i execuci\u00f3 de les finalitats del tractament, als nostres prove\u00efdors de serveis relacionats amb comunicacions, amb els quals el RESPONSABLE ha formalitzat els contractes de confidencialitat i d\u2019encarregat de tractament exigits per la normativa vigent de privacitat.<\/p>\n<p style=\"color: var(--awb-color7); font-size: 15px;\" data-fusion-font=\"true\"><b style=\"font-size: 14px; font-family: Roboto; color: var(--awb-color8); line-height: 20px;\" data-fusion-font=\"true\" data-fusion-google-font=\"Roboto\" data-fusion-google-variant=\"300\">Quins s\u00f3n teus drets?<\/b><\/p>\n<p style=\"font-size: 14px; font-family: Roboto; font-weight: 300; color: var(--awb-color8); line-height: 20px;\" data-fusion-font=\"true\" data-fusion-google-font=\"Roboto\" data-fusion-google-variant=\"300\">Els drets que t\u00e9 l\u2019USUARI s\u00f3n:<\/p>\n<ul>\n<li><span style=\"font-size: 14px; font-family: Roboto; font-weight: 300; color: var(--awb-color8); line-height: 20px;\" data-fusion-font=\"true\" data-fusion-google-font=\"Roboto\" data-fusion-google-variant=\"300\">Dret a retirar el consentiment en qualsevol moment.<\/span><\/li>\n<\/ul>\n<ul>\n<li><span style=\"font-size: 14px; font-family: Roboto; font-weight: 300; color: var(--awb-color8); line-height: 20px;\" data-fusion-font=\"true\" data-fusion-google-font=\"Roboto\" data-fusion-google-variant=\"300\">Dret d\u2019acc\u00e9s, rectificaci\u00f3, portabilitat i supressi\u00f3 de les vostres dades i de limitaci\u00f3 o oposici\u00f3 al seu tractament.<\/span><\/li>\n<\/ul>\n<ul>\n<li><span style=\"font-size: 14px; font-family: Roboto; font-weight: 300; color: var(--awb-color8); line-height: 20px;\" data-fusion-font=\"true\" data-fusion-google-font=\"Roboto\" data-fusion-google-variant=\"300\">Dret a presentar una reclamaci\u00f3 davant l\u2019autoritat de control (www.aepd.es) si considera que el tractament no s\u2019ajusta a la normativa vigent<\/span><\/li>\n<\/ul>\n<p style=\"color: var(--awb-color7); font-size: 15px;\" data-fusion-font=\"true\"><b style=\"font-size: 14px; font-family: Roboto; color: var(--awb-color8); line-height: 20px;\" data-fusion-font=\"true\" data-fusion-google-font=\"Roboto\" data-fusion-google-variant=\"300\">Dades de contacte per exercir els seus drets:<\/b><\/p>\n<p style=\"color: var(--awb-color7); font-size: 15px;\" data-fusion-font=\"true\"><span style=\"font-size: 14px; font-family: Roboto; font-weight: 300; color: var(--awb-color8); line-height: 20px;\" data-fusion-font=\"true\" data-fusion-google-font=\"Roboto\" data-fusion-google-variant=\"300\">ARAMAR 2018, SL &#8211; <\/span><span style=\"font-family: Roboto; font-size: 14px; font-weight: 300; letter-spacing: var(--awb-letter-spacing); text-align: var(--awb-content-alignment); text-transform: var(--awb-text-transform); background-color: var(--awb-bg-color-hover); color: var(--awb-color8); line-height: 20px;\" data-fusion-font=\"true\" data-fusion-google-font=\"Roboto\" data-fusion-google-variant=\"300\">Av. de Catalunya, 47. <\/span><span style=\"font-size: 14px; font-family: Roboto; font-weight: 300; letter-spacing: var(--awb-letter-spacing); text-align: var(--awb-content-alignment); text-transform: var(--awb-text-transform); background-color: var(--awb-bg-color-hover); color: var(--awb-color8); line-height: 20px;\" data-fusion-font=\"true\" data-fusion-google-font=\"Roboto\" data-fusion-google-variant=\"300\">17412 MA\u00c7ANET DE LA SELVA (Girona) &#8211; <\/span><span style=\"font-family: Roboto; font-weight: 300; letter-spacing: var(--awb-letter-spacing); text-align: var(--awb-content-alignment); text-transform: var(--awb-text-transform); background-color: var(--awb-bg-color-hover); font-size: 14px; color: var(--awb-color8); line-height: 20px;\" data-fusion-font=\"true\" data-fusion-google-font=\"Roboto\" data-fusion-google-variant=\"300\"> info@construccionsmodulars.es<\/span><\/p>\n<p style=\"color: var(--awb-color7); font-size: 15px;\" data-fusion-font=\"true\"><span style=\"font-size: 22px;\" data-fusion-font=\"true\"><b style=\"font-size: 22px; color: var(--awb-color8);\" data-fusion-font=\"true\"><br \/><\/b><\/span><\/p>\n<p style=\"color: var(--awb-color7); font-size: 15px;\" data-fusion-font=\"true\"><span style=\"font-size: 22px;\" data-fusion-font=\"true\"><b style=\"font-size: 22px; color: var(--awb-color8);\" data-fusion-font=\"true\">2. CAR\u00c0CTER OBLIGATORI O FACULTATIU DE LA INFORMACI\u00d3 FACILITADA PER L\u2019USUARI<\/b><\/span><\/p>\n<p style=\"font-size: 14px; line-height: 20px; font-family: Roboto; font-weight: 300; color: var(--awb-color8);\" data-fusion-font=\"true\" data-fusion-google-font=\"Roboto\" data-fusion-google-variant=\"300\">Els USUARIS, per mitj\u00e0 de les caselles corresponents i la introducci\u00f3 de dades en els camps, marcats amb l\u2019asterisc (*) en el formulari de contacte o presentats en formularis de desc\u00e0rrega, accepten expressament i de manera lliure i inequ\u00edvoca, que les seves dades s\u00f3n necess\u00e0ries per atendre la seva petici\u00f3, per part del prestador, i que per tant la inclusi\u00f3 de les dades en els camps restants \u00e9s volunt\u00e0ria. L\u2019USUARI garanteix que les dades personals facilitades al RESPONSABLE s\u00f3n ver\u00eddiques i es fa responsable de comunicar-ne qualsevol modificaci\u00f3.<\/p>\n<p style=\"font-size: 14px; line-height: 20px; font-family: Roboto; font-weight: 300; color: var(--awb-color8);\" data-fusion-font=\"true\" data-fusion-google-font=\"Roboto\" data-fusion-google-variant=\"300\">El RESPONSABLE informa que totes les dades sol\u00b7licitades a trav\u00e9s del lloc web s\u00f3n obligat\u00f2ries, ja que s\u00f3n necess\u00e0ries per a la prestaci\u00f3 d\u2019un servei \u00f2ptim a l\u2019USUARI. En cas que no es facilitin totes les dades, no es garanteix que la informaci\u00f3 i serveis facilitats s\u2019ajustin completament a les seves necessitats.<\/p>\n<p style=\"color: var(--awb-color7); font-size: 15px;\" data-fusion-font=\"true\"><span style=\"font-size: 22px;\" data-fusion-font=\"true\"><b style=\"font-size: 22px; color: var(--awb-color8);\" data-fusion-font=\"true\"><br \/><\/b><\/span><\/p>\n<p style=\"color: var(--awb-color7); font-size: 15px;\" data-fusion-font=\"true\"><span style=\"font-size: 22px;\" data-fusion-font=\"true\"><b style=\"font-size: 22px; color: var(--awb-color8);\" data-fusion-font=\"true\">3. MESURES DE SEGURETAT<\/b><\/span><\/p>\n<p style=\"font-size: 14px; font-family: Roboto; font-weight: 300; color: var(--awb-color8); line-height: 20px;\" data-fusion-font=\"true\" data-fusion-google-font=\"Roboto\" data-fusion-google-variant=\"300\">Que, de conformitat amb el que estableixen les normatives vigents en protecci\u00f3 de dades personals, el RESPONSABLE est\u00e0 complint amb totes les disposicions de les normatives GDPR i LOPDGDD per al tractament de les dades personals de la seva responsabilitat, i manifestament amb els principis descrits a l\u2019article 5 del GDPR, pels quals es tracten de manera l\u00edcita, lleial i transparent en relaci\u00f3 amb l\u2019interessat i adequades, pertinents i limitades al que \u00e9s necessari en relaci\u00f3 amb les finalitats per a les quals es tracten.<\/p>\n<p style=\"font-size: 14px; font-family: Roboto; font-weight: 300; color: var(--awb-color8); line-height: 20px;\" data-fusion-font=\"true\" data-fusion-google-font=\"Roboto\" data-fusion-google-variant=\"300\">El RESPONSABLE garanteix que ha implementat pol\u00edtiques t\u00e8cniques i organitzatives apropiades per aplicar les mesures de seguretat que estableixen el GDPR i la LOPDGDD, amb la finalitat de protegir els drets i llibertats dels USUARIS i els ha comunicat la informaci\u00f3 adequada perqu\u00e8 puguin exercir-los.<\/p>\n<p style=\"font-size: 14px; font-family: Roboto; font-weight: 300; color: var(--awb-color8); line-height: 20px;\" data-fusion-font=\"true\" data-fusion-google-font=\"Roboto\" data-fusion-google-variant=\"300\">Per a m\u00e9s informaci\u00f3 sobre les garanties de privacitat, pots adre\u00e7ar-te al RESPONSABLEa trav\u00e9s de ARAMAR 2018, SL &#8211; Av. de Catalunya, 47. 17412 MA\u00c7ANET DE LA SELVA (Girona) &#8211; info@construccionsmodulars.es<\/p>\n<\/div><\/div><\/div><\/div><\/div>\n","protected":false},"excerpt":{"rendered":"","protected":false},"author":1,"featured_media":0,"parent":0,"menu_order":3000,"comment_status":"closed","ping_status":"closed","template":"","meta":{"footnotes":""},"class_list":["post-3305","page","type-page","status-publish","hentry"],"yoast_head":"<!-- This site is optimized with the Yoast SEO Premium plugin v25.1 (Yoast SEO v27.5) - https:\/\/yoast.com\/product\/yoast-seo-premium-wordpress\/ -->\n<title>Pol\u00edtica de Privacitat - ModulAr<\/title>\n<meta name=\"robots\" content=\"index, follow, max-snippet:-1, max-image-preview:large, max-video-preview:-1\" \/>\n<link rel=\"canonical\" href=\"https:\/\/construccionsmodulars.es\/ca\/politica-privacitat\/\" \/>\n<meta property=\"og:locale\" content=\"ca_ES\" \/>\n<meta property=\"og:type\" content=\"article\" \/>\n<meta property=\"og:title\" content=\"Pol\u00edtica de Privacitat\" \/>\n<meta property=\"og:url\" content=\"https:\/\/construccionsmodulars.es\/ca\/politica-privacitat\/\" \/>\n<meta property=\"og:site_name\" content=\"ModulAr\" \/>\n<meta property=\"article:publisher\" content=\"https:\/\/www.facebook.com\/ModularCasasyestructuras\" \/>\n<meta property=\"article:modified_time\" content=\"2024-10-28T12:52:51+00:00\" \/>\n<meta name=\"twitter:card\" content=\"summary_large_image\" \/>\n<meta name=\"twitter:label1\" content=\"Temps estimat de lectura\" \/>\n\t<meta name=\"twitter:data1\" content=\"4 minuts\" \/>\n<script type=\"application\/ld+json\" class=\"yoast-schema-graph\">{\"@context\":\"https:\\\/\\\/schema.org\",\"@graph\":[{\"@type\":\"WebPage\",\"@id\":\"https:\\\/\\\/construccionsmodulars.es\\\/ca\\\/politica-privacitat\\\/\",\"url\":\"https:\\\/\\\/construccionsmodulars.es\\\/ca\\\/politica-privacitat\\\/\",\"name\":\"Pol\u00edtica de Privacitat - ModulAr\",\"isPartOf\":{\"@id\":\"https:\\\/\\\/construccionsmodulars.es\\\/ca\\\/#website\"},\"datePublished\":\"2024-05-28T07:46:03+00:00\",\"dateModified\":\"2024-10-28T12:52:51+00:00\",\"breadcrumb\":{\"@id\":\"https:\\\/\\\/construccionsmodulars.es\\\/ca\\\/politica-privacitat\\\/#breadcrumb\"},\"inLanguage\":\"ca\",\"potentialAction\":[{\"@type\":\"ReadAction\",\"target\":[\"https:\\\/\\\/construccionsmodulars.es\\\/ca\\\/politica-privacitat\\\/\"]}]},{\"@type\":\"BreadcrumbList\",\"@id\":\"https:\\\/\\\/construccionsmodulars.es\\\/ca\\\/politica-privacitat\\\/#breadcrumb\",\"itemListElement\":[{\"@type\":\"ListItem\",\"position\":1,\"name\":\"Inici\",\"item\":\"https:\\\/\\\/construccionsmodulars.es\\\/ca\\\/\"},{\"@type\":\"ListItem\",\"position\":2,\"name\":\"Pol\u00edtica de Privacitat\"}]},{\"@type\":\"WebSite\",\"@id\":\"https:\\\/\\\/construccionsmodulars.es\\\/ca\\\/#website\",\"url\":\"https:\\\/\\\/construccionsmodulars.es\\\/ca\\\/\",\"name\":\"ModulAr\",\"description\":\"Construccions Met\u00e0l.liques\",\"publisher\":{\"@id\":\"https:\\\/\\\/construccionsmodulars.es\\\/ca\\\/#organization\"},\"potentialAction\":[{\"@type\":\"SearchAction\",\"target\":{\"@type\":\"EntryPoint\",\"urlTemplate\":\"https:\\\/\\\/construccionsmodulars.es\\\/ca\\\/?s={search_term_string}\"},\"query-input\":{\"@type\":\"PropertyValueSpecification\",\"valueRequired\":true,\"valueName\":\"search_term_string\"}}],\"inLanguage\":\"ca\"},{\"@type\":\"Organization\",\"@id\":\"https:\\\/\\\/construccionsmodulars.es\\\/ca\\\/#organization\",\"name\":\"ModulAr\",\"url\":\"https:\\\/\\\/construccionsmodulars.es\\\/ca\\\/\",\"logo\":{\"@type\":\"ImageObject\",\"inLanguage\":\"ca\",\"@id\":\"https:\\\/\\\/construccionsmodulars.es\\\/ca\\\/#\\\/schema\\\/logo\\\/image\\\/\",\"url\":\"https:\\\/\\\/construccionsmodulars.es\\\/wp-content\\\/uploads\\\/2025\\\/06\\\/Logo_Modular_v03-18-scaled.jpg\",\"contentUrl\":\"https:\\\/\\\/construccionsmodulars.es\\\/wp-content\\\/uploads\\\/2025\\\/06\\\/Logo_Modular_v03-18-scaled.jpg\",\"width\":2560,\"height\":2560,\"caption\":\"ModulAr\"},\"image\":{\"@id\":\"https:\\\/\\\/construccionsmodulars.es\\\/ca\\\/#\\\/schema\\\/logo\\\/image\\\/\"},\"sameAs\":[\"https:\\\/\\\/www.facebook.com\\\/ModularCasasyestructuras\",\"https:\\\/\\\/www.instagram.com\\\/modular_estructuras_metalicas\\\/\"]}]}<\/script>\n<!-- \/ Yoast SEO Premium plugin. -->","yoast_head_json":{"title":"Pol\u00edtica de Privacitat - ModulAr","robots":{"index":"index","follow":"follow","max-snippet":"max-snippet:-1","max-image-preview":"max-image-preview:large","max-video-preview":"max-video-preview:-1"},"canonical":"https:\/\/construccionsmodulars.es\/ca\/politica-privacitat\/","og_locale":"ca_ES","og_type":"article","og_title":"Pol\u00edtica de Privacitat","og_url":"https:\/\/construccionsmodulars.es\/ca\/politica-privacitat\/","og_site_name":"ModulAr","article_publisher":"https:\/\/www.facebook.com\/ModularCasasyestructuras","article_modified_time":"2024-10-28T12:52:51+00:00","twitter_card":"summary_large_image","twitter_misc":{"Temps estimat de lectura":"4 minuts"},"schema":{"@context":"https:\/\/schema.org","@graph":[{"@type":"WebPage","@id":"https:\/\/construccionsmodulars.es\/ca\/politica-privacitat\/","url":"https:\/\/construccionsmodulars.es\/ca\/politica-privacitat\/","name":"Pol\u00edtica de Privacitat - ModulAr","isPartOf":{"@id":"https:\/\/construccionsmodulars.es\/ca\/#website"},"datePublished":"2024-05-28T07:46:03+00:00","dateModified":"2024-10-28T12:52:51+00:00","breadcrumb":{"@id":"https:\/\/construccionsmodulars.es\/ca\/politica-privacitat\/#breadcrumb"},"inLanguage":"ca","potentialAction":[{"@type":"ReadAction","target":["https:\/\/construccionsmodulars.es\/ca\/politica-privacitat\/"]}]},{"@type":"BreadcrumbList","@id":"https:\/\/construccionsmodulars.es\/ca\/politica-privacitat\/#breadcrumb","itemListElement":[{"@type":"ListItem","position":1,"name":"Inici","item":"https:\/\/construccionsmodulars.es\/ca\/"},{"@type":"ListItem","position":2,"name":"Pol\u00edtica de Privacitat"}]},{"@type":"WebSite","@id":"https:\/\/construccionsmodulars.es\/ca\/#website","url":"https:\/\/construccionsmodulars.es\/ca\/","name":"ModulAr","description":"Construccions Met\u00e0l.liques","publisher":{"@id":"https:\/\/construccionsmodulars.es\/ca\/#organization"},"potentialAction":[{"@type":"SearchAction","target":{"@type":"EntryPoint","urlTemplate":"https:\/\/construccionsmodulars.es\/ca\/?s={search_term_string}"},"query-input":{"@type":"PropertyValueSpecification","valueRequired":true,"valueName":"search_term_string"}}],"inLanguage":"ca"},{"@type":"Organization","@id":"https:\/\/construccionsmodulars.es\/ca\/#organization","name":"ModulAr","url":"https:\/\/construccionsmodulars.es\/ca\/","logo":{"@type":"ImageObject","inLanguage":"ca","@id":"https:\/\/construccionsmodulars.es\/ca\/#\/schema\/logo\/image\/","url":"https:\/\/construccionsmodulars.es\/wp-content\/uploads\/2025\/06\/Logo_Modular_v03-18-scaled.jpg","contentUrl":"https:\/\/construccionsmodulars.es\/wp-content\/uploads\/2025\/06\/Logo_Modular_v03-18-scaled.jpg","width":2560,"height":2560,"caption":"ModulAr"},"image":{"@id":"https:\/\/construccionsmodulars.es\/ca\/#\/schema\/logo\/image\/"},"sameAs":["https:\/\/www.facebook.com\/ModularCasasyestructuras","https:\/\/www.instagram.com\/modular_estructuras_metalicas\/"]}]}},"_links":{"self":[{"href":"https:\/\/construccionsmodulars.es\/ca\/wp-json\/wp\/v2\/pages\/3305","targetHints":{"allow":["GET"]}}],"collection":[{"href":"https:\/\/construccionsmodulars.es\/ca\/wp-json\/wp\/v2\/pages"}],"about":[{"href":"https:\/\/construccionsmodulars.es\/ca\/wp-json\/wp\/v2\/types\/page"}],"author":[{"embeddable":true,"href":"https:\/\/construccionsmodulars.es\/ca\/wp-json\/wp\/v2\/users\/1"}],"replies":[{"embeddable":true,"href":"https:\/\/construccionsmodulars.es\/ca\/wp-json\/wp\/v2\/comments?post=3305"}],"version-history":[{"count":12,"href":"https:\/\/construccionsmodulars.es\/ca\/wp-json\/wp\/v2\/pages\/3305\/revisions"}],"predecessor-version":[{"id":4583,"href":"https:\/\/construccionsmodulars.es\/ca\/wp-json\/wp\/v2\/pages\/3305\/revisions\/4583"}],"wp:attachment":[{"href":"https:\/\/construccionsmodulars.es\/ca\/wp-json\/wp\/v2\/media?parent=3305"}],"curies":[{"name":"wp","href":"https:\/\/api.w.org\/{rel}","templated":true}]}}